{"id":6091,"date":"2023-02-15T09:46:49","date_gmt":"2023-02-15T07:46:49","guid":{"rendered":"https:\/\/constantinbucovina.ro\/touristenattraktionen\/"},"modified":"2023-09-19T11:09:52","modified_gmt":"2023-09-19T08:09:52","slug":"touristenattraktionen","status":"publish","type":"page","link":"https:\/\/constantinbucovina.ro\/de\/touristenattraktionen\/","title":{"rendered":"Touristenattraktionen"},"content":{"rendered":"\t\t<div data-elementor-type=\"wp-page\" data-elementor-id=\"6091\" class=\"elementor elementor-6091 elementor-2624\" data-elementor-post-type=\"page\">\n\t\t\t\t\t\t<section class=\"elementor-section elementor-top-section elementor-element elementor-element-33007e7 elementor-section-boxed elementor-section-height-default elementor-section-height-default\" data-id=\"33007e7\" data-element_type=\"section\">\n\t\t\t\t\t\t<div class=\"elementor-container elementor-column-gap-no\">\n\t\t\t\t\t<div class=\"elementor-column elementor-col-100 elementor-top-column elementor-element elementor-element-da775ce\" data-id=\"da775ce\" data-element_type=\"column\">\n\t\t\t<div class=\"elementor-widget-wrap elementor-element-populated\">\n\t\t\t\t\t\t<div class=\"elementor-element elementor-element-ac8d0e8 custom-title elementor-widget elementor-widget-heading\" data-id=\"ac8d0e8\" data-element_type=\"widget\" data-widget_type=\"heading.default\">\n\t\t\t\t<div class=\"elementor-widget-container\">\n\t\t\t\t\t<h2 class=\"elementor-heading-title elementor-size-default\">TOURISTENATTRAKTIONEN<\/h2>\t\t\t\t<\/div>\n\t\t\t\t<\/div>\n\t\t\t\t<div class=\"elementor-element elementor-element-d1f1960 elementor-widget elementor-widget-image\" data-id=\"d1f1960\" data-element_type=\"widget\" data-widget_type=\"image.default\">\n\t\t\t\t<div class=\"elementor-widget-container\">\n\t\t\t\t\t\t\t\t\t\t\t\t\t\t\t<img fetchpriority=\"high\" decoding=\"async\" width=\"736\" height=\"91\" src=\"https:\/\/constantinbucovina.ro\/wp-content\/uploads\/2023\/01\/Group-702-1.png\" class=\"attachment-full size-full wp-image-331\" alt=\"\" srcset=\"https:\/\/constantinbucovina.ro\/wp-content\/uploads\/2023\/01\/Group-702-1.png 736w, https:\/\/constantinbucovina.ro\/wp-content\/uploads\/2023\/01\/Group-702-1-300x37.png 300w\" sizes=\"(max-width: 736px) 100vw, 736px\" \/>\t\t\t\t\t\t\t\t\t\t\t\t\t\t\t<\/div>\n\t\t\t\t<\/div>\n\t\t\t\t<div class=\"elementor-element elementor-element-fe117a1 elementor-widget elementor-widget-text-editor\" data-id=\"fe117a1\" data-element_type=\"widget\" data-widget_type=\"text-editor.default\">\n\t\t\t\t<div class=\"elementor-widget-container\">\n\t\t\t\t\t\t\t\t\t<p>Ein Berggebiet bietet eine vielf\u00e4ltige Auswahl an Touristenattraktionen f\u00fcr jeden Geschmack. In diesen Gebieten k\u00f6nnen Touristen die spektakul\u00e4ren Landschaften, die frische und saubere Luft sowie eine Vielzahl von Aktivit\u00e4ten im Freien genie\u00dfen.<\/p>\n\t\t\t\t\t\t\t\t<\/div>\n\t\t\t\t<\/div>\n\t\t\t\t<div class=\"elementor-element elementor-element-ad38fa1 atractii-turistice-overlay premium-blog-align-left elementor-widget elementor-widget-premium-addon-blog\" data-id=\"ad38fa1\" data-element_type=\"widget\" data-settings=\"{&quot;premium_blog_columns_number&quot;:&quot;25%&quot;,&quot;premium_blog_grid&quot;:&quot;yes&quot;,&quot;premium_blog_layout&quot;:&quot;even&quot;,&quot;premium_blog_columns_number_tablet&quot;:&quot;50%&quot;,&quot;premium_blog_columns_number_mobile&quot;:&quot;100%&quot;,&quot;scroll_to_offset&quot;:&quot;yes&quot;,&quot;filter_flag&quot;:&quot;cat&quot;}\" data-widget_type=\"premium-addon-blog.default\">\n\t\t\t\t<div class=\"elementor-widget-container\">\n\t\t\t\t\t\r\n\t\t\t\t\t\t\t\r\n\r\n\t\t\t\t<div class=\"premium-blog-wrap  premium-blog-even\" data-page=\"6091\">\r\n\t\t\t\t\t\t\t\t\t<div class=\"premium-blog-post-outer-container geschichte kultur\" data-total=\"1\">\r\n\t\t\t<div class=\"premium-blog-post-container premium-blog-skin-banner\">\r\n\t\t\t\t\t\t\t\t\t<div class=\"premium-blog-thumb-effect-wrapper\">\r\n\t\t\t\t\t\t<div class=\"premium-blog-thumbnail-container premium-blog-zoomin-effect\">\r\n\t\t\t\t\t\t\t<img decoding=\"async\" width=\"1703\" height=\"1135\" src=\"https:\/\/constantinbucovina.ro\/wp-content\/uploads\/2023\/02\/muzeul-lemnului.jpg\" class=\"attachment-full size-full wp-image-6212\" alt=\"\" srcset=\"https:\/\/constantinbucovina.ro\/wp-content\/uploads\/2023\/02\/muzeul-lemnului.jpg 1703w, https:\/\/constantinbucovina.ro\/wp-content\/uploads\/2023\/02\/muzeul-lemnului-300x200.jpg 300w, https:\/\/constantinbucovina.ro\/wp-content\/uploads\/2023\/02\/muzeul-lemnului-1024x682.jpg 1024w, https:\/\/constantinbucovina.ro\/wp-content\/uploads\/2023\/02\/muzeul-lemnului-768x512.jpg 768w, https:\/\/constantinbucovina.ro\/wp-content\/uploads\/2023\/02\/muzeul-lemnului-1536x1024.jpg 1536w\" sizes=\"(max-width: 1703px) 100vw, 1703px\" \/>\t\t\t\t\t\t<\/div>\r\n\t\t\t\t\t\t\t\t\t\t\t\t\t<div class=\"premium-blog-thumbnail-overlay\">\r\n\t\t\t\t\t\t\t\t<a class=\"elementor-icon\" href=\"https:\/\/constantinbucovina.ro\/de\/das-museum-fuer-holzkunst\/\" target=\"_blank\"><\/a>\r\n\t\t\t\t\t\t\t<\/div>\r\n\r\n\t\t\t\t\t\t\t\t\t\t\t\t\t\t\t\t\t\t<\/div>\r\n\t\t\t\t\t\t\t\t\t\t\t\t<div class=\"premium-blog-content-wrapper \">\r\n\r\n\t\t\t\t\t<div class=\"premium-blog-inner-container\">\r\n\r\n\t\t\t\t\t\t\t\t\t\t\t\t\t\t<h2 class=\"premium-blog-entry-title\">\r\n\t\t\t<a href=\"https:\/\/constantinbucovina.ro\/de\/das-museum-fuer-holzkunst\/\" target=\"_blank\">\r\n\t\t\t\tDas Museum f\u00fcr Holzkunst\t\t\t<\/a>\r\n\t\t<\/h2>\r\n\t\t\t\t<div class=\"premium-blog-entry-meta\">\r\n\t\t\t\r\n\t\t\t\r\n\t\t\t\r\n\t\t\t\t\t<\/div>\r\n\t\t\r\n\t\t\t\t\t<\/div>\r\n\r\n\t\t\t\t\t\t\t\t\t\t\r\n\t\t\t\t<\/div>\r\n\t\t\t<\/div>\r\n\t\t<\/div>\r\n\r\n\t\t\t\t<div class=\"premium-blog-post-outer-container natur\" data-total=\"1\">\r\n\t\t\t<div class=\"premium-blog-post-container premium-blog-skin-banner\">\r\n\t\t\t\t\t\t\t\t\t<div class=\"premium-blog-thumb-effect-wrapper\">\r\n\t\t\t\t\t\t<div class=\"premium-blog-thumbnail-container premium-blog-zoomin-effect\">\r\n\t\t\t\t\t\t\t<img decoding=\"async\" width=\"1200\" height=\"900\" src=\"https:\/\/constantinbucovina.ro\/wp-content\/uploads\/2023\/02\/Poiana-Stampei-Peat-Bog-Tinovul-Mare-Romania-4-min.jpg\" class=\"attachment-full size-full wp-image-6215\" alt=\"\" srcset=\"https:\/\/constantinbucovina.ro\/wp-content\/uploads\/2023\/02\/Poiana-Stampei-Peat-Bog-Tinovul-Mare-Romania-4-min.jpg 1200w, https:\/\/constantinbucovina.ro\/wp-content\/uploads\/2023\/02\/Poiana-Stampei-Peat-Bog-Tinovul-Mare-Romania-4-min-300x225.jpg 300w, https:\/\/constantinbucovina.ro\/wp-content\/uploads\/2023\/02\/Poiana-Stampei-Peat-Bog-Tinovul-Mare-Romania-4-min-1024x768.jpg 1024w, https:\/\/constantinbucovina.ro\/wp-content\/uploads\/2023\/02\/Poiana-Stampei-Peat-Bog-Tinovul-Mare-Romania-4-min-768x576.jpg 768w\" sizes=\"(max-width: 1200px) 100vw, 1200px\" \/>\t\t\t\t\t\t<\/div>\r\n\t\t\t\t\t\t\t\t\t\t\t\t\t<div class=\"premium-blog-thumbnail-overlay\">\r\n\t\t\t\t\t\t\t\t<a class=\"elementor-icon\" href=\"https:\/\/constantinbucovina.ro\/de\/tinovul-mare-poiana-stampei\/\" target=\"_blank\"><\/a>\r\n\t\t\t\t\t\t\t<\/div>\r\n\r\n\t\t\t\t\t\t\t\t\t\t\t\t\t\t\t\t\t\t<\/div>\r\n\t\t\t\t\t\t\t\t\t\t\t\t<div class=\"premium-blog-content-wrapper \">\r\n\r\n\t\t\t\t\t<div class=\"premium-blog-inner-container\">\r\n\r\n\t\t\t\t\t\t\t\t\t\t\t\t\t\t<h2 class=\"premium-blog-entry-title\">\r\n\t\t\t<a href=\"https:\/\/constantinbucovina.ro\/de\/tinovul-mare-poiana-stampei\/\" target=\"_blank\">\r\n\t\t\t\tTinovul Mare Poiana Stampei\t\t\t<\/a>\r\n\t\t<\/h2>\r\n\t\t\t\t<div class=\"premium-blog-entry-meta\">\r\n\t\t\t\r\n\t\t\t\r\n\t\t\t\r\n\t\t\t\t\t<\/div>\r\n\t\t\r\n\t\t\t\t\t<\/div>\r\n\r\n\t\t\t\t\t\t\t\t\t\t\r\n\t\t\t\t<\/div>\r\n\t\t\t<\/div>\r\n\t\t<\/div>\r\n\r\n\t\t\t\t<div class=\"premium-blog-post-outer-container natur\" data-total=\"1\">\r\n\t\t\t<div class=\"premium-blog-post-container premium-blog-skin-banner\">\r\n\t\t\t\t\t\t\t\t\t<div class=\"premium-blog-thumb-effect-wrapper\">\r\n\t\t\t\t\t\t<div class=\"premium-blog-thumbnail-container premium-blog-zoomin-effect\">\r\n\t\t\t\t\t\t\t<img loading=\"lazy\" decoding=\"async\" width=\"1200\" height=\"797\" src=\"https:\/\/constantinbucovina.ro\/wp-content\/uploads\/2023\/02\/obiective-cheile-moara-dracului-02.jpg\" class=\"attachment-full size-full wp-image-6218\" alt=\"\" srcset=\"https:\/\/constantinbucovina.ro\/wp-content\/uploads\/2023\/02\/obiective-cheile-moara-dracului-02.jpg 1200w, https:\/\/constantinbucovina.ro\/wp-content\/uploads\/2023\/02\/obiective-cheile-moara-dracului-02-300x199.jpg 300w, https:\/\/constantinbucovina.ro\/wp-content\/uploads\/2023\/02\/obiective-cheile-moara-dracului-02-1024x680.jpg 1024w, https:\/\/constantinbucovina.ro\/wp-content\/uploads\/2023\/02\/obiective-cheile-moara-dracului-02-768x510.jpg 768w\" sizes=\"(max-width: 1200px) 100vw, 1200px\" \/>\t\t\t\t\t\t<\/div>\r\n\t\t\t\t\t\t\t\t\t\t\t\t\t<div class=\"premium-blog-thumbnail-overlay\">\r\n\t\t\t\t\t\t\t\t<a class=\"elementor-icon\" href=\"https:\/\/constantinbucovina.ro\/de\/die-schluchten-des-teufelsmuehlen\/\" target=\"_blank\"><\/a>\r\n\t\t\t\t\t\t\t<\/div>\r\n\r\n\t\t\t\t\t\t\t\t\t\t\t\t\t\t\t\t\t\t<\/div>\r\n\t\t\t\t\t\t\t\t\t\t\t\t<div class=\"premium-blog-content-wrapper \">\r\n\r\n\t\t\t\t\t<div class=\"premium-blog-inner-container\">\r\n\r\n\t\t\t\t\t\t\t\t\t\t\t\t\t\t<h2 class=\"premium-blog-entry-title\">\r\n\t\t\t<a href=\"https:\/\/constantinbucovina.ro\/de\/die-schluchten-des-teufelsmuehlen\/\" target=\"_blank\">\r\n\t\t\t\tDie Schluchten des Teufelsm\u00fchlen\t\t\t<\/a>\r\n\t\t<\/h2>\r\n\t\t\t\t<div class=\"premium-blog-entry-meta\">\r\n\t\t\t\r\n\t\t\t\r\n\t\t\t\r\n\t\t\t\t\t<\/div>\r\n\t\t\r\n\t\t\t\t\t<\/div>\r\n\r\n\t\t\t\t\t\t\t\t\t\t\r\n\t\t\t\t<\/div>\r\n\t\t\t<\/div>\r\n\t\t<\/div>\r\n\r\n\t\t\t\t<div class=\"premium-blog-post-outer-container natur\" data-total=\"1\">\r\n\t\t\t<div class=\"premium-blog-post-container premium-blog-skin-banner\">\r\n\t\t\t\t\t\t\t\t\t<div class=\"premium-blog-thumb-effect-wrapper\">\r\n\t\t\t\t\t\t<div class=\"premium-blog-thumbnail-container premium-blog-zoomin-effect\">\r\n\t\t\t\t\t\t\t<img loading=\"lazy\" decoding=\"async\" width=\"1024\" height=\"678\" src=\"https:\/\/constantinbucovina.ro\/wp-content\/uploads\/2023\/02\/lacul-iezer.jpg\" class=\"attachment-full size-full wp-image-6221\" alt=\"\" srcset=\"https:\/\/constantinbucovina.ro\/wp-content\/uploads\/2023\/02\/lacul-iezer.jpg 1024w, https:\/\/constantinbucovina.ro\/wp-content\/uploads\/2023\/02\/lacul-iezer-300x199.jpg 300w, https:\/\/constantinbucovina.ro\/wp-content\/uploads\/2023\/02\/lacul-iezer-768x509.jpg 768w\" sizes=\"(max-width: 1024px) 100vw, 1024px\" \/>\t\t\t\t\t\t<\/div>\r\n\t\t\t\t\t\t\t\t\t\t\t\t\t<div class=\"premium-blog-thumbnail-overlay\">\r\n\t\t\t\t\t\t\t\t<a class=\"elementor-icon\" href=\"https:\/\/constantinbucovina.ro\/de\/der-iezer-see\/\" target=\"_blank\"><\/a>\r\n\t\t\t\t\t\t\t<\/div>\r\n\r\n\t\t\t\t\t\t\t\t\t\t\t\t\t\t\t\t\t\t<\/div>\r\n\t\t\t\t\t\t\t\t\t\t\t\t<div class=\"premium-blog-content-wrapper \">\r\n\r\n\t\t\t\t\t<div class=\"premium-blog-inner-container\">\r\n\r\n\t\t\t\t\t\t\t\t\t\t\t\t\t\t<h2 class=\"premium-blog-entry-title\">\r\n\t\t\t<a href=\"https:\/\/constantinbucovina.ro\/de\/der-iezer-see\/\" target=\"_blank\">\r\n\t\t\t\tDer Iezer-See\t\t\t<\/a>\r\n\t\t<\/h2>\r\n\t\t\t\t<div class=\"premium-blog-entry-meta\">\r\n\t\t\t\r\n\t\t\t\r\n\t\t\t\r\n\t\t\t\t\t<\/div>\r\n\t\t\r\n\t\t\t\t\t<\/div>\r\n\r\n\t\t\t\t\t\t\t\t\t\t\r\n\t\t\t\t<\/div>\r\n\t\t\t<\/div>\r\n\t\t<\/div>\r\n\r\n\t\t\t\t<div class=\"premium-blog-post-outer-container touristenattraktionen\" data-total=\"1\">\r\n\t\t\t<div class=\"premium-blog-post-container premium-blog-skin-banner\">\r\n\t\t\t\t\t\t\t\t\t<div class=\"premium-blog-thumb-effect-wrapper\">\r\n\t\t\t\t\t\t<div class=\"premium-blog-thumbnail-container premium-blog-zoomin-effect\">\r\n\t\t\t\t\t\t\t<img loading=\"lazy\" decoding=\"async\" width=\"1500\" height=\"999\" src=\"https:\/\/constantinbucovina.ro\/wp-content\/uploads\/2023\/02\/270-salina-cacica-28-1575964458.jpg\" class=\"attachment-full size-full wp-image-6103\" alt=\"\" srcset=\"https:\/\/constantinbucovina.ro\/wp-content\/uploads\/2023\/02\/270-salina-cacica-28-1575964458.jpg 1500w, https:\/\/constantinbucovina.ro\/wp-content\/uploads\/2023\/02\/270-salina-cacica-28-1575964458-300x200.jpg 300w, https:\/\/constantinbucovina.ro\/wp-content\/uploads\/2023\/02\/270-salina-cacica-28-1575964458-1024x682.jpg 1024w, https:\/\/constantinbucovina.ro\/wp-content\/uploads\/2023\/02\/270-salina-cacica-28-1575964458-768x511.jpg 768w\" sizes=\"(max-width: 1500px) 100vw, 1500px\" \/>\t\t\t\t\t\t<\/div>\r\n\t\t\t\t\t\t\t\t\t\t\t\t\t<div class=\"premium-blog-thumbnail-overlay\">\r\n\t\t\t\t\t\t\t\t<a class=\"elementor-icon\" href=\"https:\/\/constantinbucovina.ro\/de\/die-salzmine-cacica\/\" target=\"_blank\"><\/a>\r\n\t\t\t\t\t\t\t<\/div>\r\n\r\n\t\t\t\t\t\t\t\t\t\t\t\t\t\t\t\t\t\t<\/div>\r\n\t\t\t\t\t\t\t\t\t\t\t\t<div class=\"premium-blog-content-wrapper \">\r\n\r\n\t\t\t\t\t<div class=\"premium-blog-inner-container\">\r\n\r\n\t\t\t\t\t\t\t\t\t\t\t\t\t\t<h2 class=\"premium-blog-entry-title\">\r\n\t\t\t<a href=\"https:\/\/constantinbucovina.ro\/de\/die-salzmine-cacica\/\" target=\"_blank\">\r\n\t\t\t\tDie Salzmine Cacica\t\t\t<\/a>\r\n\t\t<\/h2>\r\n\t\t\t\t<div class=\"premium-blog-entry-meta\">\r\n\t\t\t\r\n\t\t\t\r\n\t\t\t\r\n\t\t\t\t\t<\/div>\r\n\t\t\r\n\t\t\t\t\t<\/div>\r\n\r\n\t\t\t\t\t\t\t\t\t\t\r\n\t\t\t\t<\/div>\r\n\t\t\t<\/div>\r\n\t\t<\/div>\r\n\r\n\t\t\t\t<div class=\"premium-blog-post-outer-container geschichte kultur\" data-total=\"1\">\r\n\t\t\t<div class=\"premium-blog-post-container premium-blog-skin-banner\">\r\n\t\t\t\t\t\t\t\t\t<div class=\"premium-blog-thumb-effect-wrapper\">\r\n\t\t\t\t\t\t<div class=\"premium-blog-thumbnail-container premium-blog-zoomin-effect\">\r\n\t\t\t\t\t\t\t<img loading=\"lazy\" decoding=\"async\" width=\"1068\" height=\"650\" src=\"https:\/\/constantinbucovina.ro\/wp-content\/uploads\/2023\/02\/Humor-1068x650-2.jpg\" class=\"attachment-full size-full wp-image-6227\" alt=\"\" srcset=\"https:\/\/constantinbucovina.ro\/wp-content\/uploads\/2023\/02\/Humor-1068x650-2.jpg 1068w, https:\/\/constantinbucovina.ro\/wp-content\/uploads\/2023\/02\/Humor-1068x650-2-300x183.jpg 300w, https:\/\/constantinbucovina.ro\/wp-content\/uploads\/2023\/02\/Humor-1068x650-2-1024x623.jpg 1024w, https:\/\/constantinbucovina.ro\/wp-content\/uploads\/2023\/02\/Humor-1068x650-2-768x467.jpg 768w\" sizes=\"(max-width: 1068px) 100vw, 1068px\" \/>\t\t\t\t\t\t<\/div>\r\n\t\t\t\t\t\t\t\t\t\t\t\t\t<div class=\"premium-blog-thumbnail-overlay\">\r\n\t\t\t\t\t\t\t\t<a class=\"elementor-icon\" href=\"https:\/\/constantinbucovina.ro\/de\/das-kloster-humor\/\" target=\"_blank\"><\/a>\r\n\t\t\t\t\t\t\t<\/div>\r\n\r\n\t\t\t\t\t\t\t\t\t\t\t\t\t\t\t\t\t\t<\/div>\r\n\t\t\t\t\t\t\t\t\t\t\t\t<div class=\"premium-blog-content-wrapper \">\r\n\r\n\t\t\t\t\t<div class=\"premium-blog-inner-container\">\r\n\r\n\t\t\t\t\t\t\t\t\t\t\t\t\t\t<h2 class=\"premium-blog-entry-title\">\r\n\t\t\t<a href=\"https:\/\/constantinbucovina.ro\/de\/das-kloster-humor\/\" target=\"_blank\">\r\n\t\t\t\tDas Kloster Humor\t\t\t<\/a>\r\n\t\t<\/h2>\r\n\t\t\t\t<div class=\"premium-blog-entry-meta\">\r\n\t\t\t\r\n\t\t\t\r\n\t\t\t\r\n\t\t\t\t\t<\/div>\r\n\t\t\r\n\t\t\t\t\t<\/div>\r\n\r\n\t\t\t\t\t\t\t\t\t\t\r\n\t\t\t\t<\/div>\r\n\t\t\t<\/div>\r\n\t\t<\/div>\r\n\r\n\t\t\t\t<div class=\"premium-blog-post-outer-container geschichte kultur\" data-total=\"1\">\r\n\t\t\t<div class=\"premium-blog-post-container premium-blog-skin-banner\">\r\n\t\t\t\t\t\t\t\t\t<div class=\"premium-blog-thumb-effect-wrapper\">\r\n\t\t\t\t\t\t<div class=\"premium-blog-thumbnail-container premium-blog-zoomin-effect\">\r\n\t\t\t\t\t\t\t<img loading=\"lazy\" decoding=\"async\" width=\"1068\" height=\"779\" src=\"https:\/\/constantinbucovina.ro\/wp-content\/uploads\/2023\/02\/moldovita-1-1068x779-1.jpg\" class=\"attachment-full size-full wp-image-6102\" alt=\"\" srcset=\"https:\/\/constantinbucovina.ro\/wp-content\/uploads\/2023\/02\/moldovita-1-1068x779-1.jpg 1068w, https:\/\/constantinbucovina.ro\/wp-content\/uploads\/2023\/02\/moldovita-1-1068x779-1-300x219.jpg 300w, https:\/\/constantinbucovina.ro\/wp-content\/uploads\/2023\/02\/moldovita-1-1068x779-1-1024x747.jpg 1024w, https:\/\/constantinbucovina.ro\/wp-content\/uploads\/2023\/02\/moldovita-1-1068x779-1-768x560.jpg 768w\" sizes=\"(max-width: 1068px) 100vw, 1068px\" \/>\t\t\t\t\t\t<\/div>\r\n\t\t\t\t\t\t\t\t\t\t\t\t\t<div class=\"premium-blog-thumbnail-overlay\">\r\n\t\t\t\t\t\t\t\t<a class=\"elementor-icon\" href=\"https:\/\/constantinbucovina.ro\/de\/das-kloster-moldovita\/\" target=\"_blank\"><\/a>\r\n\t\t\t\t\t\t\t<\/div>\r\n\r\n\t\t\t\t\t\t\t\t\t\t\t\t\t\t\t\t\t\t<\/div>\r\n\t\t\t\t\t\t\t\t\t\t\t\t<div class=\"premium-blog-content-wrapper \">\r\n\r\n\t\t\t\t\t<div class=\"premium-blog-inner-container\">\r\n\r\n\t\t\t\t\t\t\t\t\t\t\t\t\t\t<h2 class=\"premium-blog-entry-title\">\r\n\t\t\t<a href=\"https:\/\/constantinbucovina.ro\/de\/das-kloster-moldovita\/\" target=\"_blank\">\r\n\t\t\t\tDas Kloster Moldovi\u021ba\t\t\t<\/a>\r\n\t\t<\/h2>\r\n\t\t\t\t<div class=\"premium-blog-entry-meta\">\r\n\t\t\t\r\n\t\t\t\r\n\t\t\t\r\n\t\t\t\t\t<\/div>\r\n\t\t\r\n\t\t\t\t\t<\/div>\r\n\r\n\t\t\t\t\t\t\t\t\t\t\r\n\t\t\t\t<\/div>\r\n\t\t\t<\/div>\r\n\t\t<\/div>\r\n\r\n\t\t\t\t<div class=\"premium-blog-post-outer-container geschichte kultur\" data-total=\"1\">\r\n\t\t\t<div class=\"premium-blog-post-container premium-blog-skin-banner\">\r\n\t\t\t\t\t\t\t\t\t<div class=\"premium-blog-thumb-effect-wrapper\">\r\n\t\t\t\t\t\t<div class=\"premium-blog-thumbnail-container premium-blog-zoomin-effect\">\r\n\t\t\t\t\t\t\t<img loading=\"lazy\" decoding=\"async\" width=\"715\" height=\"800\" src=\"https:\/\/constantinbucovina.ro\/wp-content\/uploads\/2023\/02\/sucevita.jpg\" class=\"attachment-full size-full wp-image-6232\" alt=\"\" srcset=\"https:\/\/constantinbucovina.ro\/wp-content\/uploads\/2023\/02\/sucevita.jpg 715w, https:\/\/constantinbucovina.ro\/wp-content\/uploads\/2023\/02\/sucevita-268x300.jpg 268w\" sizes=\"(max-width: 715px) 100vw, 715px\" \/>\t\t\t\t\t\t<\/div>\r\n\t\t\t\t\t\t\t\t\t\t\t\t\t<div class=\"premium-blog-thumbnail-overlay\">\r\n\t\t\t\t\t\t\t\t<a class=\"elementor-icon\" href=\"https:\/\/constantinbucovina.ro\/de\/das-kloster-sucevita\/\" target=\"_blank\"><\/a>\r\n\t\t\t\t\t\t\t<\/div>\r\n\r\n\t\t\t\t\t\t\t\t\t\t\t\t\t\t\t\t\t\t<\/div>\r\n\t\t\t\t\t\t\t\t\t\t\t\t<div class=\"premium-blog-content-wrapper \">\r\n\r\n\t\t\t\t\t<div class=\"premium-blog-inner-container\">\r\n\r\n\t\t\t\t\t\t\t\t\t\t\t\t\t\t<h2 class=\"premium-blog-entry-title\">\r\n\t\t\t<a href=\"https:\/\/constantinbucovina.ro\/de\/das-kloster-sucevita\/\" target=\"_blank\">\r\n\t\t\t\tDas Kloster Sucevi\u021ba\t\t\t<\/a>\r\n\t\t<\/h2>\r\n\t\t\t\t<div class=\"premium-blog-entry-meta\">\r\n\t\t\t\r\n\t\t\t\r\n\t\t\t\r\n\t\t\t\t\t<\/div>\r\n\t\t\r\n\t\t\t\t\t<\/div>\r\n\r\n\t\t\t\t\t\t\t\t\t\t\r\n\t\t\t\t<\/div>\r\n\t\t\t<\/div>\r\n\t\t<\/div>\r\n\r\n\t\t\t\t<div class=\"premium-blog-post-outer-container geschichte touristenattraktionen\" data-total=\"1\">\r\n\t\t\t<div class=\"premium-blog-post-container premium-blog-skin-banner\">\r\n\t\t\t\t\t\t\t\t\t<div class=\"premium-blog-thumb-effect-wrapper\">\r\n\t\t\t\t\t\t<div class=\"premium-blog-thumbnail-container premium-blog-zoomin-effect\">\r\n\t\t\t\t\t\t\t<img loading=\"lazy\" decoding=\"async\" width=\"1500\" height=\"650\" src=\"https:\/\/constantinbucovina.ro\/wp-content\/uploads\/2023\/02\/cetate-6-1500x650-1.jpg\" class=\"attachment-full size-full wp-image-6100\" alt=\"\" srcset=\"https:\/\/constantinbucovina.ro\/wp-content\/uploads\/2023\/02\/cetate-6-1500x650-1.jpg 1500w, https:\/\/constantinbucovina.ro\/wp-content\/uploads\/2023\/02\/cetate-6-1500x650-1-300x130.jpg 300w, https:\/\/constantinbucovina.ro\/wp-content\/uploads\/2023\/02\/cetate-6-1500x650-1-1024x444.jpg 1024w, https:\/\/constantinbucovina.ro\/wp-content\/uploads\/2023\/02\/cetate-6-1500x650-1-768x333.jpg 768w\" sizes=\"(max-width: 1500px) 100vw, 1500px\" \/>\t\t\t\t\t\t<\/div>\r\n\t\t\t\t\t\t\t\t\t\t\t\t\t<div class=\"premium-blog-thumbnail-overlay\">\r\n\t\t\t\t\t\t\t\t<a class=\"elementor-icon\" href=\"https:\/\/constantinbucovina.ro\/de\/die-hauptstadtburg-von-suceava\/\" target=\"_blank\"><\/a>\r\n\t\t\t\t\t\t\t<\/div>\r\n\r\n\t\t\t\t\t\t\t\t\t\t\t\t\t\t\t\t\t\t<\/div>\r\n\t\t\t\t\t\t\t\t\t\t\t\t<div class=\"premium-blog-content-wrapper \">\r\n\r\n\t\t\t\t\t<div class=\"premium-blog-inner-container\">\r\n\r\n\t\t\t\t\t\t\t\t\t\t\t\t\t\t<h2 class=\"premium-blog-entry-title\">\r\n\t\t\t<a href=\"https:\/\/constantinbucovina.ro\/de\/die-hauptstadtburg-von-suceava\/\" target=\"_blank\">\r\n\t\t\t\tDie Hauptstadtburg von Suceava\t\t\t<\/a>\r\n\t\t<\/h2>\r\n\t\t\t\t<div class=\"premium-blog-entry-meta\">\r\n\t\t\t\r\n\t\t\t\r\n\t\t\t\r\n\t\t\t\t\t<\/div>\r\n\t\t\r\n\t\t\t\t\t<\/div>\r\n\r\n\t\t\t\t\t\t\t\t\t\t\r\n\t\t\t\t<\/div>\r\n\t\t\t<\/div>\r\n\t\t<\/div>\r\n\r\n\t\t\t\t<div class=\"premium-blog-post-outer-container touristenattraktionen\" data-total=\"1\">\r\n\t\t\t<div class=\"premium-blog-post-container premium-blog-skin-banner\">\r\n\t\t\t\t\t\t\t\t\t<div class=\"premium-blog-thumb-effect-wrapper\">\r\n\t\t\t\t\t\t<div class=\"premium-blog-thumbnail-container premium-blog-zoomin-effect\">\r\n\t\t\t\t\t\t\t<img loading=\"lazy\" decoding=\"async\" width=\"1511\" height=\"1000\" src=\"https:\/\/constantinbucovina.ro\/wp-content\/uploads\/2023\/02\/45.Centrul_de_ceramic_neagr_de_la_Marginea_3.jpg\" class=\"attachment-full size-full wp-image-6099\" alt=\"\" srcset=\"https:\/\/constantinbucovina.ro\/wp-content\/uploads\/2023\/02\/45.Centrul_de_ceramic_neagr_de_la_Marginea_3.jpg 1511w, https:\/\/constantinbucovina.ro\/wp-content\/uploads\/2023\/02\/45.Centrul_de_ceramic_neagr_de_la_Marginea_3-300x199.jpg 300w, https:\/\/constantinbucovina.ro\/wp-content\/uploads\/2023\/02\/45.Centrul_de_ceramic_neagr_de_la_Marginea_3-1024x678.jpg 1024w, https:\/\/constantinbucovina.ro\/wp-content\/uploads\/2023\/02\/45.Centrul_de_ceramic_neagr_de_la_Marginea_3-768x508.jpg 768w\" sizes=\"(max-width: 1511px) 100vw, 1511px\" \/>\t\t\t\t\t\t<\/div>\r\n\t\t\t\t\t\t\t\t\t\t\t\t\t<div class=\"premium-blog-thumbnail-overlay\">\r\n\t\t\t\t\t\t\t\t<a class=\"elementor-icon\" href=\"https:\/\/constantinbucovina.ro\/de\/das-keramikzentrum-in-marginea\/\" target=\"_blank\"><\/a>\r\n\t\t\t\t\t\t\t<\/div>\r\n\r\n\t\t\t\t\t\t\t\t\t\t\t\t\t\t\t\t\t\t<\/div>\r\n\t\t\t\t\t\t\t\t\t\t\t\t<div class=\"premium-blog-content-wrapper \">\r\n\r\n\t\t\t\t\t<div class=\"premium-blog-inner-container\">\r\n\r\n\t\t\t\t\t\t\t\t\t\t\t\t\t\t<h2 class=\"premium-blog-entry-title\">\r\n\t\t\t<a href=\"https:\/\/constantinbucovina.ro\/de\/das-keramikzentrum-in-marginea\/\" target=\"_blank\">\r\n\t\t\t\tDas Keramikzentrum in Marginea.\t\t\t<\/a>\r\n\t\t<\/h2>\r\n\t\t\t\t<div class=\"premium-blog-entry-meta\">\r\n\t\t\t\r\n\t\t\t\r\n\t\t\t\r\n\t\t\t\t\t<\/div>\r\n\t\t\r\n\t\t\t\t\t<\/div>\r\n\r\n\t\t\t\t\t\t\t\t\t\t\r\n\t\t\t\t<\/div>\r\n\t\t\t<\/div>\r\n\t\t<\/div>\r\n\r\n\t\t\t\t<div class=\"premium-blog-post-outer-container geschichte kultur touristenattraktionen\" data-total=\"1\">\r\n\t\t\t<div class=\"premium-blog-post-container premium-blog-skin-banner\">\r\n\t\t\t\t\t\t\t\t\t<div class=\"premium-blog-thumb-effect-wrapper\">\r\n\t\t\t\t\t\t<div class=\"premium-blog-thumbnail-container premium-blog-zoomin-effect\">\r\n\t\t\t\t\t\t\t<img loading=\"lazy\" decoding=\"async\" width=\"1024\" height=\"682\" src=\"https:\/\/constantinbucovina.ro\/wp-content\/uploads\/2023\/02\/mocanita.jpg\" class=\"attachment-full size-full wp-image-6239\" alt=\"\" srcset=\"https:\/\/constantinbucovina.ro\/wp-content\/uploads\/2023\/02\/mocanita.jpg 1024w, https:\/\/constantinbucovina.ro\/wp-content\/uploads\/2023\/02\/mocanita-300x200.jpg 300w, https:\/\/constantinbucovina.ro\/wp-content\/uploads\/2023\/02\/mocanita-768x512.jpg 768w\" sizes=\"(max-width: 1024px) 100vw, 1024px\" \/>\t\t\t\t\t\t<\/div>\r\n\t\t\t\t\t\t\t\t\t\t\t\t\t<div class=\"premium-blog-thumbnail-overlay\">\r\n\t\t\t\t\t\t\t\t<a class=\"elementor-icon\" href=\"https:\/\/constantinbucovina.ro\/de\/die-huzulenbahn\/\" target=\"_blank\"><\/a>\r\n\t\t\t\t\t\t\t<\/div>\r\n\r\n\t\t\t\t\t\t\t\t\t\t\t\t\t\t\t\t\t\t<\/div>\r\n\t\t\t\t\t\t\t\t\t\t\t\t<div class=\"premium-blog-content-wrapper \">\r\n\r\n\t\t\t\t\t<div class=\"premium-blog-inner-container\">\r\n\r\n\t\t\t\t\t\t\t\t\t\t\t\t\t\t<h2 class=\"premium-blog-entry-title\">\r\n\t\t\t<a href=\"https:\/\/constantinbucovina.ro\/de\/die-huzulenbahn\/\" target=\"_blank\">\r\n\t\t\t\tDie Huzulenbahn\t\t\t<\/a>\r\n\t\t<\/h2>\r\n\t\t\t\t<div class=\"premium-blog-entry-meta\">\r\n\t\t\t\r\n\t\t\t\r\n\t\t\t\r\n\t\t\t\t\t<\/div>\r\n\t\t\r\n\t\t\t\t\t<\/div>\r\n\r\n\t\t\t\t\t\t\t\t\t\t\r\n\t\t\t\t<\/div>\r\n\t\t\t<\/div>\r\n\t\t<\/div>\r\n\r\n\t\t\t\t<div class=\"premium-blog-post-outer-container natur\" data-total=\"1\">\r\n\t\t\t<div class=\"premium-blog-post-container premium-blog-skin-banner\">\r\n\t\t\t\t\t\t\t\t\t<div class=\"premium-blog-thumb-effect-wrapper\">\r\n\t\t\t\t\t\t<div class=\"premium-blog-thumbnail-container premium-blog-zoomin-effect\">\r\n\t\t\t\t\t\t\t<img loading=\"lazy\" decoding=\"async\" width=\"1068\" height=\"452\" src=\"https:\/\/constantinbucovina.ro\/wp-content\/uploads\/2023\/02\/pietrele-doamnei.jpg\" class=\"attachment-full size-full wp-image-6242\" alt=\"\" srcset=\"https:\/\/constantinbucovina.ro\/wp-content\/uploads\/2023\/02\/pietrele-doamnei.jpg 1068w, https:\/\/constantinbucovina.ro\/wp-content\/uploads\/2023\/02\/pietrele-doamnei-300x127.jpg 300w, https:\/\/constantinbucovina.ro\/wp-content\/uploads\/2023\/02\/pietrele-doamnei-1024x433.jpg 1024w, https:\/\/constantinbucovina.ro\/wp-content\/uploads\/2023\/02\/pietrele-doamnei-768x325.jpg 768w\" sizes=\"(max-width: 1068px) 100vw, 1068px\" \/>\t\t\t\t\t\t<\/div>\r\n\t\t\t\t\t\t\t\t\t\t\t\t\t<div class=\"premium-blog-thumbnail-overlay\">\r\n\t\t\t\t\t\t\t\t<a class=\"elementor-icon\" href=\"https:\/\/constantinbucovina.ro\/de\/die-pietrele-doamnei-im-rarau-gebirge\/\" target=\"_blank\"><\/a>\r\n\t\t\t\t\t\t\t<\/div>\r\n\r\n\t\t\t\t\t\t\t\t\t\t\t\t\t\t\t\t\t\t<\/div>\r\n\t\t\t\t\t\t\t\t\t\t\t\t<div class=\"premium-blog-content-wrapper \">\r\n\r\n\t\t\t\t\t<div class=\"premium-blog-inner-container\">\r\n\r\n\t\t\t\t\t\t\t\t\t\t\t\t\t\t<h2 class=\"premium-blog-entry-title\">\r\n\t\t\t<a href=\"https:\/\/constantinbucovina.ro\/de\/die-pietrele-doamnei-im-rarau-gebirge\/\" target=\"_blank\">\r\n\t\t\t\tDie Pietrele Doamnei im Rar\u0103u-Gebirge\t\t\t<\/a>\r\n\t\t<\/h2>\r\n\t\t\t\t<div class=\"premium-blog-entry-meta\">\r\n\t\t\t\r\n\t\t\t\r\n\t\t\t\r\n\t\t\t\t\t<\/div>\r\n\t\t\r\n\t\t\t\t\t<\/div>\r\n\r\n\t\t\t\t\t\t\t\t\t\t\r\n\t\t\t\t<\/div>\r\n\t\t\t<\/div>\r\n\t\t<\/div>\r\n\r\n\t\t\t\t<div class=\"premium-blog-post-outer-container natur touristenattraktionen\" data-total=\"1\">\r\n\t\t\t<div class=\"premium-blog-post-container premium-blog-skin-banner\">\r\n\t\t\t\t\t\t\t\t\t<div class=\"premium-blog-thumb-effect-wrapper\">\r\n\t\t\t\t\t\t<div class=\"premium-blog-thumbnail-container premium-blog-zoomin-effect\">\r\n\t\t\t\t\t\t\t<img loading=\"lazy\" decoding=\"async\" width=\"630\" height=\"426\" src=\"https:\/\/constantinbucovina.ro\/wp-content\/uploads\/2023\/02\/partia-parc-vatra-dornei-e1676635201606.jpg\" class=\"attachment-full size-full wp-image-6245\" alt=\"\" srcset=\"https:\/\/constantinbucovina.ro\/wp-content\/uploads\/2023\/02\/partia-parc-vatra-dornei-e1676635201606.jpg 630w, https:\/\/constantinbucovina.ro\/wp-content\/uploads\/2023\/02\/partia-parc-vatra-dornei-e1676635201606-300x203.jpg 300w\" sizes=\"(max-width: 630px) 100vw, 630px\" \/>\t\t\t\t\t\t<\/div>\r\n\t\t\t\t\t\t\t\t\t\t\t\t\t<div class=\"premium-blog-thumbnail-overlay\">\r\n\t\t\t\t\t\t\t\t<a class=\"elementor-icon\" href=\"https:\/\/constantinbucovina.ro\/de\/die-skipiste-vatra-dornei\/\" target=\"_blank\"><\/a>\r\n\t\t\t\t\t\t\t<\/div>\r\n\r\n\t\t\t\t\t\t\t\t\t\t\t\t\t\t\t\t\t\t<\/div>\r\n\t\t\t\t\t\t\t\t\t\t\t\t<div class=\"premium-blog-content-wrapper \">\r\n\r\n\t\t\t\t\t<div class=\"premium-blog-inner-container\">\r\n\r\n\t\t\t\t\t\t\t\t\t\t\t\t\t\t<h2 class=\"premium-blog-entry-title\">\r\n\t\t\t<a href=\"https:\/\/constantinbucovina.ro\/de\/die-skipiste-vatra-dornei\/\" target=\"_blank\">\r\n\t\t\t\tDie Skipiste Vatra Dornei\t\t\t<\/a>\r\n\t\t<\/h2>\r\n\t\t\t\t<div class=\"premium-blog-entry-meta\">\r\n\t\t\t\r\n\t\t\t\r\n\t\t\t\r\n\t\t\t\t\t<\/div>\r\n\t\t\r\n\t\t\t\t\t<\/div>\r\n\r\n\t\t\t\t\t\t\t\t\t\t\r\n\t\t\t\t<\/div>\r\n\t\t\t<\/div>\r\n\t\t<\/div>\r\n\r\n\t\t\t\t<div class=\"premium-blog-post-outer-container natur touristenattraktionen\" data-total=\"1\">\r\n\t\t\t<div class=\"premium-blog-post-container premium-blog-skin-banner\">\r\n\t\t\t\t\t\t\t\t\t<div class=\"premium-blog-thumb-effect-wrapper\">\r\n\t\t\t\t\t\t<div class=\"premium-blog-thumbnail-container premium-blog-zoomin-effect\">\r\n\t\t\t\t\t\t\t<img loading=\"lazy\" decoding=\"async\" width=\"800\" height=\"344\" src=\"https:\/\/constantinbucovina.ro\/wp-content\/uploads\/2023\/02\/gura-humorului-partie.jpg\" class=\"attachment-full size-full wp-image-6248\" alt=\"\" srcset=\"https:\/\/constantinbucovina.ro\/wp-content\/uploads\/2023\/02\/gura-humorului-partie.jpg 800w, https:\/\/constantinbucovina.ro\/wp-content\/uploads\/2023\/02\/gura-humorului-partie-300x129.jpg 300w, https:\/\/constantinbucovina.ro\/wp-content\/uploads\/2023\/02\/gura-humorului-partie-768x330.jpg 768w\" sizes=\"(max-width: 800px) 100vw, 800px\" \/>\t\t\t\t\t\t<\/div>\r\n\t\t\t\t\t\t\t\t\t\t\t\t\t<div class=\"premium-blog-thumbnail-overlay\">\r\n\t\t\t\t\t\t\t\t<a class=\"elementor-icon\" href=\"https:\/\/constantinbucovina.ro\/de\/die-skipiste-gura-humorului\/\" target=\"_blank\"><\/a>\r\n\t\t\t\t\t\t\t<\/div>\r\n\r\n\t\t\t\t\t\t\t\t\t\t\t\t\t\t\t\t\t\t<\/div>\r\n\t\t\t\t\t\t\t\t\t\t\t\t<div class=\"premium-blog-content-wrapper \">\r\n\r\n\t\t\t\t\t<div class=\"premium-blog-inner-container\">\r\n\r\n\t\t\t\t\t\t\t\t\t\t\t\t\t\t<h2 class=\"premium-blog-entry-title\">\r\n\t\t\t<a href=\"https:\/\/constantinbucovina.ro\/de\/die-skipiste-gura-humorului\/\" target=\"_blank\">\r\n\t\t\t\tDie Skipiste Gura Humorului\t\t\t<\/a>\r\n\t\t<\/h2>\r\n\t\t\t\t<div class=\"premium-blog-entry-meta\">\r\n\t\t\t\r\n\t\t\t\r\n\t\t\t\r\n\t\t\t\t\t<\/div>\r\n\t\t\r\n\t\t\t\t\t<\/div>\r\n\r\n\t\t\t\t\t\t\t\t\t\t\r\n\t\t\t\t<\/div>\r\n\t\t\t<\/div>\r\n\t\t<\/div>\r\n\r\n\t\t\t\t<div class=\"premium-blog-post-outer-container natur touristenattraktionen\" data-total=\"1\">\r\n\t\t\t<div class=\"premium-blog-post-container premium-blog-skin-banner\">\r\n\t\t\t\t\t\t\t\t\t<div class=\"premium-blog-thumb-effect-wrapper\">\r\n\t\t\t\t\t\t<div class=\"premium-blog-thumbnail-container premium-blog-zoomin-effect\">\r\n\t\t\t\t\t\t\t<img loading=\"lazy\" decoding=\"async\" width=\"647\" height=\"634\" src=\"https:\/\/constantinbucovina.ro\/wp-content\/uploads\/2023\/02\/partie-clm.png\" class=\"attachment-full size-full wp-image-6096\" alt=\"\" srcset=\"https:\/\/constantinbucovina.ro\/wp-content\/uploads\/2023\/02\/partie-clm.png 647w, https:\/\/constantinbucovina.ro\/wp-content\/uploads\/2023\/02\/partie-clm-300x294.png 300w\" sizes=\"(max-width: 647px) 100vw, 647px\" \/>\t\t\t\t\t\t<\/div>\r\n\t\t\t\t\t\t\t\t\t\t\t\t\t<div class=\"premium-blog-thumbnail-overlay\">\r\n\t\t\t\t\t\t\t\t<a class=\"elementor-icon\" href=\"https:\/\/constantinbucovina.ro\/de\/die-skipiste-istrati\/\" target=\"_blank\"><\/a>\r\n\t\t\t\t\t\t\t<\/div>\r\n\r\n\t\t\t\t\t\t\t\t\t\t\t\t\t\t\t\t\t\t<\/div>\r\n\t\t\t\t\t\t\t\t\t\t\t\t<div class=\"premium-blog-content-wrapper \">\r\n\r\n\t\t\t\t\t<div class=\"premium-blog-inner-container\">\r\n\r\n\t\t\t\t\t\t\t\t\t\t\t\t\t\t<h2 class=\"premium-blog-entry-title\">\r\n\t\t\t<a href=\"https:\/\/constantinbucovina.ro\/de\/die-skipiste-istrati\/\" target=\"_blank\">\r\n\t\t\t\tDie Skipiste Istrati\t\t\t<\/a>\r\n\t\t<\/h2>\r\n\t\t\t\t<div class=\"premium-blog-entry-meta\">\r\n\t\t\t\r\n\t\t\t\r\n\t\t\t\r\n\t\t\t\t\t<\/div>\r\n\t\t\r\n\t\t\t\t\t<\/div>\r\n\r\n\t\t\t\t\t\t\t\t\t\t\r\n\t\t\t\t<\/div>\r\n\t\t\t<\/div>\r\n\t\t<\/div>\r\n\r\n\t\t\t\t<div class=\"premium-blog-post-outer-container natur touristenattraktionen\" data-total=\"1\">\r\n\t\t\t<div class=\"premium-blog-post-container premium-blog-skin-banner\">\r\n\t\t\t\t\t\t\t\t\t<div class=\"premium-blog-thumb-effect-wrapper\">\r\n\t\t\t\t\t\t<div class=\"premium-blog-thumbnail-container premium-blog-zoomin-effect\">\r\n\t\t\t\t\t\t\t<img loading=\"lazy\" decoding=\"async\" width=\"2560\" height=\"1709\" src=\"https:\/\/constantinbucovina.ro\/wp-content\/uploads\/2023\/02\/celebrating-skiers-standing-snow-covered-mountain-min-scaled.jpg\" class=\"attachment-full size-full wp-image-6092\" alt=\"\" srcset=\"https:\/\/constantinbucovina.ro\/wp-content\/uploads\/2023\/02\/celebrating-skiers-standing-snow-covered-mountain-min-scaled.jpg 2560w, https:\/\/constantinbucovina.ro\/wp-content\/uploads\/2023\/02\/celebrating-skiers-standing-snow-covered-mountain-min-300x200.jpg 300w, https:\/\/constantinbucovina.ro\/wp-content\/uploads\/2023\/02\/celebrating-skiers-standing-snow-covered-mountain-min-1024x683.jpg 1024w, https:\/\/constantinbucovina.ro\/wp-content\/uploads\/2023\/02\/celebrating-skiers-standing-snow-covered-mountain-min-768x513.jpg 768w, https:\/\/constantinbucovina.ro\/wp-content\/uploads\/2023\/02\/celebrating-skiers-standing-snow-covered-mountain-min-1536x1025.jpg 1536w, https:\/\/constantinbucovina.ro\/wp-content\/uploads\/2023\/02\/celebrating-skiers-standing-snow-covered-mountain-min-2048x1367.jpg 2048w\" sizes=\"(max-width: 2560px) 100vw, 2560px\" \/>\t\t\t\t\t\t<\/div>\r\n\t\t\t\t\t\t\t\t\t\t\t\t\t<div class=\"premium-blog-thumbnail-overlay\">\r\n\t\t\t\t\t\t\t\t<a class=\"elementor-icon\" href=\"https:\/\/constantinbucovina.ro\/de\/die-skihang-rarau\/\" target=\"_blank\"><\/a>\r\n\t\t\t\t\t\t\t<\/div>\r\n\r\n\t\t\t\t\t\t\t\t\t\t\t\t\t\t\t\t\t\t<\/div>\r\n\t\t\t\t\t\t\t\t\t\t\t\t<div class=\"premium-blog-content-wrapper \">\r\n\r\n\t\t\t\t\t<div class=\"premium-blog-inner-container\">\r\n\r\n\t\t\t\t\t\t\t\t\t\t\t\t\t\t<h2 class=\"premium-blog-entry-title\">\r\n\t\t\t<a href=\"https:\/\/constantinbucovina.ro\/de\/die-skihang-rarau\/\" target=\"_blank\">\r\n\t\t\t\tDie Skihang Rarau\t\t\t<\/a>\r\n\t\t<\/h2>\r\n\t\t\t\t<div class=\"premium-blog-entry-meta\">\r\n\t\t\t\r\n\t\t\t\r\n\t\t\t\r\n\t\t\t\t\t<\/div>\r\n\t\t\r\n\t\t\t\t\t<\/div>\r\n\r\n\t\t\t\t\t\t\t\t\t\t\r\n\t\t\t\t<\/div>\r\n\t\t\t<\/div>\r\n\t\t<\/div>\r\n\r\n\t\t\t\t<div class=\"premium-blog-post-outer-container kultur touristenattraktionen\" data-total=\"1\">\r\n\t\t\t<div class=\"premium-blog-post-container premium-blog-skin-banner\">\r\n\t\t\t\t\t\t\t\t\t<div class=\"premium-blog-thumb-effect-wrapper\">\r\n\t\t\t\t\t\t<div class=\"premium-blog-thumbnail-container premium-blog-zoomin-effect\">\r\n\t\t\t\t\t\t\t<img loading=\"lazy\" decoding=\"async\" width=\"1200\" height=\"800\" src=\"https:\/\/constantinbucovina.ro\/wp-content\/uploads\/2023\/02\/muzeul-oualor.jpg\" class=\"attachment-full size-full wp-image-6259\" alt=\"\" srcset=\"https:\/\/constantinbucovina.ro\/wp-content\/uploads\/2023\/02\/muzeul-oualor.jpg 1200w, https:\/\/constantinbucovina.ro\/wp-content\/uploads\/2023\/02\/muzeul-oualor-300x200.jpg 300w, https:\/\/constantinbucovina.ro\/wp-content\/uploads\/2023\/02\/muzeul-oualor-1024x683.jpg 1024w, https:\/\/constantinbucovina.ro\/wp-content\/uploads\/2023\/02\/muzeul-oualor-768x512.jpg 768w\" sizes=\"(max-width: 1200px) 100vw, 1200px\" \/>\t\t\t\t\t\t<\/div>\r\n\t\t\t\t\t\t\t\t\t\t\t\t\t<div class=\"premium-blog-thumbnail-overlay\">\r\n\t\t\t\t\t\t\t\t<a class=\"elementor-icon\" href=\"https:\/\/constantinbucovina.ro\/de\/das-ei-museum\/\" target=\"_blank\"><\/a>\r\n\t\t\t\t\t\t\t<\/div>\r\n\r\n\t\t\t\t\t\t\t\t\t\t\t\t\t\t\t\t\t\t<\/div>\r\n\t\t\t\t\t\t\t\t\t\t\t\t<div class=\"premium-blog-content-wrapper \">\r\n\r\n\t\t\t\t\t<div class=\"premium-blog-inner-container\">\r\n\r\n\t\t\t\t\t\t\t\t\t\t\t\t\t\t<h2 class=\"premium-blog-entry-title\">\r\n\t\t\t<a href=\"https:\/\/constantinbucovina.ro\/de\/das-ei-museum\/\" target=\"_blank\">\r\n\t\t\t\tDas Ei-Museum\t\t\t<\/a>\r\n\t\t<\/h2>\r\n\t\t\t\t<div class=\"premium-blog-entry-meta\">\r\n\t\t\t\r\n\t\t\t\r\n\t\t\t\r\n\t\t\t\t\t<\/div>\r\n\t\t\r\n\t\t\t\t\t<\/div>\r\n\r\n\t\t\t\t\t\t\t\t\t\t\r\n\t\t\t\t<\/div>\r\n\t\t\t<\/div>\r\n\t\t<\/div>\r\n\r\n\t\t\t\t<div class=\"premium-blog-post-outer-container natur touristenattraktionen\" data-total=\"1\">\r\n\t\t\t<div class=\"premium-blog-post-container premium-blog-skin-banner\">\r\n\t\t\t\t\t\t\t\t\t<div class=\"premium-blog-thumb-effect-wrapper\">\r\n\t\t\t\t\t\t<div class=\"premium-blog-thumbnail-container premium-blog-zoomin-effect\">\r\n\t\t\t\t\t\t\t<img loading=\"lazy\" decoding=\"async\" width=\"870\" height=\"600\" src=\"https:\/\/constantinbucovina.ro\/wp-content\/uploads\/2023\/02\/tr00.jpg\" class=\"attachment-full size-full wp-image-6097\" alt=\"\" srcset=\"https:\/\/constantinbucovina.ro\/wp-content\/uploads\/2023\/02\/tr00.jpg 870w, https:\/\/constantinbucovina.ro\/wp-content\/uploads\/2023\/02\/tr00-300x207.jpg 300w, https:\/\/constantinbucovina.ro\/wp-content\/uploads\/2023\/02\/tr00-768x530.jpg 768w\" sizes=\"(max-width: 870px) 100vw, 870px\" \/>\t\t\t\t\t\t<\/div>\r\n\t\t\t\t\t\t\t\t\t\t\t\t\t<div class=\"premium-blog-thumbnail-overlay\">\r\n\t\t\t\t\t\t\t\t<a class=\"elementor-icon\" href=\"https:\/\/constantinbucovina.ro\/de\/transrarau\/\" target=\"_blank\"><\/a>\r\n\t\t\t\t\t\t\t<\/div>\r\n\r\n\t\t\t\t\t\t\t\t\t\t\t\t\t\t\t\t\t\t<\/div>\r\n\t\t\t\t\t\t\t\t\t\t\t\t<div class=\"premium-blog-content-wrapper \">\r\n\r\n\t\t\t\t\t<div class=\"premium-blog-inner-container\">\r\n\r\n\t\t\t\t\t\t\t\t\t\t\t\t\t\t<h2 class=\"premium-blog-entry-title\">\r\n\t\t\t<a href=\"https:\/\/constantinbucovina.ro\/de\/transrarau\/\" target=\"_blank\">\r\n\t\t\t\tTransrar\u0103u\t\t\t<\/a>\r\n\t\t<\/h2>\r\n\t\t\t\t<div class=\"premium-blog-entry-meta\">\r\n\t\t\t\r\n\t\t\t\r\n\t\t\t\r\n\t\t\t\t\t<\/div>\r\n\t\t\r\n\t\t\t\t\t<\/div>\r\n\r\n\t\t\t\t\t\t\t\t\t\t\r\n\t\t\t\t<\/div>\r\n\t\t\t<\/div>\r\n\t\t<\/div>\r\n\r\n\t\t\t\t<div class=\"premium-blog-post-outer-container natur touristenattraktionen\" data-total=\"1\">\r\n\t\t\t<div class=\"premium-blog-post-container premium-blog-skin-banner\">\r\n\t\t\t\t\t\t\t\t\t<div class=\"premium-blog-thumb-effect-wrapper\">\r\n\t\t\t\t\t\t<div class=\"premium-blog-thumbnail-container premium-blog-zoomin-effect\">\r\n\t\t\t\t\t\t\t<img loading=\"lazy\" decoding=\"async\" width=\"1540\" height=\"2560\" src=\"https:\/\/constantinbucovina.ro\/wp-content\/uploads\/2023\/02\/cute-horse-alps-eating-grass-min-1-1-compressed-min-1-1-scaled.jpg\" class=\"attachment-full size-full wp-image-6094\" alt=\"\" srcset=\"https:\/\/constantinbucovina.ro\/wp-content\/uploads\/2023\/02\/cute-horse-alps-eating-grass-min-1-1-compressed-min-1-1-scaled.jpg 1540w, https:\/\/constantinbucovina.ro\/wp-content\/uploads\/2023\/02\/cute-horse-alps-eating-grass-min-1-1-compressed-min-1-1-180x300.jpg 180w, https:\/\/constantinbucovina.ro\/wp-content\/uploads\/2023\/02\/cute-horse-alps-eating-grass-min-1-1-compressed-min-1-1-616x1024.jpg 616w, https:\/\/constantinbucovina.ro\/wp-content\/uploads\/2023\/02\/cute-horse-alps-eating-grass-min-1-1-compressed-min-1-1-768x1277.jpg 768w, https:\/\/constantinbucovina.ro\/wp-content\/uploads\/2023\/02\/cute-horse-alps-eating-grass-min-1-1-compressed-min-1-1-924x1536.jpg 924w, https:\/\/constantinbucovina.ro\/wp-content\/uploads\/2023\/02\/cute-horse-alps-eating-grass-min-1-1-compressed-min-1-1-1232x2048.jpg 1232w\" sizes=\"(max-width: 1540px) 100vw, 1540px\" \/>\t\t\t\t\t\t<\/div>\r\n\t\t\t\t\t\t\t\t\t\t\t\t\t<div class=\"premium-blog-thumbnail-overlay\">\r\n\t\t\t\t\t\t\t\t<a class=\"elementor-icon\" href=\"https:\/\/constantinbucovina.ro\/de\/das-gestuet-lucina\/\" target=\"_blank\"><\/a>\r\n\t\t\t\t\t\t\t<\/div>\r\n\r\n\t\t\t\t\t\t\t\t\t\t\t\t\t\t\t\t\t\t<\/div>\r\n\t\t\t\t\t\t\t\t\t\t\t\t<div class=\"premium-blog-content-wrapper \">\r\n\r\n\t\t\t\t\t<div class=\"premium-blog-inner-container\">\r\n\r\n\t\t\t\t\t\t\t\t\t\t\t\t\t\t<h2 class=\"premium-blog-entry-title\">\r\n\t\t\t<a href=\"https:\/\/constantinbucovina.ro\/de\/das-gestuet-lucina\/\" target=\"_blank\">\r\n\t\t\t\tDas Gest\u00fct Lucina\t\t\t<\/a>\r\n\t\t<\/h2>\r\n\t\t\t\t<div class=\"premium-blog-entry-meta\">\r\n\t\t\t\r\n\t\t\t\r\n\t\t\t\r\n\t\t\t\t\t<\/div>\r\n\t\t\r\n\t\t\t\t\t<\/div>\r\n\r\n\t\t\t\t\t\t\t\t\t\t\r\n\t\t\t\t<\/div>\r\n\t\t\t<\/div>\r\n\t\t<\/div>\r\n\r\n\t\t\t\t<div class=\"premium-blog-post-outer-container geschichte kultur\" data-total=\"1\">\r\n\t\t\t<div class=\"premium-blog-post-container premium-blog-skin-banner\">\r\n\t\t\t\t\t\t\t\t\t<div class=\"premium-blog-thumb-effect-wrapper\">\r\n\t\t\t\t\t\t<div class=\"premium-blog-thumbnail-container premium-blog-zoomin-effect\">\r\n\t\t\t\t\t\t\t<img loading=\"lazy\" decoding=\"async\" width=\"1300\" height=\"731\" src=\"https:\/\/constantinbucovina.ro\/wp-content\/uploads\/2023\/02\/1621348059_manastirea-voronet-din-bucovina_01.jpg\" class=\"attachment-full size-full wp-image-6101\" alt=\"\" srcset=\"https:\/\/constantinbucovina.ro\/wp-content\/uploads\/2023\/02\/1621348059_manastirea-voronet-din-bucovina_01.jpg 1300w, https:\/\/constantinbucovina.ro\/wp-content\/uploads\/2023\/02\/1621348059_manastirea-voronet-din-bucovina_01-300x169.jpg 300w, https:\/\/constantinbucovina.ro\/wp-content\/uploads\/2023\/02\/1621348059_manastirea-voronet-din-bucovina_01-1024x576.jpg 1024w, https:\/\/constantinbucovina.ro\/wp-content\/uploads\/2023\/02\/1621348059_manastirea-voronet-din-bucovina_01-768x432.jpg 768w\" sizes=\"(max-width: 1300px) 100vw, 1300px\" \/>\t\t\t\t\t\t<\/div>\r\n\t\t\t\t\t\t\t\t\t\t\t\t\t<div class=\"premium-blog-thumbnail-overlay\">\r\n\t\t\t\t\t\t\t\t<a class=\"elementor-icon\" href=\"https:\/\/constantinbucovina.ro\/de\/das-kloster-voronet\/\" target=\"_blank\"><\/a>\r\n\t\t\t\t\t\t\t<\/div>\r\n\r\n\t\t\t\t\t\t\t\t\t\t\t\t\t\t\t\t\t\t<\/div>\r\n\t\t\t\t\t\t\t\t\t\t\t\t<div class=\"premium-blog-content-wrapper \">\r\n\r\n\t\t\t\t\t<div class=\"premium-blog-inner-container\">\r\n\r\n\t\t\t\t\t\t\t\t\t\t\t\t\t\t<h2 class=\"premium-blog-entry-title\">\r\n\t\t\t<a href=\"https:\/\/constantinbucovina.ro\/de\/das-kloster-voronet\/\" target=\"_blank\">\r\n\t\t\t\tDas Kloster Vorone\u021b\t\t\t<\/a>\r\n\t\t<\/h2>\r\n\t\t\t\t<div class=\"premium-blog-entry-meta\">\r\n\t\t\t\r\n\t\t\t\r\n\t\t\t\r\n\t\t\t\t\t<\/div>\r\n\t\t\r\n\t\t\t\t\t<\/div>\r\n\r\n\t\t\t\t\t\t\t\t\t\t\r\n\t\t\t\t<\/div>\r\n\t\t\t<\/div>\r\n\t\t<\/div>\r\n\r\n\t\t\t\t\t\t\t<\/div>\r\n\r\n\t\t\r\n\t\t\r\n\t\t\t\t\t\t<\/div>\n\t\t\t\t<\/div>\n\t\t\t\t\t<\/div>\n\t\t<\/div>\n\t\t\t\t\t<\/div>\n\t\t<\/section>\n\t\t\t\t<section class=\"elementor-section elementor-top-section elementor-element elementor-element-d84445c elementor-section-full_width elementor-section-height-default elementor-section-height-default\" data-id=\"d84445c\" data-element_type=\"section\" data-settings=\"{&quot;animation&quot;:&quot;none&quot;}\">\n\t\t\t\t\t\t<div class=\"elementor-container elementor-column-gap-no\">\n\t\t\t\t\t<div class=\"elementor-column elementor-col-100 elementor-top-column elementor-element elementor-element-1986eb5\" data-id=\"1986eb5\" data-element_type=\"column\">\n\t\t\t<div class=\"elementor-widget-wrap elementor-element-populated\">\n\t\t\t\t\t\t<div class=\"elementor-element elementor-element-00a05f8 elementor-widget elementor-widget-premium-addon-maps\" data-id=\"00a05f8\" data-element_type=\"widget\" data-widget_type=\"premium-addon-maps.default\">\n\t\t\t\t<div class=\"elementor-widget-container\">\n\t\t\t\t\t\r\n\t<div class=\"premium-maps-container\" id=\"premium-maps-container\">\r\n\r\n\t\t\r\n\t\t\t<div class=\"premium_maps_map_height premium-addons__v-hidden\" data-settings=\"{&quot;mapId&quot;:&quot;&quot;,&quot;maptype&quot;:&quot;roadmap&quot;,&quot;streetViewControl&quot;:true,&quot;centerlat&quot;:&quot;47.52890767442293&quot;,&quot;centerlong&quot;:&quot;25.544841871164813&quot;,&quot;scrollwheel&quot;:true,&quot;fullScreen&quot;:false,&quot;zoomControl&quot;:true,&quot;typeControl&quot;:false,&quot;automaticOpen&quot;:false,&quot;hoverOpen&quot;:true,&quot;hoverClose&quot;:true,&quot;cluster&quot;:false,&quot;cluster_icon&quot;:&quot;&quot;,&quot;cluster_icon_size&quot;:&quot;&quot;,&quot;drag&quot;:&quot;&quot;,&quot;loadScroll&quot;:&quot;&quot;,&quot;linkedCarouselId&quot;:&quot;&quot;}\" data-style=\"[\n    {\n        &quot;featureType&quot;: &quot;administrative&quot;,\n        &quot;elementType&quot;: &quot;labels.text.fill&quot;,\n        &quot;stylers&quot;: [\n            {\n                &quot;color&quot;: &quot;#444444&quot;\n            }\n        ]\n    },\n    {\n        &quot;featureType&quot;: &quot;landscape&quot;,\n        &quot;elementType&quot;: &quot;all&quot;,\n        &quot;stylers&quot;: [\n            {\n                &quot;color&quot;: &quot;#f2f2f2&quot;\n            }\n        ]\n    },\n    {\n        &quot;featureType&quot;: &quot;landscape.natural.landcover&quot;,\n        &quot;elementType&quot;: &quot;geometry.fill&quot;,\n        &quot;stylers&quot;: [\n            {\n                &quot;color&quot;: &quot;#a9d7ad&quot;\n            }\n        ]\n    },\n    {\n        &quot;featureType&quot;: &quot;landscape.natural.terrain&quot;,\n        &quot;elementType&quot;: &quot;geometry.fill&quot;,\n        &quot;stylers&quot;: [\n            {\n                &quot;color&quot;: &quot;#f57001&quot;\n            }\n        ]\n    },\n    {\n        &quot;featureType&quot;: &quot;poi&quot;,\n        &quot;elementType&quot;: &quot;all&quot;,\n        &quot;stylers&quot;: [\n            {\n                &quot;visibility&quot;: &quot;off&quot;\n            }\n        ]\n    },\n    {\n        &quot;featureType&quot;: &quot;road&quot;,\n        &quot;elementType&quot;: &quot;all&quot;,\n        &quot;stylers&quot;: [\n            {\n                &quot;saturation&quot;: -100\n            },\n            {\n                &quot;lightness&quot;: 45\n            }\n        ]\n    },\n    {\n        &quot;featureType&quot;: &quot;road.highway&quot;,\n        &quot;elementType&quot;: &quot;all&quot;,\n        &quot;stylers&quot;: [\n            {\n                &quot;visibility&quot;: &quot;simplified&quot;\n            }\n        ]\n    },\n    {\n        &quot;featureType&quot;: &quot;road.highway.controlled_access&quot;,\n        &quot;elementType&quot;: &quot;geometry.fill&quot;,\n        &quot;stylers&quot;: [\n            {\n                &quot;weight&quot;: &quot;1.00&quot;\n            }\n        ]\n    },\n    {\n        &quot;featureType&quot;: &quot;road.arterial&quot;,\n        &quot;elementType&quot;: &quot;geometry.fill&quot;,\n        &quot;stylers&quot;: [\n            {\n                &quot;color&quot;: &quot;#9c681f&quot;\n            }\n        ]\n    },\n    {\n        &quot;featureType&quot;: &quot;road.arterial&quot;,\n        &quot;elementType&quot;: &quot;labels.icon&quot;,\n        &quot;stylers&quot;: [\n            {\n                &quot;visibility&quot;: &quot;off&quot;\n            }\n        ]\n    },\n    {\n        &quot;featureType&quot;: &quot;road.local&quot;,\n        &quot;elementType&quot;: &quot;geometry.fill&quot;,\n        &quot;stylers&quot;: [\n            {\n                &quot;color&quot;: &quot;#9c681f&quot;\n            }\n        ]\n    },\n    {\n        &quot;featureType&quot;: &quot;transit&quot;,\n        &quot;elementType&quot;: &quot;all&quot;,\n        &quot;stylers&quot;: [\n            {\n                &quot;visibility&quot;: &quot;off&quot;\n            }\n        ]\n    },\n    {\n        &quot;featureType&quot;: &quot;water&quot;,\n        &quot;elementType&quot;: &quot;all&quot;,\n        &quot;stylers&quot;: [\n            {\n                &quot;color&quot;: &quot;#74cbef&quot;\n            },\n            {\n                &quot;visibility&quot;: &quot;on&quot;\n            }\n        ]\n    }\n]\">\r\n\t\t\t\t\r\n\t\t\t<div class=\"premium-pin elementor-invisible\" data-lng=\"25.544874057670377\" data-lat=\"47.5288497199542\" data-icon=\"https:\/\/constantinbucovina.ro\/wp-content\/uploads\/2023\/02\/location.png\" data-icon-size=\"40\" data-max-width=\"1000\" data-activated=\"\">\r\n\t\t\t\t\t\t\t\t\t<div class='premium-maps-info-container'>\r\n\r\n\t\t\t\t\t\t<div class='premium-maps-title-wrap'>\r\n\t\t\t\t\t\t\t<p class='premium-maps-info-title'><\/p>\r\n\t\t\t\t\t\t<\/div>\r\n\r\n\t\t\t\t\t\t<div class='premium-maps-info-desc'>\r\n\t\t\t\t\t\t\t<p><img loading=\"lazy\" decoding=\"async\" class=\"alignnone wp-image-44\" src=\"https:\/\/constantinbucovina.ro\/wp-content\/uploads\/2023\/01\/logo-constantin.png\" alt=\"\" width=\"100\" height=\"75\" \/><\/p><p>Der Constantin Touristenkomplex, das erste und sicherlich das spektakul\u00e4rsteund <br\/> umfangreichste Hotelprojekt  in der Bukowina.<\/p>\t\t\t\t\t\t<\/div>\r\n\r\n\t\t\t\t\t<\/div>\r\n\t\t\t\t\t\t\t<\/div>\r\n\r\n\t\t\r\n\t\t\t\t\t\r\n\t\t\t<div class=\"premium-pin elementor-invisible\" data-lng=\"25.547779352869426\" data-lat=\"47.525531310486365\" data-icon=\"\" data-icon-size=\"\" data-max-width=\"1000\" data-activated=\"\">\r\n\t\t\t\t\t\t\t\t\t<div class='premium-maps-info-container'>\r\n\r\n\t\t\t\t\t\t<div class='premium-maps-title-wrap'>\r\n\t\t\t\t\t\t\t<p class='premium-maps-info-title'>Die Skipiste Istrati<\/p>\r\n\t\t\t\t\t\t<\/div>\r\n\r\n\t\t\t\t\t\t<div class='premium-maps-info-desc'>\r\n\t\t\t\t\t\t\t<p><br \/>Die Skipiste Istrati in Campulung Moldovenesc,<br\/>ein Top-Ziel f\u00fcr Skiliebhaber, inmitten der <br\/>malerischen Berglandschaft der<br\/>Karpaten.<\/p>\t\t\t\t\t\t<\/div>\r\n\r\n\t\t\t\t\t<\/div>\r\n\t\t\t\t\t\t\t<\/div>\r\n\r\n\t\t\r\n\t\t\t\t\t\r\n\t\t\t<div class=\"premium-pin elementor-invisible\" data-lng=\"25.559489750391805\" data-lat=\"47.490090813432865\" data-icon=\"\" data-icon-size=\"40\" data-max-width=\"1000\" data-activated=\"\">\r\n\t\t\t\t\t\t\t\t\t<div class='premium-maps-info-container'>\r\n\r\n\t\t\t\t\t\t<div class='premium-maps-title-wrap'>\r\n\t\t\t\t\t\t\t<p class='premium-maps-info-title'>Die Skipiste Rar\u0103u<\/p>\r\n\t\t\t\t\t\t<\/div>\r\n\r\n\t\t\t\t\t\t<div class='premium-maps-info-desc'>\r\n\t\t\t\t\t\t\t<br><img loading=\"lazy\" decoding=\"async\" class=\"alignnone wp-image-2688\" src=\"https:\/\/constantinbucovina.ro\/wp-content\/uploads\/2023\/02\/celebrating-skiers-standing-snow-covered-mountain-min-scaled.jpg\" alt=\"\" width=\"150\" height=\"100\" srcset=\"https:\/\/constantinbucovina.ro\/wp-content\/uploads\/2023\/02\/celebrating-skiers-standing-snow-covered-mountain-min-scaled.jpg 2560w, https:\/\/constantinbucovina.ro\/wp-content\/uploads\/2023\/02\/celebrating-skiers-standing-snow-covered-mountain-min-300x200.jpg 300w, https:\/\/constantinbucovina.ro\/wp-content\/uploads\/2023\/02\/celebrating-skiers-standing-snow-covered-mountain-min-1024x683.jpg 1024w, https:\/\/constantinbucovina.ro\/wp-content\/uploads\/2023\/02\/celebrating-skiers-standing-snow-covered-mountain-min-768x513.jpg 768w, https:\/\/constantinbucovina.ro\/wp-content\/uploads\/2023\/02\/celebrating-skiers-standing-snow-covered-mountain-min-1536x1025.jpg 1536w, https:\/\/constantinbucovina.ro\/wp-content\/uploads\/2023\/02\/celebrating-skiers-standing-snow-covered-mountain-min-2048x1367.jpg 2048w\" sizes=\"(max-width: 150px) 100vw, 150px\" \/>\r\n<br><br>Gelegen in den Rar\u0103u-Bergen,\r\nes ist eine der sch\u00f6nsten<br>\r\nSkipisten in Rum\u00e4nien.\r\nSie hat eine L\u00e4nge von ungef\u00e4hr 1,5 km<br>\r\nund einen H\u00f6henunterschied von 250 m.\r\n\r\n<strong>Entfernung vom Hotel Constantin: 18 km<\/strong>\t\t\t\t\t\t<\/div>\r\n\r\n\t\t\t\t\t<\/div>\r\n\t\t\t\t\t\t\t<\/div>\r\n\r\n\t\t\r\n\t\t\t\t\t\r\n\t\t\t<div class=\"premium-pin elementor-invisible\" data-lng=\" 25.888939271309432\" data-lat=\"47.54223701958322\" data-icon=\"\" data-icon-size=\"\" data-max-width=\"1000\" data-activated=\"\">\r\n\t\t\t\t\t\t\t\t\t<div class='premium-maps-info-container'>\r\n\r\n\t\t\t\t\t\t<div class='premium-maps-title-wrap'>\r\n\t\t\t\t\t\t\t<p class='premium-maps-info-title'>Die Skipiste Gura Humorului<\/p>\r\n\t\t\t\t\t\t<\/div>\r\n\r\n\t\t\t\t\t\t<div class='premium-maps-info-desc'>\r\n\t\t\t\t\t\t\t<p><br >Die Skipiste in Gura Humorului bietet ein faszinierendes Skierlebnis <br> im Herzen der Bukowina. Sie erstreckt sich \u00fcber etwa 1,2 km <br> und hat einen H\u00f6henunterschied von 180 m, was sie zu einem <br>beliebten Ort f\u00fcr Wintersportbegeisterte macht.<\/p>\t\t\t\t\t\t<\/div>\r\n\r\n\t\t\t\t\t<\/div>\r\n\t\t\t\t\t\t\t<\/div>\r\n\r\n\t\t\r\n\t\t\t\t\t\r\n\t\t\t<div class=\"premium-pin elementor-invisible\" data-lng=\"25.349703661922366\" data-lat=\"47.34059619174859\" data-icon=\"\" data-icon-size=\"\" data-max-width=\"1000\" data-activated=\"\">\r\n\t\t\t\t\t\t\t\t\t<div class='premium-maps-info-container'>\r\n\r\n\t\t\t\t\t\t<div class='premium-maps-title-wrap'>\r\n\t\t\t\t\t\t\t<p class='premium-maps-info-title'>Die Skipiste Vatra Dornei<\/p>\r\n\t\t\t\t\t\t<\/div>\r\n\r\n\t\t\t\t\t\t<div class='premium-maps-info-desc'>\r\n\t\t\t\t\t\t\t<p><br \/>Die Skipiste ist ein faszinierendes Ziel f\u00fcr Wintersportliebhaber. <br\/>Mit einer L\u00e4nge von etwa 1,8 km und einem H\u00f6henunterschied <br\/>von 300 Metern geh\u00f6rt sie zu den beeindruckendsten<br\/> Skipisten in Rum\u00e4nien.<\/p>\t\t\t\t\t\t<\/div>\r\n\r\n\t\t\t\t\t<\/div>\r\n\t\t\t\t\t\t\t<\/div>\r\n\r\n\t\t\r\n\t\t\t\t\t\r\n\t\t\t<div class=\"premium-pin elementor-invisible\" data-lng=\"25.526070811689905\" data-lat=\"47.45965143338693\" data-icon=\"\" data-icon-size=\"\" data-max-width=\"1000\" data-activated=\"\">\r\n\t\t\t\t\t\t\t\t\t<div class='premium-maps-info-container'>\r\n\r\n\t\t\t\t\t\t<div class='premium-maps-title-wrap'>\r\n\t\t\t\t\t\t\t<p class='premium-maps-info-title'>Transrar\u0103u<\/p>\r\n\t\t\t\t\t\t<\/div>\r\n\r\n\t\t\t\t\t\t<div class='premium-maps-info-desc'>\r\n\t\t\t\t\t\t\t<br>Transrar\u0103u lockt mit spektakul\u00e4ren Berglandschaften und Abenteuern in der Natur. <br\/>Diese Bergregion im NordenRum\u00e4niens ist bekannt f\u00fcr ihre malerische Sch\u00f6nheit und <br\/> eignet  sich sowohl f\u00fcr Wanderungen als auch zur Entspannung.\t\t\t\t\t\t<\/div>\r\n\r\n\t\t\t\t\t<\/div>\r\n\t\t\t\t\t\t\t<\/div>\r\n\r\n\t\t\r\n\t\t\t\t\t\r\n\t\t\t<div class=\"premium-pin elementor-invisible\" data-lng=\"25.562267296567892\" data-lat=\"47.44798468098522\" data-icon=\"\" data-icon-size=\"\" data-max-width=\"1000\" data-activated=\"\">\r\n\t\t\t\t\t\t\t\t\t<div class='premium-maps-info-container'>\r\n\r\n\t\t\t\t\t\t<div class='premium-maps-title-wrap'>\r\n\t\t\t\t\t\t\t<p class='premium-maps-info-title'>Die Pietrele Doamnei im Rar\u0103u-Gebirge<\/p>\r\n\t\t\t\t\t\t<\/div>\r\n\r\n\t\t\t\t\t\t<div class='premium-maps-info-desc'>\r\n\t\t\t\t\t\t\t<br>Es ist ein Juwel der Natur in den Rar\u0103u-Bergen. Die spektakul\u00e4ren <br>Steinformationen, die wie T\u00fcrme und Felsen aussehen, <br> ziehen die Besucher mit ihrer m\u00e4rchenhaften Landschaft <br>und den Wanderm\u00f6glichkeiten an und verbl\u00fcffen sie.\t\t\t\t\t\t<\/div>\r\n\r\n\t\t\t\t\t<\/div>\r\n\t\t\t\t\t\t\t<\/div>\r\n\r\n\t\t\r\n\t\t\t\t\t\r\n\t\t\t<div class=\"premium-pin elementor-invisible\" data-lng=\"25.53635249820135\" data-lat=\"47.68893944503628\" data-icon=\"\" data-icon-size=\"\" data-max-width=\"1000\" data-activated=\"\">\r\n\t\t\t\t\t\t\t\t\t<div class='premium-maps-info-container'>\r\n\r\n\t\t\t\t\t\t<div class='premium-maps-title-wrap'>\r\n\t\t\t\t\t\t\t<p class='premium-maps-info-title'>Die Hu\u021bulca Schmalspurbahn<\/p>\r\n\t\t\t\t\t\t<\/div>\r\n\r\n\t\t\t\t\t\t<div class='premium-maps-info-desc'>\r\n\t\t\t\t\t\t\t<br>Die Hu\u021bulca Schmalspurbahn entf\u00fchrt Sie auf eine malerische Reise <br> ins Herz der Bukowina. Diese Dampflokomotive bietet eine <br>authentische Erfahrung vergangener Zugreisen und <br>enth\u00fcllt die Sch\u00f6nheit der Berglandschaft und <br> der traditionellen D\u00f6rfer.\t\t\t\t\t\t<\/div>\r\n\r\n\t\t\t\t\t<\/div>\r\n\t\t\t\t\t\t\t<\/div>\r\n\r\n\t\t\r\n\t\t\t\t\t\r\n\t\t\t<div class=\"premium-pin elementor-invisible\" data-lng=\"25.695738564471892\" data-lat=\"47.57160535765531\" data-icon=\"\" data-icon-size=\"\" data-max-width=\"1000\" data-activated=\"\">\r\n\t\t\t\t\t\t\t\t\t<div class='premium-maps-info-container'>\r\n\r\n\t\t\t\t\t\t<div class='premium-maps-title-wrap'>\r\n\t\t\t\t\t\t\t<p class='premium-maps-info-title'>Das Ei-Museum<\/p>\r\n\t\t\t\t\t\t<\/div>\r\n\r\n\t\t\t\t\t\t<div class='premium-maps-info-desc'>\r\n\t\t\t\t\t\t\t<br>Das Ei-Museum ist ein kultureller Schatz im Herzen der Bukowina, <br>wo Sie eine beeindruckende Sammlung von bemalten Eiern bewundern <br> k\u00f6nnen, von denen jedes ein einzigartiges Kunstwerk ist.\t\t\t\t\t\t<\/div>\r\n\r\n\t\t\t\t\t<\/div>\r\n\t\t\t\t\t\t\t<\/div>\r\n\r\n\t\t\r\n\t\t\t\t\t\r\n\t\t\t<div class=\"premium-pin elementor-invisible\" data-lng=\"25.695738564471892\" data-lat=\"47.8015834171872\" data-icon=\"\" data-icon-size=\"\" data-max-width=\"1000\" data-activated=\"\">\r\n\t\t\t\t\t\t\t\t\t<div class='premium-maps-info-container'>\r\n\r\n\t\t\t\t\t\t<div class='premium-maps-title-wrap'>\r\n\t\t\t\t\t\t\t<p class='premium-maps-info-title'>Das Keramikzentrum in Marginea<\/p>\r\n\t\t\t\t\t\t<\/div>\r\n\r\n\t\t\t\t\t\t<div class='premium-maps-info-desc'>\r\n\t\t\t\t\t\t\t<br>Entdecken Sie die Geheimnisse des traditionellen T\u00f6pferhandwerks. <br> Hier k\u00f6nnen Sie ein reiches kulturelles Erbe und erstaunliche <br> Kreationen in schwarzer Keramik, die typisch f\u00fcr die Region <br> sind, erkunden und die lokale Kunst und <br> Tradition erleben.\t\t\t\t\t\t<\/div>\r\n\r\n\t\t\t\t\t<\/div>\r\n\t\t\t\t\t\t\t<\/div>\r\n\r\n\t\t\r\n\t\t\t\t\t\r\n\t\t\t<div class=\"premium-pin elementor-invisible\" data-lng=\"25.175104969365165\" data-lat=\"47.65149946338904\" data-icon=\"\" data-icon-size=\"\" data-max-width=\"1000\" data-activated=\"\">\r\n\t\t\t\t\t\t\t\t\t<div class='premium-maps-info-container'>\r\n\r\n\t\t\t\t\t\t<div class='premium-maps-title-wrap'>\r\n\t\t\t\t\t\t\t<p class='premium-maps-info-title'>Das Gest\u00fct Lucina<\/p>\r\n\t\t\t\t\t\t<\/div>\r\n\r\n\t\t\t\t\t\t<div class='premium-maps-info-desc'>\r\n\t\t\t\t\t\t\t<br>Das Gest\u00fct Lucina befindet sich mitten in der Natur, <br> wo Sie die eleganten Lipizzanerpferde bewundern <br> und mit ihnen interagieren k\u00f6nnen, die f\u00fcr<br> ihre Sch\u00f6nheit und Noblesse bekannt sind.\t\t\t\t\t\t<\/div>\r\n\r\n\t\t\t\t\t<\/div>\r\n\t\t\t\t\t\t\t<\/div>\r\n\r\n\t\t\r\n\t\t\t\t\t\r\n\t\t\t<div class=\"premium-pin elementor-invisible\" data-lng=\"26.2705813963539\" data-lat=\"47.645220687390044\" data-icon=\"\" data-icon-size=\"\" data-max-width=\"1000\" data-activated=\"\">\r\n\t\t\t\t\t\t\t\t\t<div class='premium-maps-info-container'>\r\n\r\n\t\t\t\t\t\t<div class='premium-maps-title-wrap'>\r\n\t\t\t\t\t\t\t<p class='premium-maps-info-title'>Die Burg von Suceava<\/p>\r\n\t\t\t\t\t\t<\/div>\r\n\r\n\t\t\t\t\t\t<div class='premium-maps-info-desc'>\r\n\t\t\t\t\t\t\t<br>Es bietet ein Fenster in die Geschichte und den Ruhm Moldawiens. <br>Diese beeindruckende Festung, im 14. Jahrhundert erbaut, <br>dient als Zeugnis der reichen Vergangenheit der Region und <br>erm\u00f6glicht es Ihnen, die Geheimnisse und historischen Geschichten <br>inmitten einer malerischen Landschaft zu erkunden.\t\t\t\t\t\t<\/div>\r\n\r\n\t\t\t\t\t<\/div>\r\n\t\t\t\t\t\t\t<\/div>\r\n\r\n\t\t\r\n\t\t\t\t\t\r\n\t\t\t<div class=\"premium-pin elementor-invisible\" data-lng=\"25.86419878470247\" data-lat=\"47.51720915184688\" data-icon=\"\" data-icon-size=\"\" data-max-width=\"1000\" data-activated=\"\">\r\n\t\t\t\t\t\t\t\t\t<div class='premium-maps-info-container'>\r\n\r\n\t\t\t\t\t\t<div class='premium-maps-title-wrap'>\r\n\t\t\t\t\t\t\t<p class='premium-maps-info-title'>Das Kloster Vorone\u021b<\/p>\r\n\t\t\t\t\t\t<\/div>\r\n\r\n\t\t\t\t\t\t<div class='premium-maps-info-desc'>\r\n\t\t\t\t\t\t\t<br>Das Kloster Vorone\u021b, auch als &#8222;Sixtinische Kapelle des Ostens&#8220; <br>bekannt, beeindruckt mit seinen lebendig bunten Fresken und <br>einer reichen spirituellen und kulturellen Geschichte, und ist ein <br>bedeutender Ort der rum\u00e4nischen Kunst und Religion.\t\t\t\t\t\t<\/div>\r\n\r\n\t\t\t\t\t<\/div>\r\n\t\t\t\t\t\t\t<\/div>\r\n\r\n\t\t\r\n\t\t\t\t\t\r\n\t\t\t<div class=\"premium-pin elementor-invisible\" data-lng=\"25.712097801083708\" data-lat=\"47.78376475910426\" data-icon=\"\" data-icon-size=\"\" data-max-width=\"1000\" data-activated=\"\">\r\n\t\t\t\t\t\t\t\t\t<div class='premium-maps-info-container'>\r\n\r\n\t\t\t\t\t\t<div class='premium-maps-title-wrap'>\r\n\t\t\t\t\t\t\t<p class='premium-maps-info-title'>Das Kloster Sucevi\u021ba<\/p>\r\n\t\t\t\t\t\t<\/div>\r\n\r\n\t\t\t\t\t\t<div class='premium-maps-info-desc'>\r\n\t\t\t\t\t\t\t<br>Ein emblematischer Ort der rum\u00e4nischen mittelalterlichen Kunst, <br>reich an Tradition und Spiritualit\u00e4t, bekannt f\u00fcr seine lebendig <br>bunten Fresken und die biblischen Geschichten, die sie <br>darstellen, und bietet somit eine fesselnde Reise in die kulturelle <br>und religi\u00f6se Vergangenheit des Landes.\t\t\t\t\t\t<\/div>\r\n\r\n\t\t\t\t\t<\/div>\r\n\t\t\t\t\t\t\t<\/div>\r\n\r\n\t\t\r\n\t\t\t\t\t\r\n\t\t\t<div class=\"premium-pin elementor-invisible\" data-lng=\"25.57117489820066\" data-lat=\"47.657221690415845\" data-icon=\"\" data-icon-size=\"\" data-max-width=\"1000\" data-activated=\"\">\r\n\t\t\t\t\t\t\t\t\t<div class='premium-maps-info-container'>\r\n\r\n\t\t\t\t\t\t<div class='premium-maps-title-wrap'>\r\n\t\t\t\t\t\t\t<p class='premium-maps-info-title'>Das Kloster Moldovi\u021ba<\/p>\r\n\t\t\t\t\t\t<\/div>\r\n\r\n\t\t\t\t\t\t<div class='premium-maps-info-desc'>\r\n\t\t\t\t\t\t\t<br>Gelegen in der wundersch\u00f6nen Bukowina, ist es ein Schatz der <br>rum\u00e4nischen Kunst, reich an Tradition und Spiritualit\u00e4t. Es bietet <br>eine fesselnde Reise in das kulturelle und <br>religi\u00f6se Erbe des Landes.\t\t\t\t\t\t<\/div>\r\n\r\n\t\t\t\t\t<\/div>\r\n\t\t\t\t\t\t\t<\/div>\r\n\r\n\t\t\r\n\t\t\t\t\t\r\n\t\t\t<div class=\"premium-pin elementor-invisible\" data-lng=\"25.854073954023026\" data-lat=\"47.593923062496586\" data-icon=\"\" data-icon-size=\"\" data-max-width=\"1000\" data-activated=\"\">\r\n\t\t\t\t\t\t\t\t\t<div class='premium-maps-info-container'>\r\n\r\n\t\t\t\t\t\t<div class='premium-maps-title-wrap'>\r\n\t\t\t\t\t\t\t<p class='premium-maps-info-title'>Das Kloster Humor<\/p>\r\n\t\t\t\t\t\t<\/div>\r\n\r\n\t\t\t\t\t\t<div class='premium-maps-info-desc'>\r\n\t\t\t\t\t\t\t<br>Im Herzen der Bukowina strahlt es wie ein Schatz des nationalen <br>Erbes und repr\u00e4sentiert einen einzigartigen Ort, an dem Kunst, <br>Spiritualit\u00e4t und Tradition zusammenkommen. Im Herzen <br> der Bukowina strahlt es wie ein Schatz des nationalen Erbes und <br>repr\u00e4sentiert einen einzigartigen Ort, an dem Kunst, Spiritualit\u00e4t <br>und Tradition zusammenkommen.\t\t\t\t\t\t<\/div>\r\n\r\n\t\t\t\t\t<\/div>\r\n\t\t\t\t\t\t\t<\/div>\r\n\r\n\t\t\r\n\t\t\t\t\t\r\n\t\t\t<div class=\"premium-pin elementor-invisible\" data-lng=\"25.898134966590185\" data-lat=\"47.639420612888344\" data-icon=\"\" data-icon-size=\"\" data-max-width=\"1000\" data-activated=\"\">\r\n\t\t\t\t\t\t\t\t\t<div class='premium-maps-info-container'>\r\n\r\n\t\t\t\t\t\t<div class='premium-maps-title-wrap'>\r\n\t\t\t\t\t\t\t<p class='premium-maps-info-title'>Die Salzmine Cacica<\/p>\r\n\t\t\t\t\t\t<\/div>\r\n\r\n\t\t\t\t\t\t<div class='premium-maps-info-desc'>\r\n\t\t\t\t\t\t\t<br>In einer Tiefe von etwa 50 Metern bietet es Ihnen eine <br>faszinierende Reise in die wunderbare Welt des Salzes. <br>Mit spektakul\u00e4ren Formationen und einer reichen Geschichte <br>wird diese Salzmine Sie mit erstaunlichen unterirdischen <br>Landschaften und einzigartigen Entdeckungen \u00fcberraschen.\t\t\t\t\t\t<\/div>\r\n\r\n\t\t\t\t\t<\/div>\r\n\t\t\t\t\t\t\t<\/div>\r\n\r\n\t\t\r\n\t\t\t\t\t\r\n\t\t\t<div class=\"premium-pin elementor-invisible\" data-lng=\"25.55385555205754\" data-lat=\"47.53161423013666\" data-icon=\"\" data-icon-size=\"\" data-max-width=\"1000\" data-activated=\"\">\r\n\t\t\t\t\t\t\t\t\t<div class='premium-maps-info-container'>\r\n\r\n\t\t\t\t\t\t<div class='premium-maps-title-wrap'>\r\n\t\t\t\t\t\t\t<p class='premium-maps-info-title'>Das Museum f\u00fcr Holzkunst<\/p>\r\n\t\t\t\t\t\t<\/div>\r\n\r\n\t\t\t\t\t\t<div class='premium-maps-info-desc'>\r\n\t\t\t\t\t\t\t<p><br \/>Ein Schatz traditioneller Handwerkskunst, in dem Sie <br>Holzskulpturen und M\u00f6bel mit erstaunlichen Details entdecken <br>werden, die die Geschicklichkeit der lokalen Handwerker in <br>einem faszinierenden historischen und kulturellen <br>Kontext illustrieren.<\/p>\t\t\t\t\t\t<\/div>\r\n\r\n\t\t\t\t\t<\/div>\r\n\t\t\t\t\t\t\t<\/div>\r\n\r\n\t\t\r\n\t\t\t\t\t\r\n\t\t\t<div class=\"premium-pin elementor-invisible\" data-lng=\"25.1060894126488\" data-lat=\"47.29147831525327\" data-icon=\"\" data-icon-size=\"\" data-max-width=\"1000\" data-activated=\"\">\r\n\t\t\t\t\t\t\t\t\t<div class='premium-maps-info-container'>\r\n\r\n\t\t\t\t\t\t<div class='premium-maps-title-wrap'>\r\n\t\t\t\t\t\t\t<p class='premium-maps-info-title'>Tinovul Mare Poiana Stampei<\/p>\r\n\t\t\t\t\t\t<\/div>\r\n\r\n\t\t\t\t\t\t<div class='premium-maps-info-desc'>\r\n\t\t\t\t\t\t\t<br>Die nat\u00fcrliche Perle der Bukowina. Hier offenbart sich die Natur <br>in ihrer Pracht, mit reicher Biodiversit\u00e4t und idyllischen <br>Landschaften. Der perfekte Ort f\u00fcr Wanderungen und <br>Vogelbeobachtungen inmitten einer wahren Oase <br>nat\u00fcrlicher Sch\u00f6nheit.\t\t\t\t\t\t<\/div>\r\n\r\n\t\t\t\t\t<\/div>\r\n\t\t\t\t\t\t\t<\/div>\r\n\r\n\t\t\r\n\t\t\t\t\t\r\n\t\t\t<div class=\"premium-pin elementor-invisible\" data-lng=\"25.612594562331918\" data-lat=\"47.47576651855397\" data-icon=\"\" data-icon-size=\"\" data-max-width=\"1000\" data-activated=\"\">\r\n\t\t\t\t\t\t\t\t\t<div class='premium-maps-info-container'>\r\n\r\n\t\t\t\t\t\t<div class='premium-maps-title-wrap'>\r\n\t\t\t\t\t\t\t<p class='premium-maps-info-title'>Die Schluchten des Teufelsm\u00fchlen<\/p>\r\n\t\t\t\t\t\t<\/div>\r\n\r\n\t\t\t\t\t\t<div class='premium-maps-info-desc'>\r\n\t\t\t\t\t\t\t<br>Ein wilder Ort der Natur, wo der Fluss die Felsen in einer <br>turbulenten Wasser- und beeindruckenden Tiefenschau <br>herausfordert. Ein unvergessliches Erlebnis f\u00fcr <br>Abenteuerliebhaber und Natursch\u00f6nheiten.\t\t\t\t\t\t<\/div>\r\n\r\n\t\t\t\t\t<\/div>\r\n\t\t\t\t\t\t\t<\/div>\r\n\r\n\t\t\r\n\t\t\t\t\t\r\n\t\t\t<div class=\"premium-pin elementor-invisible\" data-lng=\"24.64588587322665\" data-lat=\"47.598219833641544\" data-icon=\"\" data-icon-size=\"\" data-max-width=\"1000\" data-activated=\"\">\r\n\t\t\t\t\t\t\t\t\t<div class='premium-maps-info-container'>\r\n\r\n\t\t\t\t\t\t<div class='premium-maps-title-wrap'>\r\n\t\t\t\t\t\t\t<p class='premium-maps-info-title'>Der Iezer-See<\/p>\r\n\t\t\t\t\t\t<\/div>\r\n\r\n\t\t\t\t\t\t<div class='premium-maps-info-desc'>\r\n\t\t\t\t\t\t\t<br>Ein wundersch\u00f6nes Juwel der Karpaten, wo das kristallklare <br>Wasser die Pracht der umliegenden Berge widerspiegelt.<br> Ein Paradies f\u00fcr Naturliebhaber und Wanderer, wo Stille und <br><br>wilde Sch\u00f6nheit dich umgeben.\t\t\t\t\t\t<\/div>\r\n\r\n\t\t\t\t\t<\/div>\r\n\t\t\t\t\t\t\t<\/div>\r\n\r\n\t\t\r\n\t\t\t\t\t\r\n\t\t\t<\/div>\r\n\r\n\t\t\r\n\t<\/div>\r\n\r\n\t\t\t\t\t\t<\/div>\n\t\t\t\t<\/div>\n\t\t\t\t\t<\/div>\n\t\t<\/div>\n\t\t\t\t\t<\/div>\n\t\t<\/section>\n\t\t\t\t<\/div>\n\t\t","protected":false},"excerpt":{"rendered":"<p>TOURISTENATTRAKTIONEN Ein Berggebiet bietet eine vielf\u00e4ltige Auswahl an Touristenattraktionen f\u00fcr jeden Geschmack. In diesen Gebieten k\u00f6nnen Touristen die spektakul\u00e4ren Landschaften, die frische und saubere Luft sowie eine Vielzahl von Aktivit\u00e4ten im Freien genie\u00dfen. Toate Atrac\u021bii turistice Cultur\u0103 Natur\u0103 Muzeul Arta Lemnului Muzeul Arta Lemnului Tinovul Mare Poiana Stampei Tinovul Mare Poiana Stampei Cheile Moara Dracului [&hellip;]<\/p>\n","protected":false},"author":1,"featured_media":0,"parent":0,"menu_order":0,"comment_status":"closed","ping_status":"closed","template":"elementor_header_footer","meta":{"footnotes":""},"class_list":["post-6091","page","type-page","status-publish","hentry"],"_links":{"self":[{"href":"https:\/\/constantinbucovina.ro\/de\/wp-json\/wp\/v2\/pages\/6091","targetHints":{"allow":["GET"]}}],"collection":[{"href":"https:\/\/constantinbucovina.ro\/de\/wp-json\/wp\/v2\/pages"}],"about":[{"href":"https:\/\/constantinbucovina.ro\/de\/wp-json\/wp\/v2\/types\/page"}],"author":[{"embeddable":true,"href":"https:\/\/constantinbucovina.ro\/de\/wp-json\/wp\/v2\/users\/1"}],"replies":[{"embeddable":true,"href":"https:\/\/constantinbucovina.ro\/de\/wp-json\/wp\/v2\/comments?post=6091"}],"version-history":[{"count":38,"href":"https:\/\/constantinbucovina.ro\/de\/wp-json\/wp\/v2\/pages\/6091\/revisions"}],"predecessor-version":[{"id":6326,"href":"https:\/\/constantinbucovina.ro\/de\/wp-json\/wp\/v2\/pages\/6091\/revisions\/6326"}],"wp:attachment":[{"href":"https:\/\/constantinbucovina.ro\/de\/wp-json\/wp\/v2\/media?parent=6091"}],"curies":[{"name":"wp","href":"https:\/\/api.w.org\/{rel}","templated":true}]}}