{"id":6459,"date":"2023-02-15T09:46:49","date_gmt":"2023-02-15T07:46:49","guid":{"rendered":"https:\/\/constantinbucovina.ro\/attrazioni-turistiche\/"},"modified":"2023-09-19T15:03:23","modified_gmt":"2023-09-19T12:03:23","slug":"attrazioni-turistiche","status":"publish","type":"page","link":"https:\/\/constantinbucovina.ro\/it\/attrazioni-turistiche\/","title":{"rendered":"Attrazioni turistiche"},"content":{"rendered":"\t\t<div data-elementor-type=\"wp-page\" data-elementor-id=\"6459\" class=\"elementor elementor-6459 elementor-2624\" data-elementor-post-type=\"page\">\n\t\t\t\t\t\t<section class=\"elementor-section elementor-top-section elementor-element elementor-element-33007e7 elementor-section-boxed elementor-section-height-default elementor-section-height-default\" data-id=\"33007e7\" data-element_type=\"section\">\n\t\t\t\t\t\t<div class=\"elementor-container elementor-column-gap-no\">\n\t\t\t\t\t<div class=\"elementor-column elementor-col-100 elementor-top-column elementor-element elementor-element-da775ce\" data-id=\"da775ce\" data-element_type=\"column\">\n\t\t\t<div class=\"elementor-widget-wrap elementor-element-populated\">\n\t\t\t\t\t\t<div class=\"elementor-element elementor-element-ac8d0e8 custom-title elementor-widget elementor-widget-heading\" data-id=\"ac8d0e8\" data-element_type=\"widget\" data-widget_type=\"heading.default\">\n\t\t\t\t<div class=\"elementor-widget-container\">\n\t\t\t\t\t<h2 class=\"elementor-heading-title elementor-size-default\">ATTRAZIONI TURISTICHE<\/h2>\t\t\t\t<\/div>\n\t\t\t\t<\/div>\n\t\t\t\t<div class=\"elementor-element elementor-element-d1f1960 elementor-widget elementor-widget-image\" data-id=\"d1f1960\" data-element_type=\"widget\" data-widget_type=\"image.default\">\n\t\t\t\t<div class=\"elementor-widget-container\">\n\t\t\t\t\t\t\t\t\t\t\t\t\t\t\t<img fetchpriority=\"high\" decoding=\"async\" width=\"736\" height=\"91\" src=\"https:\/\/constantinbucovina.ro\/wp-content\/uploads\/2023\/01\/Group-702-1.png\" class=\"attachment-full size-full wp-image-331\" alt=\"\" srcset=\"https:\/\/constantinbucovina.ro\/wp-content\/uploads\/2023\/01\/Group-702-1.png 736w, https:\/\/constantinbucovina.ro\/wp-content\/uploads\/2023\/01\/Group-702-1-300x37.png 300w\" sizes=\"(max-width: 736px) 100vw, 736px\" \/>\t\t\t\t\t\t\t\t\t\t\t\t\t\t\t<\/div>\n\t\t\t\t<\/div>\n\t\t\t\t<div class=\"elementor-element elementor-element-fe117a1 elementor-widget elementor-widget-text-editor\" data-id=\"fe117a1\" data-element_type=\"widget\" data-widget_type=\"text-editor.default\">\n\t\t\t\t<div class=\"elementor-widget-container\">\n\t\t\t\t\t\t\t\t\t<p>Una zona di montagna offre una variet\u00e0 di attrazioni turistiche per tutti i gusti. In queste zone, i turisti possono godere di panorami spettacolari, aria fresca e pulita, oltre a una serie di attivit\u00e0 all&#8217;aperto.<\/p>\n\t\t\t\t\t\t\t\t<\/div>\n\t\t\t\t<\/div>\n\t\t\t\t<div class=\"elementor-element elementor-element-ad38fa1 atractii-turistice-overlay premium-blog-align-left elementor-widget elementor-widget-premium-addon-blog\" data-id=\"ad38fa1\" data-element_type=\"widget\" data-settings=\"{&quot;premium_blog_columns_number&quot;:&quot;25%&quot;,&quot;premium_blog_grid&quot;:&quot;yes&quot;,&quot;premium_blog_layout&quot;:&quot;even&quot;,&quot;premium_blog_columns_number_tablet&quot;:&quot;50%&quot;,&quot;premium_blog_columns_number_mobile&quot;:&quot;100%&quot;,&quot;scroll_to_offset&quot;:&quot;yes&quot;,&quot;filter_flag&quot;:&quot;cat&quot;}\" data-widget_type=\"premium-addon-blog.default\">\n\t\t\t\t<div class=\"elementor-widget-container\">\n\t\t\t\t\t\r\n\t\t\t\t\t\t\t<div class=\"premium-blog-filter\">\r\n\t\t\t<ul class=\"premium-blog-filters-container\">\r\n\t\t\t\t\t\t\t\t\t<li>\r\n\t\t\t\t\t\t<a href=\"javascript:;\" class=\"category active\" data-filter=\"*\">\r\n\t\t\t\t\t\t\tToate\t\t\t\t\t\t<\/a>\r\n\t\t\t\t\t<\/li>\r\n\t\t\t\t\t\t\t\t\t\t\t\t\t\t<li>\r\n\t\t\t\t\t\t\t<a href=\"javascript:;\" class=\"category\" data-filter=\"cultura-it\">\r\n\t\t\t\t\t\t\t\tCultura\t\t\t\t\t\t\t<\/a>\r\n\t\t\t\t\t\t<\/li>\r\n\t\t\t\t\t\t\t\t\t\t<li>\r\n\t\t\t\t\t\t\t<a href=\"javascript:;\" class=\"category\" data-filter=\"natura-it\">\r\n\t\t\t\t\t\t\t\tNatura\t\t\t\t\t\t\t<\/a>\r\n\t\t\t\t\t\t<\/li>\r\n\t\t\t\t\t\t\t<\/ul>\r\n\t\t<\/div>\r\n\t\t\t\t\r\n\r\n\t\t\t\t<div class=\"premium-blog-wrap  premium-blog-even\" data-page=\"6459\">\r\n\t\t\t\t\t\t\t\t\t<div class=\"premium-blog-post-outer-container cultura-it storia\" data-total=\"1\">\r\n\t\t\t<div class=\"premium-blog-post-container premium-blog-skin-banner\">\r\n\t\t\t\t\t\t\t\t\t<div class=\"premium-blog-thumb-effect-wrapper\">\r\n\t\t\t\t\t\t<div class=\"premium-blog-thumbnail-container premium-blog-zoomin-effect\">\r\n\t\t\t\t\t\t\t<img decoding=\"async\" width=\"1703\" height=\"1135\" src=\"https:\/\/constantinbucovina.ro\/wp-content\/uploads\/2023\/02\/muzeul-lemnului.jpg\" class=\"attachment-full size-full wp-image-6592\" alt=\"\" srcset=\"https:\/\/constantinbucovina.ro\/wp-content\/uploads\/2023\/02\/muzeul-lemnului.jpg 1703w, https:\/\/constantinbucovina.ro\/wp-content\/uploads\/2023\/02\/muzeul-lemnului-300x200.jpg 300w, https:\/\/constantinbucovina.ro\/wp-content\/uploads\/2023\/02\/muzeul-lemnului-1024x682.jpg 1024w, https:\/\/constantinbucovina.ro\/wp-content\/uploads\/2023\/02\/muzeul-lemnului-768x512.jpg 768w, https:\/\/constantinbucovina.ro\/wp-content\/uploads\/2023\/02\/muzeul-lemnului-1536x1024.jpg 1536w\" sizes=\"(max-width: 1703px) 100vw, 1703px\" \/>\t\t\t\t\t\t<\/div>\r\n\t\t\t\t\t\t\t\t\t\t\t\t\t<div class=\"premium-blog-thumbnail-overlay\">\r\n\t\t\t\t\t\t\t\t<a class=\"elementor-icon\" href=\"https:\/\/constantinbucovina.ro\/it\/muzeo-dellarte-del-legno\/\" target=\"_blank\"><\/a>\r\n\t\t\t\t\t\t\t<\/div>\r\n\r\n\t\t\t\t\t\t\t\t\t\t\t\t\t\t\t\t\t\t<\/div>\r\n\t\t\t\t\t\t\t\t\t\t\t\t<div class=\"premium-blog-content-wrapper \">\r\n\r\n\t\t\t\t\t<div class=\"premium-blog-inner-container\">\r\n\r\n\t\t\t\t\t\t\t\t\t\t\t\t\t\t<h2 class=\"premium-blog-entry-title\">\r\n\t\t\t<a href=\"https:\/\/constantinbucovina.ro\/it\/muzeo-dellarte-del-legno\/\" target=\"_blank\">\r\n\t\t\t\tMuseo dell&#8217;Arte del Legno\t\t\t<\/a>\r\n\t\t<\/h2>\r\n\t\t\t\t<div class=\"premium-blog-entry-meta\">\r\n\t\t\t\r\n\t\t\t\r\n\t\t\t\r\n\t\t\t\t\t<\/div>\r\n\t\t\r\n\t\t\t\t\t<\/div>\r\n\r\n\t\t\t\t\t\t\t\t\t\t\r\n\t\t\t\t<\/div>\r\n\t\t\t<\/div>\r\n\t\t<\/div>\r\n\r\n\t\t\t\t<div class=\"premium-blog-post-outer-container natura-it\" data-total=\"1\">\r\n\t\t\t<div class=\"premium-blog-post-container premium-blog-skin-banner\">\r\n\t\t\t\t\t\t\t\t\t<div class=\"premium-blog-thumb-effect-wrapper\">\r\n\t\t\t\t\t\t<div class=\"premium-blog-thumbnail-container premium-blog-zoomin-effect\">\r\n\t\t\t\t\t\t\t<img decoding=\"async\" width=\"1200\" height=\"900\" src=\"https:\/\/constantinbucovina.ro\/wp-content\/uploads\/2023\/02\/Poiana-Stampei-Peat-Bog-Tinovul-Mare-Romania-4-min.jpg\" class=\"attachment-full size-full wp-image-6595\" alt=\"\" srcset=\"https:\/\/constantinbucovina.ro\/wp-content\/uploads\/2023\/02\/Poiana-Stampei-Peat-Bog-Tinovul-Mare-Romania-4-min.jpg 1200w, https:\/\/constantinbucovina.ro\/wp-content\/uploads\/2023\/02\/Poiana-Stampei-Peat-Bog-Tinovul-Mare-Romania-4-min-300x225.jpg 300w, https:\/\/constantinbucovina.ro\/wp-content\/uploads\/2023\/02\/Poiana-Stampei-Peat-Bog-Tinovul-Mare-Romania-4-min-1024x768.jpg 1024w, https:\/\/constantinbucovina.ro\/wp-content\/uploads\/2023\/02\/Poiana-Stampei-Peat-Bog-Tinovul-Mare-Romania-4-min-768x576.jpg 768w\" sizes=\"(max-width: 1200px) 100vw, 1200px\" \/>\t\t\t\t\t\t<\/div>\r\n\t\t\t\t\t\t\t\t\t\t\t\t\t<div class=\"premium-blog-thumbnail-overlay\">\r\n\t\t\t\t\t\t\t\t<a class=\"elementor-icon\" href=\"https:\/\/constantinbucovina.ro\/it\/tinovul-mare-poiana-stampei\/\" target=\"_blank\"><\/a>\r\n\t\t\t\t\t\t\t<\/div>\r\n\r\n\t\t\t\t\t\t\t\t\t\t\t\t\t\t\t\t\t\t<\/div>\r\n\t\t\t\t\t\t\t\t\t\t\t\t<div class=\"premium-blog-content-wrapper \">\r\n\r\n\t\t\t\t\t<div class=\"premium-blog-inner-container\">\r\n\r\n\t\t\t\t\t\t\t\t\t\t\t\t\t\t<h2 class=\"premium-blog-entry-title\">\r\n\t\t\t<a href=\"https:\/\/constantinbucovina.ro\/it\/tinovul-mare-poiana-stampei\/\" target=\"_blank\">\r\n\t\t\t\tTinovul Mare Poiana Stampei\t\t\t<\/a>\r\n\t\t<\/h2>\r\n\t\t\t\t<div class=\"premium-blog-entry-meta\">\r\n\t\t\t\r\n\t\t\t\r\n\t\t\t\r\n\t\t\t\t\t<\/div>\r\n\t\t\r\n\t\t\t\t\t<\/div>\r\n\r\n\t\t\t\t\t\t\t\t\t\t\r\n\t\t\t\t<\/div>\r\n\t\t\t<\/div>\r\n\t\t<\/div>\r\n\r\n\t\t\t\t<div class=\"premium-blog-post-outer-container natura-it\" data-total=\"1\">\r\n\t\t\t<div class=\"premium-blog-post-container premium-blog-skin-banner\">\r\n\t\t\t\t\t\t\t\t\t<div class=\"premium-blog-thumb-effect-wrapper\">\r\n\t\t\t\t\t\t<div class=\"premium-blog-thumbnail-container premium-blog-zoomin-effect\">\r\n\t\t\t\t\t\t\t<img loading=\"lazy\" decoding=\"async\" width=\"1200\" height=\"797\" src=\"https:\/\/constantinbucovina.ro\/wp-content\/uploads\/2023\/02\/obiective-cheile-moara-dracului-02.jpg\" class=\"attachment-full size-full wp-image-6598\" alt=\"\" srcset=\"https:\/\/constantinbucovina.ro\/wp-content\/uploads\/2023\/02\/obiective-cheile-moara-dracului-02.jpg 1200w, https:\/\/constantinbucovina.ro\/wp-content\/uploads\/2023\/02\/obiective-cheile-moara-dracului-02-300x199.jpg 300w, https:\/\/constantinbucovina.ro\/wp-content\/uploads\/2023\/02\/obiective-cheile-moara-dracului-02-1024x680.jpg 1024w, https:\/\/constantinbucovina.ro\/wp-content\/uploads\/2023\/02\/obiective-cheile-moara-dracului-02-768x510.jpg 768w\" sizes=\"(max-width: 1200px) 100vw, 1200px\" \/>\t\t\t\t\t\t<\/div>\r\n\t\t\t\t\t\t\t\t\t\t\t\t\t<div class=\"premium-blog-thumbnail-overlay\">\r\n\t\t\t\t\t\t\t\t<a class=\"elementor-icon\" href=\"https:\/\/constantinbucovina.ro\/it\/le-gole-del-mulino-del-diavolo\/\" target=\"_blank\"><\/a>\r\n\t\t\t\t\t\t\t<\/div>\r\n\r\n\t\t\t\t\t\t\t\t\t\t\t\t\t\t\t\t\t\t<\/div>\r\n\t\t\t\t\t\t\t\t\t\t\t\t<div class=\"premium-blog-content-wrapper \">\r\n\r\n\t\t\t\t\t<div class=\"premium-blog-inner-container\">\r\n\r\n\t\t\t\t\t\t\t\t\t\t\t\t\t\t<h2 class=\"premium-blog-entry-title\">\r\n\t\t\t<a href=\"https:\/\/constantinbucovina.ro\/it\/le-gole-del-mulino-del-diavolo\/\" target=\"_blank\">\r\n\t\t\t\tLe Gole del Mulino del Diavolo\t\t\t<\/a>\r\n\t\t<\/h2>\r\n\t\t\t\t<div class=\"premium-blog-entry-meta\">\r\n\t\t\t\r\n\t\t\t\r\n\t\t\t\r\n\t\t\t\t\t<\/div>\r\n\t\t\r\n\t\t\t\t\t<\/div>\r\n\r\n\t\t\t\t\t\t\t\t\t\t\r\n\t\t\t\t<\/div>\r\n\t\t\t<\/div>\r\n\t\t<\/div>\r\n\r\n\t\t\t\t<div class=\"premium-blog-post-outer-container natura-it\" data-total=\"1\">\r\n\t\t\t<div class=\"premium-blog-post-container premium-blog-skin-banner\">\r\n\t\t\t\t\t\t\t\t\t<div class=\"premium-blog-thumb-effect-wrapper\">\r\n\t\t\t\t\t\t<div class=\"premium-blog-thumbnail-container premium-blog-zoomin-effect\">\r\n\t\t\t\t\t\t\t<img loading=\"lazy\" decoding=\"async\" width=\"1024\" height=\"678\" src=\"https:\/\/constantinbucovina.ro\/wp-content\/uploads\/2023\/02\/lacul-iezer.jpg\" class=\"attachment-full size-full wp-image-6601\" alt=\"\" srcset=\"https:\/\/constantinbucovina.ro\/wp-content\/uploads\/2023\/02\/lacul-iezer.jpg 1024w, https:\/\/constantinbucovina.ro\/wp-content\/uploads\/2023\/02\/lacul-iezer-300x199.jpg 300w, https:\/\/constantinbucovina.ro\/wp-content\/uploads\/2023\/02\/lacul-iezer-768x509.jpg 768w\" sizes=\"(max-width: 1024px) 100vw, 1024px\" \/>\t\t\t\t\t\t<\/div>\r\n\t\t\t\t\t\t\t\t\t\t\t\t\t<div class=\"premium-blog-thumbnail-overlay\">\r\n\t\t\t\t\t\t\t\t<a class=\"elementor-icon\" href=\"https:\/\/constantinbucovina.ro\/it\/lago-iezer\/\" target=\"_blank\"><\/a>\r\n\t\t\t\t\t\t\t<\/div>\r\n\r\n\t\t\t\t\t\t\t\t\t\t\t\t\t\t\t\t\t\t<\/div>\r\n\t\t\t\t\t\t\t\t\t\t\t\t<div class=\"premium-blog-content-wrapper \">\r\n\r\n\t\t\t\t\t<div class=\"premium-blog-inner-container\">\r\n\r\n\t\t\t\t\t\t\t\t\t\t\t\t\t\t<h2 class=\"premium-blog-entry-title\">\r\n\t\t\t<a href=\"https:\/\/constantinbucovina.ro\/it\/lago-iezer\/\" target=\"_blank\">\r\n\t\t\t\tLago Iezer\t\t\t<\/a>\r\n\t\t<\/h2>\r\n\t\t\t\t<div class=\"premium-blog-entry-meta\">\r\n\t\t\t\r\n\t\t\t\r\n\t\t\t\r\n\t\t\t\t\t<\/div>\r\n\t\t\r\n\t\t\t\t\t<\/div>\r\n\r\n\t\t\t\t\t\t\t\t\t\t\r\n\t\t\t\t<\/div>\r\n\t\t\t<\/div>\r\n\t\t<\/div>\r\n\r\n\t\t\t\t<div class=\"premium-blog-post-outer-container attrazioni-turistiche\" data-total=\"1\">\r\n\t\t\t<div class=\"premium-blog-post-container premium-blog-skin-banner\">\r\n\t\t\t\t\t\t\t\t\t<div class=\"premium-blog-thumb-effect-wrapper\">\r\n\t\t\t\t\t\t<div class=\"premium-blog-thumbnail-container premium-blog-zoomin-effect\">\r\n\t\t\t\t\t\t\t<img loading=\"lazy\" decoding=\"async\" width=\"1500\" height=\"999\" src=\"https:\/\/constantinbucovina.ro\/wp-content\/uploads\/2023\/02\/270-salina-cacica-28-1575964458.jpg\" class=\"attachment-full size-full wp-image-6471\" alt=\"\" srcset=\"https:\/\/constantinbucovina.ro\/wp-content\/uploads\/2023\/02\/270-salina-cacica-28-1575964458.jpg 1500w, https:\/\/constantinbucovina.ro\/wp-content\/uploads\/2023\/02\/270-salina-cacica-28-1575964458-300x200.jpg 300w, https:\/\/constantinbucovina.ro\/wp-content\/uploads\/2023\/02\/270-salina-cacica-28-1575964458-1024x682.jpg 1024w, https:\/\/constantinbucovina.ro\/wp-content\/uploads\/2023\/02\/270-salina-cacica-28-1575964458-768x511.jpg 768w\" sizes=\"(max-width: 1500px) 100vw, 1500px\" \/>\t\t\t\t\t\t<\/div>\r\n\t\t\t\t\t\t\t\t\t\t\t\t\t<div class=\"premium-blog-thumbnail-overlay\">\r\n\t\t\t\t\t\t\t\t<a class=\"elementor-icon\" href=\"https:\/\/constantinbucovina.ro\/it\/miniera-di-sale-cacica\/\" target=\"_blank\"><\/a>\r\n\t\t\t\t\t\t\t<\/div>\r\n\r\n\t\t\t\t\t\t\t\t\t\t\t\t\t\t\t\t\t\t<\/div>\r\n\t\t\t\t\t\t\t\t\t\t\t\t<div class=\"premium-blog-content-wrapper \">\r\n\r\n\t\t\t\t\t<div class=\"premium-blog-inner-container\">\r\n\r\n\t\t\t\t\t\t\t\t\t\t\t\t\t\t<h2 class=\"premium-blog-entry-title\">\r\n\t\t\t<a href=\"https:\/\/constantinbucovina.ro\/it\/miniera-di-sale-cacica\/\" target=\"_blank\">\r\n\t\t\t\tMiniera di sale Cacica\t\t\t<\/a>\r\n\t\t<\/h2>\r\n\t\t\t\t<div class=\"premium-blog-entry-meta\">\r\n\t\t\t\r\n\t\t\t\r\n\t\t\t\r\n\t\t\t\t\t<\/div>\r\n\t\t\r\n\t\t\t\t\t<\/div>\r\n\r\n\t\t\t\t\t\t\t\t\t\t\r\n\t\t\t\t<\/div>\r\n\t\t\t<\/div>\r\n\t\t<\/div>\r\n\r\n\t\t\t\t<div class=\"premium-blog-post-outer-container cultura-it storia\" data-total=\"1\">\r\n\t\t\t<div class=\"premium-blog-post-container premium-blog-skin-banner\">\r\n\t\t\t\t\t\t\t\t\t<div class=\"premium-blog-thumb-effect-wrapper\">\r\n\t\t\t\t\t\t<div class=\"premium-blog-thumbnail-container premium-blog-zoomin-effect\">\r\n\t\t\t\t\t\t\t<img loading=\"lazy\" decoding=\"async\" width=\"1068\" height=\"650\" src=\"https:\/\/constantinbucovina.ro\/wp-content\/uploads\/2023\/02\/Humor-1068x650-2.jpg\" class=\"attachment-full size-full wp-image-6607\" alt=\"\" srcset=\"https:\/\/constantinbucovina.ro\/wp-content\/uploads\/2023\/02\/Humor-1068x650-2.jpg 1068w, https:\/\/constantinbucovina.ro\/wp-content\/uploads\/2023\/02\/Humor-1068x650-2-300x183.jpg 300w, https:\/\/constantinbucovina.ro\/wp-content\/uploads\/2023\/02\/Humor-1068x650-2-1024x623.jpg 1024w, https:\/\/constantinbucovina.ro\/wp-content\/uploads\/2023\/02\/Humor-1068x650-2-768x467.jpg 768w\" sizes=\"(max-width: 1068px) 100vw, 1068px\" \/>\t\t\t\t\t\t<\/div>\r\n\t\t\t\t\t\t\t\t\t\t\t\t\t<div class=\"premium-blog-thumbnail-overlay\">\r\n\t\t\t\t\t\t\t\t<a class=\"elementor-icon\" href=\"https:\/\/constantinbucovina.ro\/it\/monastero-di-humor\/\" target=\"_blank\"><\/a>\r\n\t\t\t\t\t\t\t<\/div>\r\n\r\n\t\t\t\t\t\t\t\t\t\t\t\t\t\t\t\t\t\t<\/div>\r\n\t\t\t\t\t\t\t\t\t\t\t\t<div class=\"premium-blog-content-wrapper \">\r\n\r\n\t\t\t\t\t<div class=\"premium-blog-inner-container\">\r\n\r\n\t\t\t\t\t\t\t\t\t\t\t\t\t\t<h2 class=\"premium-blog-entry-title\">\r\n\t\t\t<a href=\"https:\/\/constantinbucovina.ro\/it\/monastero-di-humor\/\" target=\"_blank\">\r\n\t\t\t\tMonastero di Humor\t\t\t<\/a>\r\n\t\t<\/h2>\r\n\t\t\t\t<div class=\"premium-blog-entry-meta\">\r\n\t\t\t\r\n\t\t\t\r\n\t\t\t\r\n\t\t\t\t\t<\/div>\r\n\t\t\r\n\t\t\t\t\t<\/div>\r\n\r\n\t\t\t\t\t\t\t\t\t\t\r\n\t\t\t\t<\/div>\r\n\t\t\t<\/div>\r\n\t\t<\/div>\r\n\r\n\t\t\t\t<div class=\"premium-blog-post-outer-container cultura-it storia\" data-total=\"1\">\r\n\t\t\t<div class=\"premium-blog-post-container premium-blog-skin-banner\">\r\n\t\t\t\t\t\t\t\t\t<div class=\"premium-blog-thumb-effect-wrapper\">\r\n\t\t\t\t\t\t<div class=\"premium-blog-thumbnail-container premium-blog-zoomin-effect\">\r\n\t\t\t\t\t\t\t<img loading=\"lazy\" decoding=\"async\" width=\"1068\" height=\"779\" src=\"https:\/\/constantinbucovina.ro\/wp-content\/uploads\/2023\/02\/moldovita-1-1068x779-1.jpg\" class=\"attachment-full size-full wp-image-6470\" alt=\"\" srcset=\"https:\/\/constantinbucovina.ro\/wp-content\/uploads\/2023\/02\/moldovita-1-1068x779-1.jpg 1068w, https:\/\/constantinbucovina.ro\/wp-content\/uploads\/2023\/02\/moldovita-1-1068x779-1-300x219.jpg 300w, https:\/\/constantinbucovina.ro\/wp-content\/uploads\/2023\/02\/moldovita-1-1068x779-1-1024x747.jpg 1024w, https:\/\/constantinbucovina.ro\/wp-content\/uploads\/2023\/02\/moldovita-1-1068x779-1-768x560.jpg 768w\" sizes=\"(max-width: 1068px) 100vw, 1068px\" \/>\t\t\t\t\t\t<\/div>\r\n\t\t\t\t\t\t\t\t\t\t\t\t\t<div class=\"premium-blog-thumbnail-overlay\">\r\n\t\t\t\t\t\t\t\t<a class=\"elementor-icon\" href=\"https:\/\/constantinbucovina.ro\/it\/monastero-di-moldovita\/\" target=\"_blank\"><\/a>\r\n\t\t\t\t\t\t\t<\/div>\r\n\r\n\t\t\t\t\t\t\t\t\t\t\t\t\t\t\t\t\t\t<\/div>\r\n\t\t\t\t\t\t\t\t\t\t\t\t<div class=\"premium-blog-content-wrapper \">\r\n\r\n\t\t\t\t\t<div class=\"premium-blog-inner-container\">\r\n\r\n\t\t\t\t\t\t\t\t\t\t\t\t\t\t<h2 class=\"premium-blog-entry-title\">\r\n\t\t\t<a href=\"https:\/\/constantinbucovina.ro\/it\/monastero-di-moldovita\/\" target=\"_blank\">\r\n\t\t\t\tMonastero di Moldovi\u021ba\t\t\t<\/a>\r\n\t\t<\/h2>\r\n\t\t\t\t<div class=\"premium-blog-entry-meta\">\r\n\t\t\t\r\n\t\t\t\r\n\t\t\t\r\n\t\t\t\t\t<\/div>\r\n\t\t\r\n\t\t\t\t\t<\/div>\r\n\r\n\t\t\t\t\t\t\t\t\t\t\r\n\t\t\t\t<\/div>\r\n\t\t\t<\/div>\r\n\t\t<\/div>\r\n\r\n\t\t\t\t<div class=\"premium-blog-post-outer-container cultura-it storia\" data-total=\"1\">\r\n\t\t\t<div class=\"premium-blog-post-container premium-blog-skin-banner\">\r\n\t\t\t\t\t\t\t\t\t<div class=\"premium-blog-thumb-effect-wrapper\">\r\n\t\t\t\t\t\t<div class=\"premium-blog-thumbnail-container premium-blog-zoomin-effect\">\r\n\t\t\t\t\t\t\t<img loading=\"lazy\" decoding=\"async\" width=\"715\" height=\"800\" src=\"https:\/\/constantinbucovina.ro\/wp-content\/uploads\/2023\/02\/sucevita.jpg\" class=\"attachment-full size-full wp-image-6612\" alt=\"\" srcset=\"https:\/\/constantinbucovina.ro\/wp-content\/uploads\/2023\/02\/sucevita.jpg 715w, https:\/\/constantinbucovina.ro\/wp-content\/uploads\/2023\/02\/sucevita-268x300.jpg 268w\" sizes=\"(max-width: 715px) 100vw, 715px\" \/>\t\t\t\t\t\t<\/div>\r\n\t\t\t\t\t\t\t\t\t\t\t\t\t<div class=\"premium-blog-thumbnail-overlay\">\r\n\t\t\t\t\t\t\t\t<a class=\"elementor-icon\" href=\"https:\/\/constantinbucovina.ro\/it\/monastero-di-sucevita\/\" target=\"_blank\"><\/a>\r\n\t\t\t\t\t\t\t<\/div>\r\n\r\n\t\t\t\t\t\t\t\t\t\t\t\t\t\t\t\t\t\t<\/div>\r\n\t\t\t\t\t\t\t\t\t\t\t\t<div class=\"premium-blog-content-wrapper \">\r\n\r\n\t\t\t\t\t<div class=\"premium-blog-inner-container\">\r\n\r\n\t\t\t\t\t\t\t\t\t\t\t\t\t\t<h2 class=\"premium-blog-entry-title\">\r\n\t\t\t<a href=\"https:\/\/constantinbucovina.ro\/it\/monastero-di-sucevita\/\" target=\"_blank\">\r\n\t\t\t\tMonastero di Sucevi\u021ba\t\t\t<\/a>\r\n\t\t<\/h2>\r\n\t\t\t\t<div class=\"premium-blog-entry-meta\">\r\n\t\t\t\r\n\t\t\t\r\n\t\t\t\r\n\t\t\t\t\t<\/div>\r\n\t\t\r\n\t\t\t\t\t<\/div>\r\n\r\n\t\t\t\t\t\t\t\t\t\t\r\n\t\t\t\t<\/div>\r\n\t\t\t<\/div>\r\n\t\t<\/div>\r\n\r\n\t\t\t\t<div class=\"premium-blog-post-outer-container attrazioni-turistiche storia\" data-total=\"1\">\r\n\t\t\t<div class=\"premium-blog-post-container premium-blog-skin-banner\">\r\n\t\t\t\t\t\t\t\t\t<div class=\"premium-blog-thumb-effect-wrapper\">\r\n\t\t\t\t\t\t<div class=\"premium-blog-thumbnail-container premium-blog-zoomin-effect\">\r\n\t\t\t\t\t\t\t<img loading=\"lazy\" decoding=\"async\" width=\"1500\" height=\"650\" src=\"https:\/\/constantinbucovina.ro\/wp-content\/uploads\/2023\/02\/cetate-6-1500x650-1.jpg\" class=\"attachment-full size-full wp-image-6468\" alt=\"\" srcset=\"https:\/\/constantinbucovina.ro\/wp-content\/uploads\/2023\/02\/cetate-6-1500x650-1.jpg 1500w, https:\/\/constantinbucovina.ro\/wp-content\/uploads\/2023\/02\/cetate-6-1500x650-1-300x130.jpg 300w, https:\/\/constantinbucovina.ro\/wp-content\/uploads\/2023\/02\/cetate-6-1500x650-1-1024x444.jpg 1024w, https:\/\/constantinbucovina.ro\/wp-content\/uploads\/2023\/02\/cetate-6-1500x650-1-768x333.jpg 768w\" sizes=\"(max-width: 1500px) 100vw, 1500px\" \/>\t\t\t\t\t\t<\/div>\r\n\t\t\t\t\t\t\t\t\t\t\t\t\t<div class=\"premium-blog-thumbnail-overlay\">\r\n\t\t\t\t\t\t\t\t<a class=\"elementor-icon\" href=\"https:\/\/constantinbucovina.ro\/it\/la-fortezza-del-soglio-di-suceava\/\" target=\"_blank\"><\/a>\r\n\t\t\t\t\t\t\t<\/div>\r\n\r\n\t\t\t\t\t\t\t\t\t\t\t\t\t\t\t\t\t\t<\/div>\r\n\t\t\t\t\t\t\t\t\t\t\t\t<div class=\"premium-blog-content-wrapper \">\r\n\r\n\t\t\t\t\t<div class=\"premium-blog-inner-container\">\r\n\r\n\t\t\t\t\t\t\t\t\t\t\t\t\t\t<h2 class=\"premium-blog-entry-title\">\r\n\t\t\t<a href=\"https:\/\/constantinbucovina.ro\/it\/la-fortezza-del-soglio-di-suceava\/\" target=\"_blank\">\r\n\t\t\t\tLa Fortezza del Soglio di Suceava\t\t\t<\/a>\r\n\t\t<\/h2>\r\n\t\t\t\t<div class=\"premium-blog-entry-meta\">\r\n\t\t\t\r\n\t\t\t\r\n\t\t\t\r\n\t\t\t\t\t<\/div>\r\n\t\t\r\n\t\t\t\t\t<\/div>\r\n\r\n\t\t\t\t\t\t\t\t\t\t\r\n\t\t\t\t<\/div>\r\n\t\t\t<\/div>\r\n\t\t<\/div>\r\n\r\n\t\t\t\t<div class=\"premium-blog-post-outer-container attrazioni-turistiche\" data-total=\"1\">\r\n\t\t\t<div class=\"premium-blog-post-container premium-blog-skin-banner\">\r\n\t\t\t\t\t\t\t\t\t<div class=\"premium-blog-thumb-effect-wrapper\">\r\n\t\t\t\t\t\t<div class=\"premium-blog-thumbnail-container premium-blog-zoomin-effect\">\r\n\t\t\t\t\t\t\t<img loading=\"lazy\" decoding=\"async\" width=\"1511\" height=\"1000\" src=\"https:\/\/constantinbucovina.ro\/wp-content\/uploads\/2023\/02\/45.Centrul_de_ceramic_neagr_de_la_Marginea_3.jpg\" class=\"attachment-full size-full wp-image-6467\" alt=\"\" srcset=\"https:\/\/constantinbucovina.ro\/wp-content\/uploads\/2023\/02\/45.Centrul_de_ceramic_neagr_de_la_Marginea_3.jpg 1511w, https:\/\/constantinbucovina.ro\/wp-content\/uploads\/2023\/02\/45.Centrul_de_ceramic_neagr_de_la_Marginea_3-300x199.jpg 300w, https:\/\/constantinbucovina.ro\/wp-content\/uploads\/2023\/02\/45.Centrul_de_ceramic_neagr_de_la_Marginea_3-1024x678.jpg 1024w, https:\/\/constantinbucovina.ro\/wp-content\/uploads\/2023\/02\/45.Centrul_de_ceramic_neagr_de_la_Marginea_3-768x508.jpg 768w\" sizes=\"(max-width: 1511px) 100vw, 1511px\" \/>\t\t\t\t\t\t<\/div>\r\n\t\t\t\t\t\t\t\t\t\t\t\t\t<div class=\"premium-blog-thumbnail-overlay\">\r\n\t\t\t\t\t\t\t\t<a class=\"elementor-icon\" href=\"https:\/\/constantinbucovina.ro\/it\/centro-di-ceramica-di-marginea\/\" target=\"_blank\"><\/a>\r\n\t\t\t\t\t\t\t<\/div>\r\n\r\n\t\t\t\t\t\t\t\t\t\t\t\t\t\t\t\t\t\t<\/div>\r\n\t\t\t\t\t\t\t\t\t\t\t\t<div class=\"premium-blog-content-wrapper \">\r\n\r\n\t\t\t\t\t<div class=\"premium-blog-inner-container\">\r\n\r\n\t\t\t\t\t\t\t\t\t\t\t\t\t\t<h2 class=\"premium-blog-entry-title\">\r\n\t\t\t<a href=\"https:\/\/constantinbucovina.ro\/it\/centro-di-ceramica-di-marginea\/\" target=\"_blank\">\r\n\t\t\t\tCentro di Ceramica di Marginea\t\t\t<\/a>\r\n\t\t<\/h2>\r\n\t\t\t\t<div class=\"premium-blog-entry-meta\">\r\n\t\t\t\r\n\t\t\t\r\n\t\t\t\r\n\t\t\t\t\t<\/div>\r\n\t\t\r\n\t\t\t\t\t<\/div>\r\n\r\n\t\t\t\t\t\t\t\t\t\t\r\n\t\t\t\t<\/div>\r\n\t\t\t<\/div>\r\n\t\t<\/div>\r\n\r\n\t\t\t\t<div class=\"premium-blog-post-outer-container attrazioni-turistiche cultura-it storia\" data-total=\"1\">\r\n\t\t\t<div class=\"premium-blog-post-container premium-blog-skin-banner\">\r\n\t\t\t\t\t\t\t\t\t<div class=\"premium-blog-thumb-effect-wrapper\">\r\n\t\t\t\t\t\t<div class=\"premium-blog-thumbnail-container premium-blog-zoomin-effect\">\r\n\t\t\t\t\t\t\t<img loading=\"lazy\" decoding=\"async\" width=\"1024\" height=\"682\" src=\"https:\/\/constantinbucovina.ro\/wp-content\/uploads\/2023\/02\/mocanita.jpg\" class=\"attachment-full size-full wp-image-6619\" alt=\"\" srcset=\"https:\/\/constantinbucovina.ro\/wp-content\/uploads\/2023\/02\/mocanita.jpg 1024w, https:\/\/constantinbucovina.ro\/wp-content\/uploads\/2023\/02\/mocanita-300x200.jpg 300w, https:\/\/constantinbucovina.ro\/wp-content\/uploads\/2023\/02\/mocanita-768x512.jpg 768w\" sizes=\"(max-width: 1024px) 100vw, 1024px\" \/>\t\t\t\t\t\t<\/div>\r\n\t\t\t\t\t\t\t\t\t\t\t\t\t<div class=\"premium-blog-thumbnail-overlay\">\r\n\t\t\t\t\t\t\t\t<a class=\"elementor-icon\" href=\"https:\/\/constantinbucovina.ro\/it\/mocanita-hutulca\/\" target=\"_blank\"><\/a>\r\n\t\t\t\t\t\t\t<\/div>\r\n\r\n\t\t\t\t\t\t\t\t\t\t\t\t\t\t\t\t\t\t<\/div>\r\n\t\t\t\t\t\t\t\t\t\t\t\t<div class=\"premium-blog-content-wrapper \">\r\n\r\n\t\t\t\t\t<div class=\"premium-blog-inner-container\">\r\n\r\n\t\t\t\t\t\t\t\t\t\t\t\t\t\t<h2 class=\"premium-blog-entry-title\">\r\n\t\t\t<a href=\"https:\/\/constantinbucovina.ro\/it\/mocanita-hutulca\/\" target=\"_blank\">\r\n\t\t\t\tMoc\u0103ni\u021ba Hu\u021bulca\t\t\t<\/a>\r\n\t\t<\/h2>\r\n\t\t\t\t<div class=\"premium-blog-entry-meta\">\r\n\t\t\t\r\n\t\t\t\r\n\t\t\t\r\n\t\t\t\t\t<\/div>\r\n\t\t\r\n\t\t\t\t\t<\/div>\r\n\r\n\t\t\t\t\t\t\t\t\t\t\r\n\t\t\t\t<\/div>\r\n\t\t\t<\/div>\r\n\t\t<\/div>\r\n\r\n\t\t\t\t<div class=\"premium-blog-post-outer-container natura-it\" data-total=\"1\">\r\n\t\t\t<div class=\"premium-blog-post-container premium-blog-skin-banner\">\r\n\t\t\t\t\t\t\t\t\t<div class=\"premium-blog-thumb-effect-wrapper\">\r\n\t\t\t\t\t\t<div class=\"premium-blog-thumbnail-container premium-blog-zoomin-effect\">\r\n\t\t\t\t\t\t\t<img loading=\"lazy\" decoding=\"async\" width=\"1068\" height=\"452\" src=\"https:\/\/constantinbucovina.ro\/wp-content\/uploads\/2023\/02\/pietrele-doamnei.jpg\" class=\"attachment-full size-full wp-image-6622\" alt=\"\" srcset=\"https:\/\/constantinbucovina.ro\/wp-content\/uploads\/2023\/02\/pietrele-doamnei.jpg 1068w, https:\/\/constantinbucovina.ro\/wp-content\/uploads\/2023\/02\/pietrele-doamnei-300x127.jpg 300w, https:\/\/constantinbucovina.ro\/wp-content\/uploads\/2023\/02\/pietrele-doamnei-1024x433.jpg 1024w, https:\/\/constantinbucovina.ro\/wp-content\/uploads\/2023\/02\/pietrele-doamnei-768x325.jpg 768w\" sizes=\"(max-width: 1068px) 100vw, 1068px\" \/>\t\t\t\t\t\t<\/div>\r\n\t\t\t\t\t\t\t\t\t\t\t\t\t<div class=\"premium-blog-thumbnail-overlay\">\r\n\t\t\t\t\t\t\t\t<a class=\"elementor-icon\" href=\"https:\/\/constantinbucovina.ro\/it\/le-pietre-della-signora-rarau\/\" target=\"_blank\"><\/a>\r\n\t\t\t\t\t\t\t<\/div>\r\n\r\n\t\t\t\t\t\t\t\t\t\t\t\t\t\t\t\t\t\t<\/div>\r\n\t\t\t\t\t\t\t\t\t\t\t\t<div class=\"premium-blog-content-wrapper \">\r\n\r\n\t\t\t\t\t<div class=\"premium-blog-inner-container\">\r\n\r\n\t\t\t\t\t\t\t\t\t\t\t\t\t\t<h2 class=\"premium-blog-entry-title\">\r\n\t\t\t<a href=\"https:\/\/constantinbucovina.ro\/it\/le-pietre-della-signora-rarau\/\" target=\"_blank\">\r\n\t\t\t\tLe Pietre della Signora Rar\u0103u\t\t\t<\/a>\r\n\t\t<\/h2>\r\n\t\t\t\t<div class=\"premium-blog-entry-meta\">\r\n\t\t\t\r\n\t\t\t\r\n\t\t\t\r\n\t\t\t\t\t<\/div>\r\n\t\t\r\n\t\t\t\t\t<\/div>\r\n\r\n\t\t\t\t\t\t\t\t\t\t\r\n\t\t\t\t<\/div>\r\n\t\t\t<\/div>\r\n\t\t<\/div>\r\n\r\n\t\t\t\t<div class=\"premium-blog-post-outer-container attrazioni-turistiche natura-it\" data-total=\"1\">\r\n\t\t\t<div class=\"premium-blog-post-container premium-blog-skin-banner\">\r\n\t\t\t\t\t\t\t\t\t<div class=\"premium-blog-thumb-effect-wrapper\">\r\n\t\t\t\t\t\t<div class=\"premium-blog-thumbnail-container premium-blog-zoomin-effect\">\r\n\t\t\t\t\t\t\t<img loading=\"lazy\" decoding=\"async\" width=\"630\" height=\"426\" src=\"https:\/\/constantinbucovina.ro\/wp-content\/uploads\/2023\/02\/partia-parc-vatra-dornei-e1676635201606.jpg\" class=\"attachment-full size-full wp-image-6625\" alt=\"\" srcset=\"https:\/\/constantinbucovina.ro\/wp-content\/uploads\/2023\/02\/partia-parc-vatra-dornei-e1676635201606.jpg 630w, https:\/\/constantinbucovina.ro\/wp-content\/uploads\/2023\/02\/partia-parc-vatra-dornei-e1676635201606-300x203.jpg 300w\" sizes=\"(max-width: 630px) 100vw, 630px\" \/>\t\t\t\t\t\t<\/div>\r\n\t\t\t\t\t\t\t\t\t\t\t\t\t<div class=\"premium-blog-thumbnail-overlay\">\r\n\t\t\t\t\t\t\t\t<a class=\"elementor-icon\" href=\"https:\/\/constantinbucovina.ro\/it\/pista-da-sci-vatra-dornei\/\" target=\"_blank\"><\/a>\r\n\t\t\t\t\t\t\t<\/div>\r\n\r\n\t\t\t\t\t\t\t\t\t\t\t\t\t\t\t\t\t\t<\/div>\r\n\t\t\t\t\t\t\t\t\t\t\t\t<div class=\"premium-blog-content-wrapper \">\r\n\r\n\t\t\t\t\t<div class=\"premium-blog-inner-container\">\r\n\r\n\t\t\t\t\t\t\t\t\t\t\t\t\t\t<h2 class=\"premium-blog-entry-title\">\r\n\t\t\t<a href=\"https:\/\/constantinbucovina.ro\/it\/pista-da-sci-vatra-dornei\/\" target=\"_blank\">\r\n\t\t\t\tPista da sci Vatra Dornei\t\t\t<\/a>\r\n\t\t<\/h2>\r\n\t\t\t\t<div class=\"premium-blog-entry-meta\">\r\n\t\t\t\r\n\t\t\t\r\n\t\t\t\r\n\t\t\t\t\t<\/div>\r\n\t\t\r\n\t\t\t\t\t<\/div>\r\n\r\n\t\t\t\t\t\t\t\t\t\t\r\n\t\t\t\t<\/div>\r\n\t\t\t<\/div>\r\n\t\t<\/div>\r\n\r\n\t\t\t\t<div class=\"premium-blog-post-outer-container attrazioni-turistiche natura-it\" data-total=\"1\">\r\n\t\t\t<div class=\"premium-blog-post-container premium-blog-skin-banner\">\r\n\t\t\t\t\t\t\t\t\t<div class=\"premium-blog-thumb-effect-wrapper\">\r\n\t\t\t\t\t\t<div class=\"premium-blog-thumbnail-container premium-blog-zoomin-effect\">\r\n\t\t\t\t\t\t\t<img loading=\"lazy\" decoding=\"async\" width=\"800\" height=\"344\" src=\"https:\/\/constantinbucovina.ro\/wp-content\/uploads\/2023\/02\/gura-humorului-partie.jpg\" class=\"attachment-full size-full wp-image-6628\" alt=\"\" srcset=\"https:\/\/constantinbucovina.ro\/wp-content\/uploads\/2023\/02\/gura-humorului-partie.jpg 800w, https:\/\/constantinbucovina.ro\/wp-content\/uploads\/2023\/02\/gura-humorului-partie-300x129.jpg 300w, https:\/\/constantinbucovina.ro\/wp-content\/uploads\/2023\/02\/gura-humorului-partie-768x330.jpg 768w\" sizes=\"(max-width: 800px) 100vw, 800px\" \/>\t\t\t\t\t\t<\/div>\r\n\t\t\t\t\t\t\t\t\t\t\t\t\t<div class=\"premium-blog-thumbnail-overlay\">\r\n\t\t\t\t\t\t\t\t<a class=\"elementor-icon\" href=\"https:\/\/constantinbucovina.ro\/it\/pista-da-sci-gura-humorului\/\" target=\"_blank\"><\/a>\r\n\t\t\t\t\t\t\t<\/div>\r\n\r\n\t\t\t\t\t\t\t\t\t\t\t\t\t\t\t\t\t\t<\/div>\r\n\t\t\t\t\t\t\t\t\t\t\t\t<div class=\"premium-blog-content-wrapper \">\r\n\r\n\t\t\t\t\t<div class=\"premium-blog-inner-container\">\r\n\r\n\t\t\t\t\t\t\t\t\t\t\t\t\t\t<h2 class=\"premium-blog-entry-title\">\r\n\t\t\t<a href=\"https:\/\/constantinbucovina.ro\/it\/pista-da-sci-gura-humorului\/\" target=\"_blank\">\r\n\t\t\t\tPista da sci Gura Humorului\t\t\t<\/a>\r\n\t\t<\/h2>\r\n\t\t\t\t<div class=\"premium-blog-entry-meta\">\r\n\t\t\t\r\n\t\t\t\r\n\t\t\t\r\n\t\t\t\t\t<\/div>\r\n\t\t\r\n\t\t\t\t\t<\/div>\r\n\r\n\t\t\t\t\t\t\t\t\t\t\r\n\t\t\t\t<\/div>\r\n\t\t\t<\/div>\r\n\t\t<\/div>\r\n\r\n\t\t\t\t<div class=\"premium-blog-post-outer-container attrazioni-turistiche natura-it\" data-total=\"1\">\r\n\t\t\t<div class=\"premium-blog-post-container premium-blog-skin-banner\">\r\n\t\t\t\t\t\t\t\t\t<div class=\"premium-blog-thumb-effect-wrapper\">\r\n\t\t\t\t\t\t<div class=\"premium-blog-thumbnail-container premium-blog-zoomin-effect\">\r\n\t\t\t\t\t\t\t<img loading=\"lazy\" decoding=\"async\" width=\"647\" height=\"634\" src=\"https:\/\/constantinbucovina.ro\/wp-content\/uploads\/2023\/02\/partie-clm.png\" class=\"attachment-full size-full wp-image-6464\" alt=\"\" srcset=\"https:\/\/constantinbucovina.ro\/wp-content\/uploads\/2023\/02\/partie-clm.png 647w, https:\/\/constantinbucovina.ro\/wp-content\/uploads\/2023\/02\/partie-clm-300x294.png 300w\" sizes=\"(max-width: 647px) 100vw, 647px\" \/>\t\t\t\t\t\t<\/div>\r\n\t\t\t\t\t\t\t\t\t\t\t\t\t<div class=\"premium-blog-thumbnail-overlay\">\r\n\t\t\t\t\t\t\t\t<a class=\"elementor-icon\" href=\"https:\/\/constantinbucovina.ro\/it\/pista-da-sci-istrati\/\" target=\"_blank\"><\/a>\r\n\t\t\t\t\t\t\t<\/div>\r\n\r\n\t\t\t\t\t\t\t\t\t\t\t\t\t\t\t\t\t\t<\/div>\r\n\t\t\t\t\t\t\t\t\t\t\t\t<div class=\"premium-blog-content-wrapper \">\r\n\r\n\t\t\t\t\t<div class=\"premium-blog-inner-container\">\r\n\r\n\t\t\t\t\t\t\t\t\t\t\t\t\t\t<h2 class=\"premium-blog-entry-title\">\r\n\t\t\t<a href=\"https:\/\/constantinbucovina.ro\/it\/pista-da-sci-istrati\/\" target=\"_blank\">\r\n\t\t\t\tPista da sci Istrati\t\t\t<\/a>\r\n\t\t<\/h2>\r\n\t\t\t\t<div class=\"premium-blog-entry-meta\">\r\n\t\t\t\r\n\t\t\t\r\n\t\t\t\r\n\t\t\t\t\t<\/div>\r\n\t\t\r\n\t\t\t\t\t<\/div>\r\n\r\n\t\t\t\t\t\t\t\t\t\t\r\n\t\t\t\t<\/div>\r\n\t\t\t<\/div>\r\n\t\t<\/div>\r\n\r\n\t\t\t\t<div class=\"premium-blog-post-outer-container attrazioni-turistiche natura-it\" data-total=\"1\">\r\n\t\t\t<div class=\"premium-blog-post-container premium-blog-skin-banner\">\r\n\t\t\t\t\t\t\t\t\t<div class=\"premium-blog-thumb-effect-wrapper\">\r\n\t\t\t\t\t\t<div class=\"premium-blog-thumbnail-container premium-blog-zoomin-effect\">\r\n\t\t\t\t\t\t\t<img loading=\"lazy\" decoding=\"async\" width=\"2560\" height=\"1709\" src=\"https:\/\/constantinbucovina.ro\/wp-content\/uploads\/2023\/02\/celebrating-skiers-standing-snow-covered-mountain-min-scaled.jpg\" class=\"attachment-full size-full wp-image-6460\" alt=\"\" srcset=\"https:\/\/constantinbucovina.ro\/wp-content\/uploads\/2023\/02\/celebrating-skiers-standing-snow-covered-mountain-min-scaled.jpg 2560w, https:\/\/constantinbucovina.ro\/wp-content\/uploads\/2023\/02\/celebrating-skiers-standing-snow-covered-mountain-min-300x200.jpg 300w, https:\/\/constantinbucovina.ro\/wp-content\/uploads\/2023\/02\/celebrating-skiers-standing-snow-covered-mountain-min-1024x683.jpg 1024w, https:\/\/constantinbucovina.ro\/wp-content\/uploads\/2023\/02\/celebrating-skiers-standing-snow-covered-mountain-min-768x513.jpg 768w, https:\/\/constantinbucovina.ro\/wp-content\/uploads\/2023\/02\/celebrating-skiers-standing-snow-covered-mountain-min-1536x1025.jpg 1536w, https:\/\/constantinbucovina.ro\/wp-content\/uploads\/2023\/02\/celebrating-skiers-standing-snow-covered-mountain-min-2048x1367.jpg 2048w\" sizes=\"(max-width: 2560px) 100vw, 2560px\" \/>\t\t\t\t\t\t<\/div>\r\n\t\t\t\t\t\t\t\t\t\t\t\t\t<div class=\"premium-blog-thumbnail-overlay\">\r\n\t\t\t\t\t\t\t\t<a class=\"elementor-icon\" href=\"https:\/\/constantinbucovina.ro\/it\/pista-da-sci-rarau\/\" target=\"_blank\"><\/a>\r\n\t\t\t\t\t\t\t<\/div>\r\n\r\n\t\t\t\t\t\t\t\t\t\t\t\t\t\t\t\t\t\t<\/div>\r\n\t\t\t\t\t\t\t\t\t\t\t\t<div class=\"premium-blog-content-wrapper \">\r\n\r\n\t\t\t\t\t<div class=\"premium-blog-inner-container\">\r\n\r\n\t\t\t\t\t\t\t\t\t\t\t\t\t\t<h2 class=\"premium-blog-entry-title\">\r\n\t\t\t<a href=\"https:\/\/constantinbucovina.ro\/it\/pista-da-sci-rarau\/\" target=\"_blank\">\r\n\t\t\t\tPista da sci Rarau\t\t\t<\/a>\r\n\t\t<\/h2>\r\n\t\t\t\t<div class=\"premium-blog-entry-meta\">\r\n\t\t\t\r\n\t\t\t\r\n\t\t\t\r\n\t\t\t\t\t<\/div>\r\n\t\t\r\n\t\t\t\t\t<\/div>\r\n\r\n\t\t\t\t\t\t\t\t\t\t\r\n\t\t\t\t<\/div>\r\n\t\t\t<\/div>\r\n\t\t<\/div>\r\n\r\n\t\t\t\t<div class=\"premium-blog-post-outer-container attrazioni-turistiche cultura-it\" data-total=\"1\">\r\n\t\t\t<div class=\"premium-blog-post-container premium-blog-skin-banner\">\r\n\t\t\t\t\t\t\t\t\t<div class=\"premium-blog-thumb-effect-wrapper\">\r\n\t\t\t\t\t\t<div class=\"premium-blog-thumbnail-container premium-blog-zoomin-effect\">\r\n\t\t\t\t\t\t\t<img loading=\"lazy\" decoding=\"async\" width=\"1200\" height=\"800\" src=\"https:\/\/constantinbucovina.ro\/wp-content\/uploads\/2023\/02\/muzeul-oualor.jpg\" class=\"attachment-full size-full wp-image-6635\" alt=\"\" srcset=\"https:\/\/constantinbucovina.ro\/wp-content\/uploads\/2023\/02\/muzeul-oualor.jpg 1200w, https:\/\/constantinbucovina.ro\/wp-content\/uploads\/2023\/02\/muzeul-oualor-300x200.jpg 300w, https:\/\/constantinbucovina.ro\/wp-content\/uploads\/2023\/02\/muzeul-oualor-1024x683.jpg 1024w, https:\/\/constantinbucovina.ro\/wp-content\/uploads\/2023\/02\/muzeul-oualor-768x512.jpg 768w\" sizes=\"(max-width: 1200px) 100vw, 1200px\" \/>\t\t\t\t\t\t<\/div>\r\n\t\t\t\t\t\t\t\t\t\t\t\t\t<div class=\"premium-blog-thumbnail-overlay\">\r\n\t\t\t\t\t\t\t\t<a class=\"elementor-icon\" href=\"https:\/\/constantinbucovina.ro\/it\/museo-delle-uova\/\" target=\"_blank\"><\/a>\r\n\t\t\t\t\t\t\t<\/div>\r\n\r\n\t\t\t\t\t\t\t\t\t\t\t\t\t\t\t\t\t\t<\/div>\r\n\t\t\t\t\t\t\t\t\t\t\t\t<div class=\"premium-blog-content-wrapper \">\r\n\r\n\t\t\t\t\t<div class=\"premium-blog-inner-container\">\r\n\r\n\t\t\t\t\t\t\t\t\t\t\t\t\t\t<h2 class=\"premium-blog-entry-title\">\r\n\t\t\t<a href=\"https:\/\/constantinbucovina.ro\/it\/museo-delle-uova\/\" target=\"_blank\">\r\n\t\t\t\tMuseo delle Uova\t\t\t<\/a>\r\n\t\t<\/h2>\r\n\t\t\t\t<div class=\"premium-blog-entry-meta\">\r\n\t\t\t\r\n\t\t\t\r\n\t\t\t\r\n\t\t\t\t\t<\/div>\r\n\t\t\r\n\t\t\t\t\t<\/div>\r\n\r\n\t\t\t\t\t\t\t\t\t\t\r\n\t\t\t\t<\/div>\r\n\t\t\t<\/div>\r\n\t\t<\/div>\r\n\r\n\t\t\t\t<div class=\"premium-blog-post-outer-container attrazioni-turistiche natura-it\" data-total=\"1\">\r\n\t\t\t<div class=\"premium-blog-post-container premium-blog-skin-banner\">\r\n\t\t\t\t\t\t\t\t\t<div class=\"premium-blog-thumb-effect-wrapper\">\r\n\t\t\t\t\t\t<div class=\"premium-blog-thumbnail-container premium-blog-zoomin-effect\">\r\n\t\t\t\t\t\t\t<img loading=\"lazy\" decoding=\"async\" width=\"870\" height=\"600\" src=\"https:\/\/constantinbucovina.ro\/wp-content\/uploads\/2023\/02\/tr00.jpg\" class=\"attachment-full size-full wp-image-6465\" alt=\"\" srcset=\"https:\/\/constantinbucovina.ro\/wp-content\/uploads\/2023\/02\/tr00.jpg 870w, https:\/\/constantinbucovina.ro\/wp-content\/uploads\/2023\/02\/tr00-300x207.jpg 300w, https:\/\/constantinbucovina.ro\/wp-content\/uploads\/2023\/02\/tr00-768x530.jpg 768w\" sizes=\"(max-width: 870px) 100vw, 870px\" \/>\t\t\t\t\t\t<\/div>\r\n\t\t\t\t\t\t\t\t\t\t\t\t\t<div class=\"premium-blog-thumbnail-overlay\">\r\n\t\t\t\t\t\t\t\t<a class=\"elementor-icon\" href=\"https:\/\/constantinbucovina.ro\/it\/transrarau\/\" target=\"_blank\"><\/a>\r\n\t\t\t\t\t\t\t<\/div>\r\n\r\n\t\t\t\t\t\t\t\t\t\t\t\t\t\t\t\t\t\t<\/div>\r\n\t\t\t\t\t\t\t\t\t\t\t\t<div class=\"premium-blog-content-wrapper \">\r\n\r\n\t\t\t\t\t<div class=\"premium-blog-inner-container\">\r\n\r\n\t\t\t\t\t\t\t\t\t\t\t\t\t\t<h2 class=\"premium-blog-entry-title\">\r\n\t\t\t<a href=\"https:\/\/constantinbucovina.ro\/it\/transrarau\/\" target=\"_blank\">\r\n\t\t\t\tTransrar\u0103u\t\t\t<\/a>\r\n\t\t<\/h2>\r\n\t\t\t\t<div class=\"premium-blog-entry-meta\">\r\n\t\t\t\r\n\t\t\t\r\n\t\t\t\r\n\t\t\t\t\t<\/div>\r\n\t\t\r\n\t\t\t\t\t<\/div>\r\n\r\n\t\t\t\t\t\t\t\t\t\t\r\n\t\t\t\t<\/div>\r\n\t\t\t<\/div>\r\n\t\t<\/div>\r\n\r\n\t\t\t\t<div class=\"premium-blog-post-outer-container attrazioni-turistiche natura-it\" data-total=\"1\">\r\n\t\t\t<div class=\"premium-blog-post-container premium-blog-skin-banner\">\r\n\t\t\t\t\t\t\t\t\t<div class=\"premium-blog-thumb-effect-wrapper\">\r\n\t\t\t\t\t\t<div class=\"premium-blog-thumbnail-container premium-blog-zoomin-effect\">\r\n\t\t\t\t\t\t\t<img loading=\"lazy\" decoding=\"async\" width=\"1540\" height=\"2560\" src=\"https:\/\/constantinbucovina.ro\/wp-content\/uploads\/2023\/02\/cute-horse-alps-eating-grass-min-1-1-compressed-min-1-1-scaled.jpg\" class=\"attachment-full size-full wp-image-6462\" alt=\"\" srcset=\"https:\/\/constantinbucovina.ro\/wp-content\/uploads\/2023\/02\/cute-horse-alps-eating-grass-min-1-1-compressed-min-1-1-scaled.jpg 1540w, https:\/\/constantinbucovina.ro\/wp-content\/uploads\/2023\/02\/cute-horse-alps-eating-grass-min-1-1-compressed-min-1-1-180x300.jpg 180w, https:\/\/constantinbucovina.ro\/wp-content\/uploads\/2023\/02\/cute-horse-alps-eating-grass-min-1-1-compressed-min-1-1-616x1024.jpg 616w, https:\/\/constantinbucovina.ro\/wp-content\/uploads\/2023\/02\/cute-horse-alps-eating-grass-min-1-1-compressed-min-1-1-768x1277.jpg 768w, https:\/\/constantinbucovina.ro\/wp-content\/uploads\/2023\/02\/cute-horse-alps-eating-grass-min-1-1-compressed-min-1-1-924x1536.jpg 924w, https:\/\/constantinbucovina.ro\/wp-content\/uploads\/2023\/02\/cute-horse-alps-eating-grass-min-1-1-compressed-min-1-1-1232x2048.jpg 1232w\" sizes=\"(max-width: 1540px) 100vw, 1540px\" \/>\t\t\t\t\t\t<\/div>\r\n\t\t\t\t\t\t\t\t\t\t\t\t\t<div class=\"premium-blog-thumbnail-overlay\">\r\n\t\t\t\t\t\t\t\t<a class=\"elementor-icon\" href=\"https:\/\/constantinbucovina.ro\/it\/lherghelia-lucina\/\" target=\"_blank\"><\/a>\r\n\t\t\t\t\t\t\t<\/div>\r\n\r\n\t\t\t\t\t\t\t\t\t\t\t\t\t\t\t\t\t\t<\/div>\r\n\t\t\t\t\t\t\t\t\t\t\t\t<div class=\"premium-blog-content-wrapper \">\r\n\r\n\t\t\t\t\t<div class=\"premium-blog-inner-container\">\r\n\r\n\t\t\t\t\t\t\t\t\t\t\t\t\t\t<h2 class=\"premium-blog-entry-title\">\r\n\t\t\t<a href=\"https:\/\/constantinbucovina.ro\/it\/lherghelia-lucina\/\" target=\"_blank\">\r\n\t\t\t\tL&#8217;Herghelia Lucina\t\t\t<\/a>\r\n\t\t<\/h2>\r\n\t\t\t\t<div class=\"premium-blog-entry-meta\">\r\n\t\t\t\r\n\t\t\t\r\n\t\t\t\r\n\t\t\t\t\t<\/div>\r\n\t\t\r\n\t\t\t\t\t<\/div>\r\n\r\n\t\t\t\t\t\t\t\t\t\t\r\n\t\t\t\t<\/div>\r\n\t\t\t<\/div>\r\n\t\t<\/div>\r\n\r\n\t\t\t\t<div class=\"premium-blog-post-outer-container cultura-it storia\" data-total=\"1\">\r\n\t\t\t<div class=\"premium-blog-post-container premium-blog-skin-banner\">\r\n\t\t\t\t\t\t\t\t\t<div class=\"premium-blog-thumb-effect-wrapper\">\r\n\t\t\t\t\t\t<div class=\"premium-blog-thumbnail-container premium-blog-zoomin-effect\">\r\n\t\t\t\t\t\t\t<img loading=\"lazy\" decoding=\"async\" width=\"1300\" height=\"731\" src=\"https:\/\/constantinbucovina.ro\/wp-content\/uploads\/2023\/02\/1621348059_manastirea-voronet-din-bucovina_01.jpg\" class=\"attachment-full size-full wp-image-6469\" alt=\"\" srcset=\"https:\/\/constantinbucovina.ro\/wp-content\/uploads\/2023\/02\/1621348059_manastirea-voronet-din-bucovina_01.jpg 1300w, https:\/\/constantinbucovina.ro\/wp-content\/uploads\/2023\/02\/1621348059_manastirea-voronet-din-bucovina_01-300x169.jpg 300w, https:\/\/constantinbucovina.ro\/wp-content\/uploads\/2023\/02\/1621348059_manastirea-voronet-din-bucovina_01-1024x576.jpg 1024w, https:\/\/constantinbucovina.ro\/wp-content\/uploads\/2023\/02\/1621348059_manastirea-voronet-din-bucovina_01-768x432.jpg 768w\" sizes=\"(max-width: 1300px) 100vw, 1300px\" \/>\t\t\t\t\t\t<\/div>\r\n\t\t\t\t\t\t\t\t\t\t\t\t\t<div class=\"premium-blog-thumbnail-overlay\">\r\n\t\t\t\t\t\t\t\t<a class=\"elementor-icon\" href=\"https:\/\/constantinbucovina.ro\/it\/monastero-di-voronet\/\" target=\"_blank\"><\/a>\r\n\t\t\t\t\t\t\t<\/div>\r\n\r\n\t\t\t\t\t\t\t\t\t\t\t\t\t\t\t\t\t\t<\/div>\r\n\t\t\t\t\t\t\t\t\t\t\t\t<div class=\"premium-blog-content-wrapper \">\r\n\r\n\t\t\t\t\t<div class=\"premium-blog-inner-container\">\r\n\r\n\t\t\t\t\t\t\t\t\t\t\t\t\t\t<h2 class=\"premium-blog-entry-title\">\r\n\t\t\t<a href=\"https:\/\/constantinbucovina.ro\/it\/monastero-di-voronet\/\" target=\"_blank\">\r\n\t\t\t\tMonastero di Vorone\u021b\t\t\t<\/a>\r\n\t\t<\/h2>\r\n\t\t\t\t<div class=\"premium-blog-entry-meta\">\r\n\t\t\t\r\n\t\t\t\r\n\t\t\t\r\n\t\t\t\t\t<\/div>\r\n\t\t\r\n\t\t\t\t\t<\/div>\r\n\r\n\t\t\t\t\t\t\t\t\t\t\r\n\t\t\t\t<\/div>\r\n\t\t\t<\/div>\r\n\t\t<\/div>\r\n\r\n\t\t\t\t\t\t\t<\/div>\r\n\r\n\t\t\r\n\t\t\r\n\t\t\t\t\t\t<\/div>\n\t\t\t\t<\/div>\n\t\t\t\t\t<\/div>\n\t\t<\/div>\n\t\t\t\t\t<\/div>\n\t\t<\/section>\n\t\t\t\t<section class=\"elementor-section elementor-top-section elementor-element elementor-element-d84445c elementor-section-full_width elementor-section-height-default elementor-section-height-default\" data-id=\"d84445c\" data-element_type=\"section\" data-settings=\"{&quot;animation&quot;:&quot;none&quot;}\">\n\t\t\t\t\t\t<div class=\"elementor-container elementor-column-gap-no\">\n\t\t\t\t\t<div class=\"elementor-column elementor-col-100 elementor-top-column elementor-element elementor-element-1986eb5\" data-id=\"1986eb5\" data-element_type=\"column\">\n\t\t\t<div class=\"elementor-widget-wrap elementor-element-populated\">\n\t\t\t\t\t\t<div class=\"elementor-element elementor-element-00a05f8 elementor-widget elementor-widget-premium-addon-maps\" data-id=\"00a05f8\" data-element_type=\"widget\" data-widget_type=\"premium-addon-maps.default\">\n\t\t\t\t<div class=\"elementor-widget-container\">\n\t\t\t\t\t\r\n\t<div class=\"premium-maps-container\" id=\"premium-maps-container\">\r\n\r\n\t\t\r\n\t\t\t<div class=\"premium_maps_map_height premium-addons__v-hidden\" data-settings=\"{&quot;mapId&quot;:&quot;&quot;,&quot;maptype&quot;:&quot;roadmap&quot;,&quot;streetViewControl&quot;:true,&quot;centerlat&quot;:&quot;47.52890767442293&quot;,&quot;centerlong&quot;:&quot;25.544841871164813&quot;,&quot;scrollwheel&quot;:true,&quot;fullScreen&quot;:false,&quot;zoomControl&quot;:true,&quot;typeControl&quot;:false,&quot;automaticOpen&quot;:false,&quot;hoverOpen&quot;:true,&quot;hoverClose&quot;:true,&quot;cluster&quot;:false,&quot;cluster_icon&quot;:&quot;&quot;,&quot;cluster_icon_size&quot;:&quot;&quot;,&quot;drag&quot;:&quot;&quot;,&quot;loadScroll&quot;:&quot;&quot;,&quot;linkedCarouselId&quot;:&quot;&quot;}\" data-style=\"[\n    {\n        &quot;featureType&quot;: &quot;administrative&quot;,\n        &quot;elementType&quot;: &quot;labels.text.fill&quot;,\n        &quot;stylers&quot;: [\n            {\n                &quot;color&quot;: &quot;#444444&quot;\n            }\n        ]\n    },\n    {\n        &quot;featureType&quot;: &quot;landscape&quot;,\n        &quot;elementType&quot;: &quot;all&quot;,\n        &quot;stylers&quot;: [\n            {\n                &quot;color&quot;: &quot;#f2f2f2&quot;\n            }\n        ]\n    },\n    {\n        &quot;featureType&quot;: &quot;landscape.natural.landcover&quot;,\n        &quot;elementType&quot;: &quot;geometry.fill&quot;,\n        &quot;stylers&quot;: [\n            {\n                &quot;color&quot;: &quot;#a9d7ad&quot;\n            }\n        ]\n    },\n    {\n        &quot;featureType&quot;: &quot;landscape.natural.terrain&quot;,\n        &quot;elementType&quot;: &quot;geometry.fill&quot;,\n        &quot;stylers&quot;: [\n            {\n                &quot;color&quot;: &quot;#f57001&quot;\n            }\n        ]\n    },\n    {\n        &quot;featureType&quot;: &quot;poi&quot;,\n        &quot;elementType&quot;: &quot;all&quot;,\n        &quot;stylers&quot;: [\n            {\n                &quot;visibility&quot;: &quot;off&quot;\n            }\n        ]\n    },\n    {\n        &quot;featureType&quot;: &quot;road&quot;,\n        &quot;elementType&quot;: &quot;all&quot;,\n        &quot;stylers&quot;: [\n            {\n                &quot;saturation&quot;: -100\n            },\n            {\n                &quot;lightness&quot;: 45\n            }\n        ]\n    },\n    {\n        &quot;featureType&quot;: &quot;road.highway&quot;,\n        &quot;elementType&quot;: &quot;all&quot;,\n        &quot;stylers&quot;: [\n            {\n                &quot;visibility&quot;: &quot;simplified&quot;\n            }\n        ]\n    },\n    {\n        &quot;featureType&quot;: &quot;road.highway.controlled_access&quot;,\n        &quot;elementType&quot;: &quot;geometry.fill&quot;,\n        &quot;stylers&quot;: [\n            {\n                &quot;weight&quot;: &quot;1.00&quot;\n            }\n        ]\n    },\n    {\n        &quot;featureType&quot;: &quot;road.arterial&quot;,\n        &quot;elementType&quot;: &quot;geometry.fill&quot;,\n        &quot;stylers&quot;: [\n            {\n                &quot;color&quot;: &quot;#9c681f&quot;\n            }\n        ]\n    },\n    {\n        &quot;featureType&quot;: &quot;road.arterial&quot;,\n        &quot;elementType&quot;: &quot;labels.icon&quot;,\n        &quot;stylers&quot;: [\n            {\n                &quot;visibility&quot;: &quot;off&quot;\n            }\n        ]\n    },\n    {\n        &quot;featureType&quot;: &quot;road.local&quot;,\n        &quot;elementType&quot;: &quot;geometry.fill&quot;,\n        &quot;stylers&quot;: [\n            {\n                &quot;color&quot;: &quot;#9c681f&quot;\n            }\n        ]\n    },\n    {\n        &quot;featureType&quot;: &quot;transit&quot;,\n        &quot;elementType&quot;: &quot;all&quot;,\n        &quot;stylers&quot;: [\n            {\n                &quot;visibility&quot;: &quot;off&quot;\n            }\n        ]\n    },\n    {\n        &quot;featureType&quot;: &quot;water&quot;,\n        &quot;elementType&quot;: &quot;all&quot;,\n        &quot;stylers&quot;: [\n            {\n                &quot;color&quot;: &quot;#74cbef&quot;\n            },\n            {\n                &quot;visibility&quot;: &quot;on&quot;\n            }\n        ]\n    }\n]\">\r\n\t\t\t\t\r\n\t\t\t<div class=\"premium-pin elementor-invisible\" data-lng=\"25.544874057670377\" data-lat=\"47.5288497199542\" data-icon=\"https:\/\/constantinbucovina.ro\/wp-content\/uploads\/2023\/02\/location.png\" data-icon-size=\"40\" data-max-width=\"1000\" data-activated=\"\">\r\n\t\t\t\t\t\t\t\t\t<div class='premium-maps-info-container'>\r\n\r\n\t\t\t\t\t\t<div class='premium-maps-title-wrap'>\r\n\t\t\t\t\t\t\t<p class='premium-maps-info-title'><\/p>\r\n\t\t\t\t\t\t<\/div>\r\n\r\n\t\t\t\t\t\t<div class='premium-maps-info-desc'>\r\n\t\t\t\t\t\t\t<p><img loading=\"lazy\" decoding=\"async\" class=\"alignnone wp-image-44\" src=\"https:\/\/constantinbucovina.ro\/wp-content\/uploads\/2023\/01\/logo-constantin.png\" alt=\"\" width=\"100\" height=\"75\" \/><\/p><p>Complesso Turistico Constantin, il primo e sicuramente il pi\u00f9 spettacolare<br \/>e ampio progetto alberghiero realizzato in Bucovina.<\/p>\t\t\t\t\t\t<\/div>\r\n\r\n\t\t\t\t\t<\/div>\r\n\t\t\t\t\t\t\t<\/div>\r\n\r\n\t\t\r\n\t\t\t\t\t\r\n\t\t\t<div class=\"premium-pin elementor-invisible\" data-lng=\"25.547779352869426\" data-lat=\"47.525531310486365\" data-icon=\"\" data-icon-size=\"\" data-max-width=\"1000\" data-activated=\"\">\r\n\t\t\t\t\t\t\t\t\t<div class='premium-maps-info-container'>\r\n\r\n\t\t\t\t\t\t<div class='premium-maps-title-wrap'>\r\n\t\t\t\t\t\t\t<p class='premium-maps-info-title'>Pista da sci Istrati<\/p>\r\n\t\t\t\t\t\t<\/div>\r\n\r\n\t\t\t\t\t\t<div class='premium-maps-info-desc'>\r\n\t\t\t\t\t\t\t<p><br \/>Pista da sci Istrati a Campulung Moldovenesc, una <br>destinazione di primo livello per gli amanti dello sci, <br>nel mezzo del pittoresco paesaggio di montagna delleMontagne <br> dei Carpazi.<\/p>\r\n\t\t\t\t\t\t<\/div>\r\n\r\n\t\t\t\t\t<\/div>\r\n\t\t\t\t\t\t\t<\/div>\r\n\r\n\t\t\r\n\t\t\t\t\t\r\n\t\t\t<div class=\"premium-pin elementor-invisible\" data-lng=\"25.559489750391805\" data-lat=\"47.490090813432865\" data-icon=\"\" data-icon-size=\"40\" data-max-width=\"1000\" data-activated=\"\">\r\n\t\t\t\t\t\t\t\t\t<div class='premium-maps-info-container'>\r\n\r\n\t\t\t\t\t\t<div class='premium-maps-title-wrap'>\r\n\t\t\t\t\t\t\t<p class='premium-maps-info-title'>Pista da sci Rar\u0103u<\/p>\r\n\t\t\t\t\t\t<\/div>\r\n\r\n\t\t\t\t\t\t<div class='premium-maps-info-desc'>\r\n\t\t\t\t\t\t\t<br><img loading=\"lazy\" decoding=\"async\" class=\"alignnone wp-image-2688\" src=\"https:\/\/constantinbucovina.ro\/wp-content\/uploads\/2023\/02\/celebrating-skiers-standing-snow-covered-mountain-min-scaled.jpg\" alt=\"\" width=\"150\" height=\"100\" srcset=\"https:\/\/constantinbucovina.ro\/wp-content\/uploads\/2023\/02\/celebrating-skiers-standing-snow-covered-mountain-min-scaled.jpg 2560w, https:\/\/constantinbucovina.ro\/wp-content\/uploads\/2023\/02\/celebrating-skiers-standing-snow-covered-mountain-min-300x200.jpg 300w, https:\/\/constantinbucovina.ro\/wp-content\/uploads\/2023\/02\/celebrating-skiers-standing-snow-covered-mountain-min-1024x683.jpg 1024w, https:\/\/constantinbucovina.ro\/wp-content\/uploads\/2023\/02\/celebrating-skiers-standing-snow-covered-mountain-min-768x513.jpg 768w, https:\/\/constantinbucovina.ro\/wp-content\/uploads\/2023\/02\/celebrating-skiers-standing-snow-covered-mountain-min-1536x1025.jpg 1536w, https:\/\/constantinbucovina.ro\/wp-content\/uploads\/2023\/02\/celebrating-skiers-standing-snow-covered-mountain-min-2048x1367.jpg 2048w\" sizes=\"(max-width: 150px) 100vw, 150px\" \/>\r\n\r\n<br><br>Situata nei Monti Rar\u0103u, \u00e8 una delle pi\u00f9 belle piste da sci <br>della Romania. Ha una lunghezza di circa 1,5 km e un<br> dislivello di 250 m.\r\n\r\n<strong>Distanza dall&#8217;Hotel Constantin: 18 km<\/strong>\r\n\t\t\t\t\t\t<\/div>\r\n\r\n\t\t\t\t\t<\/div>\r\n\t\t\t\t\t\t\t<\/div>\r\n\r\n\t\t\r\n\t\t\t\t\t\r\n\t\t\t<div class=\"premium-pin elementor-invisible\" data-lng=\" 25.888939271309432\" data-lat=\"47.54223701958322\" data-icon=\"\" data-icon-size=\"\" data-max-width=\"1000\" data-activated=\"\">\r\n\t\t\t\t\t\t\t\t\t<div class='premium-maps-info-container'>\r\n\r\n\t\t\t\t\t\t<div class='premium-maps-title-wrap'>\r\n\t\t\t\t\t\t\t<p class='premium-maps-info-title'> Pista da sci Gura Humorului<\/p>\r\n\t\t\t\t\t\t<\/div>\r\n\r\n\t\t\t\t\t\t<div class='premium-maps-info-desc'>\r\n\t\t\t\t\t\t\t<p><br\/>Situata a Gura Humorului, la pista da sci offre un&#8217;esperienza<br> avvincente di sci nel cuore della Bucovina. Si <br>estende per circa 1,2 km e ha un dislivello di 180 m, <br>ed \u00e8 una destinazione preferita per gli appassionati <br> di sport invernali.<\/p>\r\n\t\t\t\t\t\t<\/div>\r\n\r\n\t\t\t\t\t<\/div>\r\n\t\t\t\t\t\t\t<\/div>\r\n\r\n\t\t\r\n\t\t\t\t\t\r\n\t\t\t<div class=\"premium-pin elementor-invisible\" data-lng=\"25.349703661922366\" data-lat=\"47.34059619174859\" data-icon=\"\" data-icon-size=\"\" data-max-width=\"1000\" data-activated=\"\">\r\n\t\t\t\t\t\t\t\t\t<div class='premium-maps-info-container'>\r\n\r\n\t\t\t\t\t\t<div class='premium-maps-title-wrap'>\r\n\t\t\t\t\t\t\t<p class='premium-maps-info-title'>Pista da sci Vatra Dornei<\/p>\r\n\t\t\t\t\t\t<\/div>\r\n\r\n\t\t\t\t\t\t<div class='premium-maps-info-desc'>\r\n\t\t\t\t\t\t\t<p><br \/>La pista da sci rappresenta una destinazione affascinante <br>per gli amanti degli sport invernali. Con una lunghezza di circa <br>1,8 km e un dislivello di 300 metri, questa \u00e8 una delle piste <br> da sci pi\u00f9 impressionanti della Romania.<\/p>\r\n\t\t\t\t\t\t<\/div>\r\n\r\n\t\t\t\t\t<\/div>\r\n\t\t\t\t\t\t\t<\/div>\r\n\r\n\t\t\r\n\t\t\t\t\t\r\n\t\t\t<div class=\"premium-pin elementor-invisible\" data-lng=\"25.526070811689905\" data-lat=\"47.45965143338693\" data-icon=\"\" data-icon-size=\"\" data-max-width=\"1000\" data-activated=\"\">\r\n\t\t\t\t\t\t\t\t\t<div class='premium-maps-info-container'>\r\n\r\n\t\t\t\t\t\t<div class='premium-maps-title-wrap'>\r\n\t\t\t\t\t\t\t<p class='premium-maps-info-title'>Transrar\u0103u<\/p>\r\n\t\t\t\t\t\t<\/div>\r\n\r\n\t\t\t\t\t\t<div class='premium-maps-info-desc'>\r\n\t\t\t\t\t\t\t<br>Transrar\u0103u invita con panorami montani spettacolari <br> e avventure nella natura. Questa zona montana nel nord<br> della Romania \u00e8 rinomata per la sua bellezza pittoresca,<br> adatta sia per escursioni che per relax.\r\n\t\t\t\t\t\t<\/div>\r\n\r\n\t\t\t\t\t<\/div>\r\n\t\t\t\t\t\t\t<\/div>\r\n\r\n\t\t\r\n\t\t\t\t\t\r\n\t\t\t<div class=\"premium-pin elementor-invisible\" data-lng=\"25.562267296567892\" data-lat=\"47.44798468098522\" data-icon=\"\" data-icon-size=\"\" data-max-width=\"1000\" data-activated=\"\">\r\n\t\t\t\t\t\t\t\t\t<div class='premium-maps-info-container'>\r\n\r\n\t\t\t\t\t\t<div class='premium-maps-title-wrap'>\r\n\t\t\t\t\t\t\t<p class='premium-maps-info-title'>Le Pietre della Signora Rar\u0103u<\/p>\r\n\t\t\t\t\t\t<\/div>\r\n\r\n\t\t\t\t\t\t<div class='premium-maps-info-desc'>\r\n\t\t\t\t\t\t\t<br> Rappresenta una gioielleria della natura nei Monti Rar\u0103u. Le <br>spettacolari formazioni rocciose, con l&#8217;aspetto di torri e rocce, <br>attraggono e stupiscono i visitatori con il loro paesaggio da <br> favola e le opportunit\u00e0 di escursioni.\r\n\t\t\t\t\t\t<\/div>\r\n\r\n\t\t\t\t\t<\/div>\r\n\t\t\t\t\t\t\t<\/div>\r\n\r\n\t\t\r\n\t\t\t\t\t\r\n\t\t\t<div class=\"premium-pin elementor-invisible\" data-lng=\"25.53635249820135\" data-lat=\"47.68893944503628\" data-icon=\"\" data-icon-size=\"\" data-max-width=\"1000\" data-activated=\"\">\r\n\t\t\t\t\t\t\t\t\t<div class='premium-maps-info-container'>\r\n\r\n\t\t\t\t\t\t<div class='premium-maps-title-wrap'>\r\n\t\t\t\t\t\t\t<p class='premium-maps-info-title'> Moc\u0103ni\u021ba Hu\u021bulca<\/p>\r\n\t\t\t\t\t\t<\/div>\r\n\r\n\t\t\t\t\t\t<div class='premium-maps-info-desc'>\r\n\t\t\t\t\t\t\t<br>Moc\u0103ni\u021ba Hu\u021bulca vi porta in un viaggio pittoresco nel cuore della <br>Bucovina. Questa locomotiva a vapore offre un&#8217;esperienza <br>autentica dei viaggi ferroviari di un tempo, svelando la bellezza <br>del paesaggio montano e dei villaggi tradizionali.\r\n\t\t\t\t\t\t<\/div>\r\n\r\n\t\t\t\t\t<\/div>\r\n\t\t\t\t\t\t\t<\/div>\r\n\r\n\t\t\r\n\t\t\t\t\t\r\n\t\t\t<div class=\"premium-pin elementor-invisible\" data-lng=\"25.695738564471892\" data-lat=\"47.57160535765531\" data-icon=\"\" data-icon-size=\"\" data-max-width=\"1000\" data-activated=\"\">\r\n\t\t\t\t\t\t\t\t\t<div class='premium-maps-info-container'>\r\n\r\n\t\t\t\t\t\t<div class='premium-maps-title-wrap'>\r\n\t\t\t\t\t\t\t<p class='premium-maps-info-title'>Museo delle Uova<\/p>\r\n\t\t\t\t\t\t<\/div>\r\n\r\n\t\t\t\t\t\t<div class='premium-maps-info-desc'>\r\n\t\t\t\t\t\t\t<br>Museo delle Uova \u00e8 un tesoro culturale situato nel cuore della <br>Bucovina, dove \u00e8 possibile ammirare una collezione impressionante <br>di uova decorate, ognuna delle quali \u00e8 un&#8217;opera <br>d&#8217;arte unica.\r\n\t\t\t\t\t\t<\/div>\r\n\r\n\t\t\t\t\t<\/div>\r\n\t\t\t\t\t\t\t<\/div>\r\n\r\n\t\t\r\n\t\t\t\t\t\r\n\t\t\t<div class=\"premium-pin elementor-invisible\" data-lng=\"25.695738564471892\" data-lat=\"47.8015834171872\" data-icon=\"\" data-icon-size=\"\" data-max-width=\"1000\" data-activated=\"\">\r\n\t\t\t\t\t\t\t\t\t<div class='premium-maps-info-container'>\r\n\r\n\t\t\t\t\t\t<div class='premium-maps-title-wrap'>\r\n\t\t\t\t\t\t\t<p class='premium-maps-info-title'>Centro di Ceramica di Marginea<\/p>\r\n\t\t\t\t\t\t<\/div>\r\n\r\n\t\t\t\t\t\t<div class='premium-maps-info-desc'>\r\n\t\t\t\t\t\t\t<br> Scopri i segreti dell&#8217;antica arte ceramica tradizionale. Qui potrai <br>esplorare un ricco patrimonio culturale e ammirare incredibili <br>opere in ceramica nera, tipica di questa zona, e immergerti <br>nell&#8217;arte e nella tradizione locale.\r\n\t\t\t\t\t\t<\/div>\r\n\r\n\t\t\t\t\t<\/div>\r\n\t\t\t\t\t\t\t<\/div>\r\n\r\n\t\t\r\n\t\t\t\t\t\r\n\t\t\t<div class=\"premium-pin elementor-invisible\" data-lng=\"25.175104969365165\" data-lat=\"47.65149946338904\" data-icon=\"\" data-icon-size=\"\" data-max-width=\"1000\" data-activated=\"\">\r\n\t\t\t\t\t\t\t\t\t<div class='premium-maps-info-container'>\r\n\r\n\t\t\t\t\t\t<div class='premium-maps-title-wrap'>\r\n\t\t\t\t\t\t\t<p class='premium-maps-info-title'>L'Herghelia Lucina<\/p>\r\n\t\t\t\t\t\t<\/div>\r\n\r\n\t\t\t\t\t\t<div class='premium-maps-info-desc'>\r\n\t\t\t\t\t\t\t<br> L&#8217;Herghelia Lucina si trova in mezzo alla natura, dove potrai <br>ammirare ed interagire con gli eleganti cavalli lipizzani, <br> famosi per la loro bellezza e nobilt\u00e0.\r\n\t\t\t\t\t\t<\/div>\r\n\r\n\t\t\t\t\t<\/div>\r\n\t\t\t\t\t\t\t<\/div>\r\n\r\n\t\t\r\n\t\t\t\t\t\r\n\t\t\t<div class=\"premium-pin elementor-invisible\" data-lng=\"26.2705813963539\" data-lat=\"47.645220687390044\" data-icon=\"\" data-icon-size=\"\" data-max-width=\"1000\" data-activated=\"\">\r\n\t\t\t\t\t\t\t\t\t<div class='premium-maps-info-container'>\r\n\r\n\t\t\t\t\t\t<div class='premium-maps-title-wrap'>\r\n\t\t\t\t\t\t\t<p class='premium-maps-info-title'>Forte di Scaun di Suceava<\/p>\r\n\t\t\t\t\t\t<\/div>\r\n\r\n\t\t\t\t\t\t<div class='premium-maps-info-desc'>\r\n\t\t\t\t\t\t\t<br> Offre una finestra sulla storia e la gloria della Moldavia. Questa<br> imponente fortezza, costruita nel XIV secolo, serve come <br>testimonianza del ricco passato della regione e ti consente di <br>esplorare i segreti e le storie storiche in mezzo a <br> un paesaggio pittoresco.\r\n\t\t\t\t\t\t<\/div>\r\n\r\n\t\t\t\t\t<\/div>\r\n\t\t\t\t\t\t\t<\/div>\r\n\r\n\t\t\r\n\t\t\t\t\t\r\n\t\t\t<div class=\"premium-pin elementor-invisible\" data-lng=\"25.86419878470247\" data-lat=\"47.51720915184688\" data-icon=\"\" data-icon-size=\"\" data-max-width=\"1000\" data-activated=\"\">\r\n\t\t\t\t\t\t\t\t\t<div class='premium-maps-info-container'>\r\n\r\n\t\t\t\t\t\t<div class='premium-maps-title-wrap'>\r\n\t\t\t\t\t\t\t<p class='premium-maps-info-title'>Monastero di Vorone\u021b<\/p>\r\n\t\t\t\t\t\t<\/div>\r\n\r\n\t\t\t\t\t\t<div class='premium-maps-info-desc'>\r\n\t\t\t\t\t\t\t<br> Il Monastero di Vorone\u021b, conosciuto come la &#8220;Cappella Sistina <br>dell&#8217;Est&#8221;,  impressiona con i suoi affreschi vivacemente colorati<br> e con una storia spirituale e culturale ricca, essendo un <br> luogo iconico dell&#8217;arte e  della religione rumena.\r\n\t\t\t\t\t\t<\/div>\r\n\r\n\t\t\t\t\t<\/div>\r\n\t\t\t\t\t\t\t<\/div>\r\n\r\n\t\t\r\n\t\t\t\t\t\r\n\t\t\t<div class=\"premium-pin elementor-invisible\" data-lng=\"25.712097801083708\" data-lat=\"47.78376475910426\" data-icon=\"\" data-icon-size=\"\" data-max-width=\"1000\" data-activated=\"\">\r\n\t\t\t\t\t\t\t\t\t<div class='premium-maps-info-container'>\r\n\r\n\t\t\t\t\t\t<div class='premium-maps-title-wrap'>\r\n\t\t\t\t\t\t\t<p class='premium-maps-info-title'>Monastero di Sucevi\u021ba<\/p>\r\n\t\t\t\t\t\t<\/div>\r\n\r\n\t\t\t\t\t\t<div class='premium-maps-info-desc'>\r\n\t\t\t\t\t\t\t<br>Un luogo emblematico dell&#8217;arte medievale rumena, ricco di <br>tradizione e spiritualit\u00e0, noto per i suoi affreschi vivacemente <br>colorati e le storie bibliche che rappresenta, offrendo cos\u00ec <br>un&#8217;affascinante incursione nel passato culturale e<br>religioso del paese.\t\t\t\t\t\t<\/div>\r\n\r\n\t\t\t\t\t<\/div>\r\n\t\t\t\t\t\t\t<\/div>\r\n\r\n\t\t\r\n\t\t\t\t\t\r\n\t\t\t<div class=\"premium-pin elementor-invisible\" data-lng=\"25.57117489820066\" data-lat=\"47.657221690415845\" data-icon=\"\" data-icon-size=\"\" data-max-width=\"1000\" data-activated=\"\">\r\n\t\t\t\t\t\t\t\t\t<div class='premium-maps-info-container'>\r\n\r\n\t\t\t\t\t\t<div class='premium-maps-title-wrap'>\r\n\t\t\t\t\t\t\t<p class='premium-maps-info-title'>Monastero di Moldovi\u021ba<\/p>\r\n\t\t\t\t\t\t<\/div>\r\n\r\n\t\t\t\t\t\t<div class='premium-maps-info-desc'>\r\n\t\t\t\t\t\t\t<br> Situata nella splendida Bucovina, rappresenta un tesoro dell&#8217;arte <br>rumena, ricco di tradizione e spiritualit\u00e0. Offre un&#8217;affascinante <Br>incursione nel patrimonio culturale e religioso del paese.\t\t\t\t\t\t<\/div>\r\n\r\n\t\t\t\t\t<\/div>\r\n\t\t\t\t\t\t\t<\/div>\r\n\r\n\t\t\r\n\t\t\t\t\t\r\n\t\t\t<div class=\"premium-pin elementor-invisible\" data-lng=\"25.854073954023026\" data-lat=\"47.593923062496586\" data-icon=\"\" data-icon-size=\"\" data-max-width=\"1000\" data-activated=\"\">\r\n\t\t\t\t\t\t\t\t\t<div class='premium-maps-info-container'>\r\n\r\n\t\t\t\t\t\t<div class='premium-maps-title-wrap'>\r\n\t\t\t\t\t\t\t<p class='premium-maps-info-title'>Monastero di Humor<\/p>\r\n\t\t\t\t\t\t<\/div>\r\n\r\n\t\t\t\t\t\t<div class='premium-maps-info-desc'>\r\n\t\t\t\t\t\t\t<br> Nel cuore della Bucovina, brilla come un tesoro del patrimonio <br>nazionale, rappresentando un luogo unico dove si incontrano <br>l&#8217;arte, la spiritualit\u00e0 e la tradizione.\t\t\t\t\t\t<\/div>\r\n\r\n\t\t\t\t\t<\/div>\r\n\t\t\t\t\t\t\t<\/div>\r\n\r\n\t\t\r\n\t\t\t\t\t\r\n\t\t\t<div class=\"premium-pin elementor-invisible\" data-lng=\"25.898134966590185\" data-lat=\"47.639420612888344\" data-icon=\"\" data-icon-size=\"\" data-max-width=\"1000\" data-activated=\"\">\r\n\t\t\t\t\t\t\t\t\t<div class='premium-maps-info-container'>\r\n\r\n\t\t\t\t\t\t<div class='premium-maps-title-wrap'>\r\n\t\t\t\t\t\t\t<p class='premium-maps-info-title'>Miniera di sale Cacica<\/p>\r\n\t\t\t\t\t\t<\/div>\r\n\r\n\t\t\t\t\t\t<div class='premium-maps-info-desc'>\r\n\t\t\t\t\t\t\t<br> Situata a circa 50 metri di profondit\u00e0, questa offre un <br>affascinante viaggio nel meraviglioso mondo del sale.<Br> Con formazioni spettacolari e una storia ricca, questa miniera di <br>sale vi sorprender\u00e0 con paesaggi sotterranei straordinari<br> e scoperte uniche.\t\t\t\t\t\t<\/div>\r\n\r\n\t\t\t\t\t<\/div>\r\n\t\t\t\t\t\t\t<\/div>\r\n\r\n\t\t\r\n\t\t\t\t\t\r\n\t\t\t<div class=\"premium-pin elementor-invisible\" data-lng=\"25.55385555205754\" data-lat=\"47.53161423013666\" data-icon=\"\" data-icon-size=\"\" data-max-width=\"1000\" data-activated=\"\">\r\n\t\t\t\t\t\t\t\t\t<div class='premium-maps-info-container'>\r\n\r\n\t\t\t\t\t\t<div class='premium-maps-title-wrap'>\r\n\t\t\t\t\t\t\t<p class='premium-maps-info-title'>Muzeo dell'Arte del Legno<\/p>\r\n\t\t\t\t\t\t<\/div>\r\n\r\n\t\t\t\t\t\t<div class='premium-maps-info-desc'>\r\n\t\t\t\t\t\t\t<p><br \/>Un tesoro delle tradizioni artigianali, dove scoprirai sculture <br>e mobili in legno con dettagli sorprendenti, che illustrano l&#8217;abilit\u00e0 <br>degli artigiani locali in un contesto storico e <br> culturale affascinante.<\/p>\t\t\t\t\t\t<\/div>\r\n\r\n\t\t\t\t\t<\/div>\r\n\t\t\t\t\t\t\t<\/div>\r\n\r\n\t\t\r\n\t\t\t\t\t\r\n\t\t\t<div class=\"premium-pin elementor-invisible\" data-lng=\"25.1060894126488\" data-lat=\"47.29147831525327\" data-icon=\"\" data-icon-size=\"\" data-max-width=\"1000\" data-activated=\"\">\r\n\t\t\t\t\t\t\t\t\t<div class='premium-maps-info-container'>\r\n\r\n\t\t\t\t\t\t<div class='premium-maps-title-wrap'>\r\n\t\t\t\t\t\t\t<p class='premium-maps-info-title'>Tinovul Mare Poiana Stampei<\/p>\r\n\t\t\t\t\t\t<\/div>\r\n\r\n\t\t\t\t\t\t<div class='premium-maps-info-desc'>\r\n\t\t\t\t\t\t\t<br> La gioia naturale della Bucovina. Qui, la natura si svela nella sua <br>splendida bellezza, con una ricca biodiversit\u00e0 e paesaggi idilliaci.<br> Il luogo perfetto per escursioni e l&#8217;osservazione degli uccelli in<br> mezzo a un&#8217;autentica oasi di bellezza naturale.\t\t\t\t\t\t<\/div>\r\n\r\n\t\t\t\t\t<\/div>\r\n\t\t\t\t\t\t\t<\/div>\r\n\r\n\t\t\r\n\t\t\t\t\t\r\n\t\t\t<div class=\"premium-pin elementor-invisible\" data-lng=\"25.612594562331918\" data-lat=\"47.47576651855397\" data-icon=\"\" data-icon-size=\"\" data-max-width=\"1000\" data-activated=\"\">\r\n\t\t\t\t\t\t\t\t\t<div class='premium-maps-info-container'>\r\n\r\n\t\t\t\t\t\t<div class='premium-maps-title-wrap'>\r\n\t\t\t\t\t\t\t<p class='premium-maps-info-title'>Le Gole del Mulino del Diavolo<\/p>\r\n\t\t\t\t\t\t<\/div>\r\n\r\n\t\t\t\t\t\t<div class='premium-maps-info-desc'>\r\n\t\t\t\t\t\t\t<br> Un angolo selvaggio della natura, dove il fiume sfida le rocce in <br>uno spettacolo tumultuoso d&#8217;acqua e profonde gole <Br>impressionanti. Un&#8217;esperienza indimenticabile per <br>gli amanti dell&#8217;avventura e della bellezza naturale.\t\t\t\t\t\t<\/div>\r\n\r\n\t\t\t\t\t<\/div>\r\n\t\t\t\t\t\t\t<\/div>\r\n\r\n\t\t\r\n\t\t\t\t\t\r\n\t\t\t<div class=\"premium-pin elementor-invisible\" data-lng=\"24.64588587322665\" data-lat=\"47.598219833641544\" data-icon=\"\" data-icon-size=\"\" data-max-width=\"1000\" data-activated=\"\">\r\n\t\t\t\t\t\t\t\t\t<div class='premium-maps-info-container'>\r\n\r\n\t\t\t\t\t\t<div class='premium-maps-title-wrap'>\r\n\t\t\t\t\t\t\t<p class='premium-maps-info-title'>Lago Iezer<\/p>\r\n\t\t\t\t\t\t<\/div>\r\n\r\n\t\t\t\t\t\t<div class='premium-maps-info-desc'>\r\n\t\t\t\t\t\t\t<br> Una meravigliosa gemma dei Carpazi, dove le acque cristalline <br>riflettono la grandiosit\u00e0 delle montagne circostanti. Un paradiso <Br>per gli amanti della natura e dell&#8217;escursionismo, dove la quiete e <br>la bellezza selvaggia ti abbracciano.\t\t\t\t\t\t<\/div>\r\n\r\n\t\t\t\t\t<\/div>\r\n\t\t\t\t\t\t\t<\/div>\r\n\r\n\t\t\r\n\t\t\t\t\t\r\n\t\t\t<\/div>\r\n\r\n\t\t\r\n\t<\/div>\r\n\r\n\t\t\t\t\t\t<\/div>\n\t\t\t\t<\/div>\n\t\t\t\t\t<\/div>\n\t\t<\/div>\n\t\t\t\t\t<\/div>\n\t\t<\/section>\n\t\t\t\t<\/div>\n\t\t","protected":false},"excerpt":{"rendered":"<p>ATTRAZIONI TURISTICHE Una zona di montagna offre una variet\u00e0 di attrazioni turistiche per tutti i gusti. In queste zone, i turisti possono godere di panorami spettacolari, aria fresca e pulita, oltre a una serie di attivit\u00e0 all&#8217;aperto. Das Museum f\u00fcr Holzkunst Das Museum f\u00fcr Holzkunst Tinovul Mare Poiana Stampei Tinovul Mare Poiana Stampei Die Schluchten [&hellip;]<\/p>\n","protected":false},"author":1,"featured_media":0,"parent":0,"menu_order":0,"comment_status":"closed","ping_status":"closed","template":"elementor_header_footer","meta":{"footnotes":""},"class_list":["post-6459","page","type-page","status-publish","hentry"],"_links":{"self":[{"href":"https:\/\/constantinbucovina.ro\/it\/wp-json\/wp\/v2\/pages\/6459","targetHints":{"allow":["GET"]}}],"collection":[{"href":"https:\/\/constantinbucovina.ro\/it\/wp-json\/wp\/v2\/pages"}],"about":[{"href":"https:\/\/constantinbucovina.ro\/it\/wp-json\/wp\/v2\/types\/page"}],"author":[{"embeddable":true,"href":"https:\/\/constantinbucovina.ro\/it\/wp-json\/wp\/v2\/users\/1"}],"replies":[{"embeddable":true,"href":"https:\/\/constantinbucovina.ro\/it\/wp-json\/wp\/v2\/comments?post=6459"}],"version-history":[{"count":2,"href":"https:\/\/constantinbucovina.ro\/it\/wp-json\/wp\/v2\/pages\/6459\/revisions"}],"predecessor-version":[{"id":6579,"href":"https:\/\/constantinbucovina.ro\/it\/wp-json\/wp\/v2\/pages\/6459\/revisions\/6579"}],"wp:attachment":[{"href":"https:\/\/constantinbucovina.ro\/it\/wp-json\/wp\/v2\/media?parent=6459"}],"curies":[{"name":"wp","href":"https:\/\/api.w.org\/{rel}","templated":true}]}}